{"id":1941,"date":"2022-01-09T00:55:40","date_gmt":"2022-01-09T00:55:40","guid":{"rendered":"https:\/\/domvicoso.mg.gov.br\/v1\/?page_id=1941"},"modified":"2022-01-09T00:55:40","modified_gmt":"2022-01-09T00:55:40","slug":"licitacoes-e-contratos-2020","status":"publish","type":"page","link":"https:\/\/domvicoso.mg.gov.br\/v1\/licitacoes-e-contratos-2020\/","title":{"rendered":"Licita\u00e7\u00f5es e Contratos \u2013 2020"},"content":{"rendered":"\n<table id=\"tablepress-8\" class=\"tablepress tablepress-id-8\">\n<thead>\n<tr class=\"row-1 odd\">\n\t<th class=\"column-1\">PROCESSO<\/th><th class=\"column-2\">MODALIDADE<\/th><th class=\"column-3\">OBJETO<\/th><th class=\"column-4\">EDITAL<\/th><th class=\"column-5\">ABERTURA<\/th><th class=\"column-6\">VALOR ESTIMADO<\/th><th class=\"column-7\">RESULTADO<\/th><th class=\"column-8\">HOMOLOGA\u00c7\u00c3O<\/th><th class=\"column-9\">CONTRATO \/ ARP<\/th>\n<\/tr>\n<\/thead>\n<tbody class=\"row-hover\">\n<tr class=\"row-2 even\">\n\t<td class=\"column-1\"><\/td><td class=\"column-2\"><\/td><td class=\"column-3\"><\/td><td class=\"column-4\"><\/td><td class=\"column-5\"><\/td><td class=\"column-6\"><\/td><td class=\"column-7\"><\/td><td class=\"column-8\"><\/td><td class=\"column-9\"><\/td>\n<\/tr>\n<tr class=\"row-3 odd\">\n\t<td class=\"column-1\">001\/2020<\/td><td class=\"column-2\">Dispensa 001<\/td><td class=\"column-3\">Aquisi\u00e7\u00e3o de G\u00eaneros Aliment\u00edcios da Agricultura Familiar e do Empreendedor Familiar Rural, para o atendimento ao Programa Nacional de Alimenta\u00e7\u00e3o Escolar - PNAE.<\/td><td class=\"column-4\"><a href=\"http:\/\/domvicoso.mg.gov.br\/wp-content\/uploads\/2020\/01\/7-Edital.pdf\" rel=\"noopener\" target=\"_blank\">Edital Chamada P\u00fablica 001<\/a><\/td><td class=\"column-5\">28\/01\/2020 \u00e0s 09:00 horas<\/td><td class=\"column-6\">R$24.121,30<\/td><td class=\"column-7\"><a href=\"http:\/\/domvicoso.mg.gov.br\/wp-content\/uploads\/2020\/01\/12-Publica\u00e7\u00e3o-da-Sele\u00e7\u00e3o.pdf\" rel=\"noopener\" target=\"_blank\">Resultado<\/a><\/td><td class=\"column-8\"><a href=\"http:\/\/domvicoso.mg.gov.br\/wp-content\/uploads\/2020\/02\/13-Termo-de-Ratifica\u00e7\u00e3o.pdf\" rel=\"noopener\" target=\"_blank\">Termo Ratifica\u00e7\u00e3o<\/a><\/td><td class=\"column-9\"><a href=\"http:\/\/domvicoso.mg.gov.br\/wp-content\/uploads\/2020\/02\/Contrato-012-2020-Carlinho.pdf\" rel=\"noopener\" target=\"_blank\">Contrato 013 - Carlos Jos\u00e9<\/a><br><a href=\"http:\/\/domvicoso.mg.gov.br\/wp-content\/uploads\/2020\/02\/Contrato-013-2020-Neuza.pdf\" rel=\"noopener\" target=\"_blank\">Contrato 013 - Neuza<\/a><\/td>\n<\/tr>\n<tr class=\"row-4 even\">\n\t<td class=\"column-1\">002\/2020<\/td><td class=\"column-2\">Dispensa 002<\/td><td class=\"column-3\">Contrata\u00e7\u00e3o de empresa especializada para presta\u00e7\u00e3o de servi\u00e7os de publica\u00e7\u00e3o de atos oficiais e institucional da Administra\u00e7\u00e3o Municipal, em jornal di\u00e1rio impresso de circula\u00e7\u00e3o regional.<\/td><td class=\"column-4\">                -<\/td><td class=\"column-5\">               -<\/td><td class=\"column-6\">R$13.200,00<\/td><td class=\"column-7\">                -<\/td><td class=\"column-8\"><a href=\"http:\/\/domvicoso.mg.gov.br\/wp-content\/uploads\/2020\/01\/5-Termo-de-Ratifica\u00e7\u00e3o.pdf\" rel=\"noopener\" target=\"_blank\">Termo de Ratifica\u00e7\u00e3o<\/a><\/td><td class=\"column-9\"><a href=\"http:\/\/domvicoso.mg.gov.br\/wp-content\/uploads\/2020\/01\/6-Contrato-001-2020-1.pdf\" rel=\"noopener\" target=\"_blank\">Contrato 001 - Jornal Panorama<\/a><\/td>\n<\/tr>\n<tr class=\"row-5 odd\">\n\t<td class=\"column-1\">003\/2020<\/td><td class=\"column-2\">Dispensa 003<\/td><td class=\"column-3\">Contrata\u00e7\u00e3o com Empresa para coleta, transporte, tratamento t\u00e9rmico atrav\u00e9s de incinera\u00e7\u00e3o e destina\u00e7\u00e3o final dos res\u00edduos s\u00f3lidos dos Servi\u00e7os de Sa\u00fade do Munic\u00edpio.<\/td><td class=\"column-4\">              -<\/td><td class=\"column-5\">               -<\/td><td class=\"column-6\">R$6.300,0<\/td><td class=\"column-7\">                 -<\/td><td class=\"column-8\"><a href=\"http:\/\/domvicoso.mg.gov.br\/wp-content\/uploads\/2020\/01\/TR-L.-Hospitalar.pdf\" rel=\"noopener\" target=\"_blank\">Termo de Ratifica\u00e7\u00e3o<\/a><\/td><td class=\"column-9\"><a href=\"http:\/\/domvicoso.mg.gov.br\/wp-content\/uploads\/2020\/01\/Contrato-002-L.-Hospitalar.pdf\" rel=\"noopener\" target=\"_blank\">Contrato 002 - Agit<\/a><\/td>\n<\/tr>\n<tr class=\"row-6 even\">\n\t<td class=\"column-1\">004\/2020<\/td><td class=\"column-2\">Dispensa 004<\/td><td class=\"column-3\">Loca\u00e7\u00e3o e manuten\u00e7\u00e3o de software para a emiss\u00e3o de nota fiscal eletr\u00f4nica.<\/td><td class=\"column-4\">                 -<\/td><td class=\"column-5\">              -<\/td><td class=\"column-6\">R$4.200,00<\/td><td class=\"column-7\">               -<\/td><td class=\"column-8\"><a href=\"http:\/\/domvicoso.mg.gov.br\/wp-content\/uploads\/2020\/01\/TR-NF-Eletronica.pdf\" rel=\"noopener\" target=\"_blank\">Termo de Ratifica\u00e7\u00e3o<\/a><\/td><td class=\"column-9\"><a href=\"http:\/\/domvicoso.mg.gov.br\/wp-content\/uploads\/2020\/01\/Contrato-003-Futurize.pdf\" rel=\"noopener\" target=\"_blank\">Contrato 003 - Futurize<\/a><\/td>\n<\/tr>\n<tr class=\"row-7 odd\">\n\t<td class=\"column-1\">005\/2020<\/td><td class=\"column-2\">Dispensa 005<\/td><td class=\"column-3\">Loca\u00e7\u00e3o do Sistema de PABX para o Pr\u00e9dio da Prefeitura Municipal.<\/td><td class=\"column-4\">              -<\/td><td class=\"column-5\">                 -<\/td><td class=\"column-6\">R$6.420,00<\/td><td class=\"column-7\">                  -<\/td><td class=\"column-8\"><a href=\"http:\/\/domvicoso.mg.gov.br\/wp-content\/uploads\/2020\/01\/TR-PABX.pdf\" rel=\"noopener\" target=\"_blank\">Termo de Ratifica\u00e7\u00e3o<\/a><\/td><td class=\"column-9\"><a href=\"http:\/\/domvicoso.mg.gov.br\/wp-content\/uploads\/2020\/01\/6-Contrato-004-2020.pdf\" rel=\"noopener\" target=\"_blank\">Contrato 004 - Primtel<\/a><\/td>\n<\/tr>\n<tr class=\"row-8 even\">\n\t<td class=\"column-1\">006\/2020<\/td><td class=\"column-2\">Dispensa 006<\/td><td class=\"column-3\">Manuten\u00e7\u00e3o preventiva e corretiva de computadores.<\/td><td class=\"column-4\">              -<\/td><td class=\"column-5\">               -<\/td><td class=\"column-6\">R$9.000,00<\/td><td class=\"column-7\">                -<\/td><td class=\"column-8\"><a href=\"http:\/\/domvicoso.mg.gov.br\/wp-content\/uploads\/2020\/01\/5-Termo-de-Ratifica\u00e7\u00e3o-3.pdf\" rel=\"noopener\" target=\"_blank\">Termo de Ratifica\u00e7\u00e3o<\/a><\/td><td class=\"column-9\"><a href=\"http:\/\/domvicoso.mg.gov.br\/wp-content\/uploads\/2020\/01\/6-Contrato-005-2020.pdf\" rel=\"noopener\" target=\"_blank\">Contrato 005 - Jonatan<\/a><\/td>\n<\/tr>\n<tr class=\"row-9 odd\">\n\t<td class=\"column-1\">007\/2020<\/td><td class=\"column-2\">Dispensa 007<\/td><td class=\"column-3\">Presta\u00e7\u00e3o dos servi\u00e7os de coleta, carga, armazenamento, tratamento e processamento de dados para controle preventivo dos indicadores de planejamento, execu\u00e7\u00e3o e resultados da gest\u00e3o p\u00fablica a fim de atender as necessidades da Prefeitura Municipal.<\/td><td class=\"column-4\">                      -<\/td><td class=\"column-5\">               -<\/td><td class=\"column-6\">R$16.800,00<\/td><td class=\"column-7\">               -<\/td><td class=\"column-8\"><a href=\"http:\/\/domvicoso.mg.gov.br\/wp-content\/uploads\/2020\/01\/7-Termo-de-Ratifica\u00e7\u00e3o.pdf\" rel=\"noopener\" target=\"_blank\">Termo de Ratifica\u00e7\u00e3o<\/a><\/td><td class=\"column-9\"><a href=\"http:\/\/domvicoso.mg.gov.br\/wp-content\/uploads\/2020\/01\/6-Contrato-006-Conect-BR.pdf\" rel=\"noopener\" target=\"_blank\">Contrato 006 - Conect br<\/a><\/td>\n<\/tr>\n<tr class=\"row-10 even\">\n\t<td class=\"column-1\">008\/2020<\/td><td class=\"column-2\">Preg\u00e3o Presencial 001<\/td><td class=\"column-3\">Contrata\u00e7\u00e3o de empresa para o Transporte Escolar <br \/>\npara o ano letivo de 2020.<\/td><td class=\"column-4\"><a href=\"http:\/\/domvicoso.mg.gov.br\/wp-content\/uploads\/2020\/01\/6-Edital.pdf\" rel=\"noopener\" target=\"_blank\">Edital<\/a><\/td><td class=\"column-5\">23\/01\/2020 \u00e0s 13:00 horas<\/td><td class=\"column-6\">R$251.630,00<\/td><td class=\"column-7\"><a href=\"http:\/\/domvicoso.mg.gov.br\/wp-content\/uploads\/2020\/02\/12-VENCEDORES.pdf\" rel=\"noopener\" target=\"_blank\">Vencedores<\/a><\/td><td class=\"column-8\"><a href=\"http:\/\/domvicoso.mg.gov.br\/wp-content\/uploads\/2020\/02\/9-Termo-de-Adjudica\u00e7\u00e3o.pdf\" rel=\"noopener\" target=\"_blank\">Adjudica\u00e7\u00e3o<\/a><br><a href=\"http:\/\/domvicoso.mg.gov.br\/wp-content\/uploads\/2020\/02\/10-Termo-de-Homologa\u00e7\u00e3o.pdf\" rel=\"noopener\" target=\"_blank\">Homologa\u00e7\u00e3o<\/a><\/td><td class=\"column-9\"><a href=\"http:\/\/domvicoso.mg.gov.br\/wp-content\/uploads\/2020\/02\/Todos-contratos-014-A-019.pdf\" rel=\"noopener\" target=\"_blank\">Contratos n\u00ba 014 ao n\u00ba 019<\/a><\/td>\n<\/tr>\n<tr class=\"row-11 odd\">\n\t<td class=\"column-1\">009\/2020<\/td><td class=\"column-2\">Dispensa 008<\/td><td class=\"column-3\">Loca\u00e7\u00e3o com Suporte e Manuten\u00e7\u00e3o do Sistema de Gest\u00e3o Comercial para o DMAE-DV.<\/td><td class=\"column-4\">                 -<\/td><td class=\"column-5\">                -<\/td><td class=\"column-6\">R$14.400,00<\/td><td class=\"column-7\"> <br \/>\n                -<\/td><td class=\"column-8\"><a href=\"http:\/\/domvicoso.mg.gov.br\/wp-content\/uploads\/2020\/01\/5-Termo-de-Ratifica\u00e7\u00e3o-6.pdf\" rel=\"noopener\" target=\"_blank\">Termo de Ratifica\u00e7\u00e3o<\/a><\/td><td class=\"column-9\"><a href=\"http:\/\/domvicoso.mg.gov.br\/wp-content\/uploads\/2020\/01\/6-Contrato-007-2020.pdf\" rel=\"noopener\" target=\"_blank\">Contrato 007 - Gestcom<\/a><\/td>\n<\/tr>\n<tr class=\"row-12 even\">\n\t<td class=\"column-1\">010\/2020<\/td><td class=\"column-2\">Dispensa 009<\/td><td class=\"column-3\">Loca\u00e7\u00e3o de Sistema de Alarme Monitorado 24 Horas nas Escolas Municipais.<\/td><td class=\"column-4\">                -<\/td><td class=\"column-5\">              -<\/td><td class=\"column-6\">R$ 3.960,00<\/td><td class=\"column-7\">                   -<\/td><td class=\"column-8\"><a href=\"http:\/\/domvicoso.mg.gov.br\/wp-content\/uploads\/2020\/01\/5-Termo-de-Ratifica\u00e7\u00e3o-7.pdf\" rel=\"noopener\" target=\"_blank\">Termo de Ratifica\u00e7\u00e3o<\/a><\/td><td class=\"column-9\"><a href=\"http:\/\/domvicoso.mg.gov.br\/wp-content\/uploads\/2020\/01\/6-Contrato-008-2020.pdf\" rel=\"noopener\" target=\"_blank\">Contrato 008 - Vigilarme<\/a><\/td>\n<\/tr>\n<tr class=\"row-13 odd\">\n\t<td class=\"column-1\">011\/2020<\/td><td class=\"column-2\">Dispensa 010<\/td><td class=\"column-3\">Contrata\u00e7\u00e3o de Empresa para presta\u00e7\u00e3o de servi\u00e7os de consultoria e assessoria para a participa\u00e7\u00e3o do Munic\u00edpio no repasse de ICMS Cultural.<\/td><td class=\"column-4\">             -<\/td><td class=\"column-5\">               -<\/td><td class=\"column-6\">R$7.800,00<\/td><td class=\"column-7\">                  -<\/td><td class=\"column-8\"><a href=\"http:\/\/domvicoso.mg.gov.br\/wp-content\/uploads\/2020\/01\/5-Termo-de-Ratifica\u00e7\u00e3o-8.pdf\" rel=\"noopener\" target=\"_blank\">Termo de Ratifica\u00e7\u00e3o<\/a><\/td><td class=\"column-9\"><a href=\"http:\/\/domvicoso.mg.gov.br\/wp-content\/uploads\/2020\/01\/6-Contrato-009-RCD-RAMOS.pdf\" rel=\"noopener\" target=\"_blank\">Contrato 009 - RCD Ramos<\/a><\/td>\n<\/tr>\n<tr class=\"row-14 even\">\n\t<td class=\"column-1\">012\/2020<\/td><td class=\"column-2\">Inexigibilidade 001<\/td><td class=\"column-3\">contrata\u00e7\u00e3o da empresa Chapadex Produ\u00e7\u00f5es Art\u00edsticas Ltda. EPP, para apresenta\u00e7\u00e3o de show art\u00edstico da DUPLA FIDUMA &amp; JECA no V RODEIO FESTIVAL DE DOM VI\u00c7OSO, no dia 25 de Setembro de 2020.<\/td><td class=\"column-4\">             -<\/td><td class=\"column-5\">              -<\/td><td class=\"column-6\">R$60.000,00<\/td><td class=\"column-7\">               -<\/td><td class=\"column-8\"><a href=\"http:\/\/domvicoso.mg.gov.br\/wp-content\/uploads\/2020\/02\/6-Termo-de-Ratifica\u00e7\u00e3o.pdf\" rel=\"noopener\" target=\"_blank\">Termo de Ratifica\u00e7\u00e3o<\/a><\/td><td class=\"column-9\"><a href=\"http:\/\/domvicoso.mg.gov.br\/wp-content\/uploads\/2020\/02\/Contrato-n\u00ba-010-CHAPADEX.pdf\" rel=\"noopener\" target=\"_blank\">Contrato 010 - Chapadex<\/a><\/td>\n<\/tr>\n<tr class=\"row-15 odd\">\n\t<td class=\"column-1\">013\/2020<\/td><td class=\"column-2\">Dispensa 011<\/td><td class=\"column-3\">Contrata\u00e7\u00e3o de Empresa para presta\u00e7\u00e3o de servi\u00e7os t\u00e9cnicos para atuar na fomenta\u00e7\u00e3o da agricultura do Munic\u00edpio de Dom Vi\u00e7oso.<\/td><td class=\"column-4\">              -<\/td><td class=\"column-5\">                -<\/td><td class=\"column-6\">R$17.100,00<\/td><td class=\"column-7\">                -<\/td><td class=\"column-8\"><a href=\"http:\/\/domvicoso.mg.gov.br\/wp-content\/uploads\/2020\/02\/5-Termo-de-Ratifica\u00e7\u00e3o.pdf\" rel=\"noopener\" target=\"_blank\">Termo de Ratrifica\u00e7\u00e3o<\/a><\/td><td class=\"column-9\"><a href=\"http:\/\/domvicoso.mg.gov.br\/wp-content\/uploads\/2020\/02\/6-Contrato-011-2020.pdf\" rel=\"noopener\" target=\"_blank\">Contrato 011 - Marcia<\/a><\/td>\n<\/tr>\n<tr class=\"row-16 even\">\n\t<td class=\"column-1\">014\/2020<\/td><td class=\"column-2\">Tomada de Pre\u00e7os 001<\/td><td class=\"column-3\">Contrata\u00e7\u00e3o de empresa para obras de execu\u00e7\u00e3o de cal\u00e7amento na via de acesso do Bairro da Lavra, conforme Conv\u00eanio de Sa\u00edda n\u00ba 1491001858\/2019, por interm\u00e9dio da SEGOV\/PADEM.<\/td><td class=\"column-4\"><a href=\"http:\/\/domvicoso.mg.gov.br\/wp-content\/uploads\/2020\/02\/4-EDITAL-PAVIMENTA\u00c7\u00c3O-LAVRA.pdf\" rel=\"noopener\" target=\"_blank\">Edital<\/a><\/td><td class=\"column-5\">20\/02\/2020 \u00e0s 13:00 horas<\/td><td class=\"column-6\">R$64.841,04<\/td><td class=\"column-7\"><a href=\"http:\/\/domvicoso.mg.gov.br\/wp-content\/uploads\/2020\/02\/ATA-DE-HABILITA\u00c7\u00c3O-e-PROPOSTA.pdf\" rel=\"noopener\" target=\"_blank\">Ata da Sess\u00e3o de habilita\u00e7\u00e3o e proposta<\/a><br><a href=\"http:\/\/domvicoso.mg.gov.br\/wp-content\/uploads\/2020\/02\/Vencedor.pdf\" rel=\"noopener\" target=\"_blank\">VENCEDOR<\/a><\/td><td class=\"column-8\"><a href=\"http:\/\/domvicoso.mg.gov.br\/wp-content\/uploads\/2020\/03\/19-Termo-de-Adjudica\u00e7\u00e3o.pdf\" rel=\"noopener\" target=\"_blank\">Adjudica\u00e7\u00e3o<\/a><br><a href=\"http:\/\/domvicoso.mg.gov.br\/wp-content\/uploads\/2020\/03\/18-Termo-de-Homologa\u00e7\u00e3o.pdf\" rel=\"noopener\" target=\"_blank\">Homologa\u00e7\u00e3o<\/a><\/td><td class=\"column-9\"><a href=\"http:\/\/domvicoso.mg.gov.br\/wp-content\/uploads\/2020\/03\/CONTRATO-N\u00ba-023-2020.pdf\" rel=\"noopener\" target=\"_blank\">Contrato 023 - Alpha<\/a><\/td>\n<\/tr>\n<tr class=\"row-17 odd\">\n\t<td class=\"column-1\">015\/2020<\/td><td class=\"column-2\">Preg\u00e3o Presencial 002<\/td><td class=\"column-3\">Registro de Pre\u00e7os para aquisi\u00e7\u00e3o de combust\u00edveis (Diesel S-10, Etanol e Gasolina) para abastecimento dos ve\u00edculos da frota municipal e conveniados.<\/td><td class=\"column-4\"><a href=\"http:\/\/domvicoso.mg.gov.br\/wp-content\/uploads\/2020\/02\/5-Edital.pdf\" rel=\"noopener\" target=\"_blank\">Edital<\/a><\/td><td class=\"column-5\">27\/02\/2020 \u00e0s 13:00 horas<\/td><td class=\"column-6\">R$580.100,00<\/td><td class=\"column-7\"><a href=\"http:\/\/domvicoso.mg.gov.br\/wp-content\/uploads\/2020\/02\/VENCEDOR.pdf\" rel=\"noopener\" target=\"_blank\">Vencedor<\/a><\/td><td class=\"column-8\"><a href=\"http:\/\/domvicoso.mg.gov.br\/wp-content\/uploads\/2020\/02\/12-Termo-de-Adjudica\u00e7\u00e3o-e-Homologa\u00e7\u00e3o.pdf\" rel=\"noopener\" target=\"_blank\">Termo de Adjudica\u00e7\u00e3o e Homologa\u00e7\u00e3o<\/a><\/td><td class=\"column-9\"><a href=\"http:\/\/domvicoso.mg.gov.br\/wp-content\/uploads\/2020\/03\/ARP-001-Auto-Posto-D.-Vi\u00e7oso.pdf\" rel=\"noopener\" target=\"_blank\">ARP 001 - Auto Posto D. Vi\u00e7oso<\/a><\/td>\n<\/tr>\n<tr class=\"row-18 even\">\n\t<td class=\"column-1\">016\/2020<\/td><td class=\"column-2\">Dispensa 012<\/td><td class=\"column-3\">Contrata\u00e7\u00e3o de empresa para os servi\u00e7os de Revis\u00e3o do Plano Municipal de Turismo.<\/td><td class=\"column-4\">            -<\/td><td class=\"column-5\">             -<\/td><td class=\"column-6\">R$ 17.500,00<\/td><td class=\"column-7\">             -<\/td><td class=\"column-8\"><a href=\"http:\/\/domvicoso.mg.gov.br\/wp-content\/uploads\/2020\/02\/5-Termo-de-Ratifica\u00e7\u00e3o-1.pdf\" rel=\"noopener\" target=\"_blank\">Termo de Ratifica\u00e7\u00e3o<\/a><\/td><td class=\"column-9\"><a href=\"http:\/\/domvicoso.mg.gov.br\/wp-content\/uploads\/2020\/02\/6-Contrato-020.pdf\" rel=\"noopener\" target=\"_blank\">Contrato 020 - ASTE<\/a><\/td>\n<\/tr>\n<tr class=\"row-19 odd\">\n\t<td class=\"column-1\">017\/2020<\/td><td class=\"column-2\">Inexigibilidade 002<\/td><td class=\"column-3\">Contrata\u00e7\u00e3o da empresa AGENCIA CENTRAL DE SHOWS EIRELI para apresenta\u00e7\u00e3o de um show art\u00edstico da dupla GIAN &amp; GIOVANI no V RODEIO FESTIVAL DE DOM VI\u00c7OSO, no dia 26 de Setembro de 2020. <\/td><td class=\"column-4\">             <br \/>\n              -<\/td><td class=\"column-5\">                -<\/td><td class=\"column-6\">R$ 63.000,00<\/td><td class=\"column-7\">               -<\/td><td class=\"column-8\"><a href=\"http:\/\/domvicoso.mg.gov.br\/wp-content\/uploads\/2020\/02\/8-Termo-de-Ratifica\u00e7\u00e3o.pdf\" rel=\"noopener\" target=\"_blank\">Termo de Ratifica\u00e7\u00e3o<\/a><\/td><td class=\"column-9\"><a href=\"http:\/\/domvicoso.mg.gov.br\/wp-content\/uploads\/2020\/03\/Contrato-n\u00ba-021-AGENCIA-CENTRAL-GG.pdf\" rel=\"noopener\" target=\"_blank\">Contrato 021 - Ag. Central<\/a><\/td>\n<\/tr>\n<tr class=\"row-20 even\">\n\t<td class=\"column-1\">018\/2020<\/td><td class=\"column-2\">Dispensa 014<\/td><td class=\"column-3\">Contrata\u00e7\u00e3o  de empresa para presta\u00e7\u00e3o de servi\u00e7os de consultoria e assessoria para \u00e1rea tribut\u00e1ria com a finalidade de apura\u00e7\u00e3o do ISSQN devidos e que n\u00e3o foram recolhidos do PA (Posto de Atendimento) do Banco Bradesco S.A.<\/td><td class=\"column-4\">                -<\/td><td class=\"column-5\">                 -<\/td><td class=\"column-6\">R$ 17.000,00<\/td><td class=\"column-7\">               -<\/td><td class=\"column-8\"><a href=\"http:\/\/domvicoso.mg.gov.br\/wp-content\/uploads\/2020\/02\/5-Termo-de-Ratifica\u00e7\u00e3o-2.pdf\" rel=\"noopener\" target=\"_blank\">Termo de Ratifica\u00e7\u00e3o<\/a><\/td><td class=\"column-9\"><a href=\"http:\/\/domvicoso.mg.gov.br\/wp-content\/uploads\/2020\/02\/6-Contrato-022.pdf\" rel=\"noopener\" target=\"_blank\">Contrato 022 - Marcelo Cruzeiro<\/a><\/td>\n<\/tr>\n<tr class=\"row-21 odd\">\n\t<td class=\"column-1\">019\/2020<\/td><td class=\"column-2\">Preg\u00e3o Eletr\u00f4nico 001<\/td><td class=\"column-3\">Aquisi\u00e7\u00e3o de 01 (um) ve\u00edculo Utilit\u00e1rio Caminhonete Tipo Pick Up, zero quil\u00f4metro, Capacidade M\u00ednima 2 Lugares, M\u00ednimo 2 portas, M\u00ednimo 1.4, conforme Conv\u00eanio de Sa\u00edda n\u00ba1491001575\/2019, firmado com o Estado, por interm\u00e9dio da SEGOV\/PADEM<\/td><td class=\"column-4\"><a href=\"http:\/\/domvicoso.mg.gov.br\/wp-content\/uploads\/2020\/02\/NOVO-EDITAL.pdf\" rel=\"noopener\" target=\"_blank\">Edital<\/a><\/td><td class=\"column-5\">09\/03\/2020 \u00e0s 10:00 horas<\/td><td class=\"column-6\">R$ 60.213,33<\/td><td class=\"column-7\"><a href=\"http:\/\/domvicoso.mg.gov.br\/wp-content\/uploads\/2020\/03\/Vencedor.pdf\" rel=\"noopener\" target=\"_blank\">Vencedor<\/a><\/td><td class=\"column-8\"><a href=\"http:\/\/domvicoso.mg.gov.br\/wp-content\/uploads\/2020\/03\/7-Termo-de-Adjudica\u00e7\u00e3o.pdf\" rel=\"noopener\" target=\"_blank\">Adjudica\u00e7\u00e3o<\/a><br><a href=\"http:\/\/domvicoso.mg.gov.br\/wp-content\/uploads\/2020\/03\/8-Termo-de-Homologa\u00e7\u00e3o.pdf\" rel=\"noopener\" target=\"_blank\">Homologa\u00e7\u00e3o<\/a><\/td><td class=\"column-9\"><a href=\"http:\/\/domvicoso.mg.gov.br\/wp-content\/uploads\/2020\/03\/Contrato-Administrativo-028-2020.pdf\" rel=\"noopener\" target=\"_blank\">Contrato 028-APEC<\/a><\/td>\n<\/tr>\n<tr class=\"row-22 even\">\n\t<td class=\"column-1\">020\/2020<\/td><td class=\"column-2\">Preg\u00e3o Presencial 003<\/td><td class=\"column-3\">Contrata\u00e7\u00e3o de Orientador Social para a presta\u00e7\u00e3o de servi\u00e7os em Oficinas de Artesanato para atendimento ao Centro de Refer\u00eancia de Assist\u00eancia Social \u2013 CRAS.<\/td><td class=\"column-4\"><a href=\"http:\/\/domvicoso.mg.gov.br\/wp-content\/uploads\/2020\/02\/6-Edital.pdf\" rel=\"noopener\" target=\"_blank\">Edital<\/a><\/td><td class=\"column-5\">06\/03\/2020 \u00e0s 13:00 horas<\/td><td class=\"column-6\">R$30.495,00<\/td><td class=\"column-7\"><a href=\"http:\/\/domvicoso.mg.gov.br\/wp-content\/uploads\/2020\/03\/Ata-da-Sess\u00e3o.pdf\" rel=\"noopener\" target=\"_blank\">Ata da Sess\u00e3o<\/a><br><a href=\"http:\/\/domvicoso.mg.gov.br\/wp-content\/uploads\/2020\/03\/Vencedores.pdf\" rel=\"noopener\" target=\"_blank\">Vencedores<\/a><\/td><td class=\"column-8\"><a href=\"http:\/\/domvicoso.mg.gov.br\/wp-content\/uploads\/2020\/03\/8-Termo-de-Adjudica\u00e7\u00e3o.pdf\" rel=\"noopener\" target=\"_blank\">Adjudica\u00e7\u00e3o<\/a><br><a href=\"http:\/\/domvicoso.mg.gov.br\/wp-content\/uploads\/2020\/03\/9-Termo-de-Homologa\u00e7\u00e3o.pdf\" rel=\"noopener\" target=\"_blank\">Homologa\u00e7\u00e3o<\/a><\/td><td class=\"column-9\"><a href=\"http:\/\/domvicoso.mg.gov.br\/wp-content\/uploads\/2020\/03\/Contrato-025-2020-Yane.pdf\" rel=\"noopener\" target=\"_blank\">Contrato 025-Nathalia<\/a><br><a href=\"http:\/\/domvicoso.mg.gov.br\/wp-content\/uploads\/2020\/03\/Contrato-026-2020-Simone.pdf\" rel=\"noopener\" target=\"_blank\">Contrato 026-Simone<\/a><br><a href=\"http:\/\/domvicoso.mg.gov.br\/wp-content\/uploads\/2020\/03\/Contrato-027-2020-Tamiris.pdf\" rel=\"noopener\" target=\"_blank\">Contrato 027-Tamiris<\/a><\/td>\n<\/tr>\n<tr class=\"row-23 odd\">\n\t<td class=\"column-1\">021\/2020<\/td><td class=\"column-2\">Dispensa 015<\/td><td class=\"column-3\">Loca\u00e7\u00e3o de Sistema para presta\u00e7\u00e3o de servi\u00e7os de monitoramento, rastreamento e bloqueio Veicular, para 11 Ve\u00edculos da Prefeitura Municipal.<\/td><td class=\"column-4\">              -<\/td><td class=\"column-5\">               -<\/td><td class=\"column-6\">R$ 6.058,80<\/td><td class=\"column-7\">              -<\/td><td class=\"column-8\"><a href=\"http:\/\/domvicoso.mg.gov.br\/wp-content\/uploads\/2020\/03\/5-Termo-de-Ratifica\u00e7\u00e3o.pdf\" rel=\"noopener\" target=\"_blank\">Termo de Ratifica\u00e7\u00e3o<\/a><\/td><td class=\"column-9\"><a href=\"http:\/\/domvicoso.mg.gov.br\/wp-content\/uploads\/2020\/03\/6-Contrato-024-2020.pdf\" rel=\"noopener\" target=\"_blank\">Contrato 024-Conecta<\/a><\/td>\n<\/tr>\n<tr class=\"row-24 even\">\n\t<td class=\"column-1\">022\/2020<\/td><td class=\"column-2\">Preg\u00e3o Presencial 004<\/td><td class=\"column-3\">Registro de Pre\u00e7os de medicamentos de \u201cA\u201d a \u201cZ\u201d, atrav\u00e9s de maior percentual de desconto sobre a tabela CMED\/ANVISA.<\/td><td class=\"column-4\"><a href=\"http:\/\/domvicoso.mg.gov.br\/wp-content\/uploads\/2020\/03\/5-Edital.pdf\" rel=\"noopener\" target=\"_blank\">Edital<\/a><\/td><td class=\"column-5\">24\/03\/2020 \u00e0s 13:00 horas.<\/td><td class=\"column-6\">R$ 150.000,00<\/td><td class=\"column-7\"><a href=\"http:\/\/domvicoso.mg.gov.br\/wp-content\/uploads\/2020\/04\/9.1-Ata-da-Sess\u00e3o.pdf\" rel=\"noopener\" target=\"_blank\">Ata<\/a><br><br \/>\n<a href=\"http:\/\/domvicoso.mg.gov.br\/wp-content\/uploads\/2020\/04\/9.2-VENCEDOR.pdf\" rel=\"noopener\" target=\"_blank\">Vencedor<\/a><br \/>\n<br \/>\n<\/td><td class=\"column-8\"><a href=\"http:\/\/domvicoso.mg.gov.br\/wp-content\/uploads\/2020\/04\/10-Termo-de-Adjudica\u00e7\u00e3o.pdf\" rel=\"noopener\" target=\"_blank\">Adjudica\u00e7\u00e3o<\/a><br><br \/>\n<a href=\"http:\/\/domvicoso.mg.gov.br\/wp-content\/uploads\/2020\/04\/12-Termo-de-Homologa\u00e7\u00e3o.pdf\" rel=\"noopener\" target=\"_blank\">Homologa\u00e7\u00e3o<\/a><\/td><td class=\"column-9\"><a href=\"http:\/\/domvicoso.mg.gov.br\/wp-content\/uploads\/2020\/04\/14-ARP-002.pdf\" rel=\"noopener\" target=\"_blank\">Ata de Registro de Pre\u00e7o<\/a><\/td>\n<\/tr>\n<tr class=\"row-25 odd\">\n\t<td class=\"column-1\">023\/2020<\/td><td class=\"column-2\">Preg\u00e3o Eletr\u00f4nico 002<\/td><td class=\"column-3\">Aquisi\u00e7\u00e3o de equipamentos para 03 (tr\u00eas) parques infantis a serem instalados nos Bairros Centro, Bocaina e Serrinha, no Munic\u00edpio de Dom Vi\u00e7oso, na gest\u00e3o do Conv\u00eanio de n\u00b0 1480.01.0006586\/2019-58, firmado entre o Munic\u00edpio e a Secretaria de Estado de Desenvolvimento Social.<\/td><td class=\"column-4\"><a href=\"http:\/\/domvicoso.mg.gov.br\/wp-content\/uploads\/2020\/03\/6-EDITAL-DOS-PARQUINHOS.pdf\" rel=\"noopener\" target=\"_blank\">Edital<\/a><br><a href=\"http:\/\/domvicoso.mg.gov.br\/wp-content\/uploads\/2020\/03\/ATOS-DO-PREGOEIRO.pdf\" rel=\"noopener\" target=\"_blank\">Justificativa do adiamento<\/a><\/td><td class=\"column-5\">26\/03\/2020 \u00e0s 10:00 horas<br \/>\nAdiado para o dia 14\/04\/2020 \u00e0s 10:00 horas<\/td><td class=\"column-6\">R$ 42.957,73<\/td><td class=\"column-7\"><a href=\"http:\/\/domvicoso.mg.gov.br\/wp-content\/uploads\/2020\/04\/Vencedor.pdf\" rel=\"noopener\" target=\"_blank\">VENCEDOR<\/a><\/td><td class=\"column-8\"><a href=\"http:\/\/domvicoso.mg.gov.br\/wp-content\/uploads\/2020\/04\/7-Termo-de-Adjudica\u00e7\u00e3o.pdf\" rel=\"noopener\" target=\"_blank\">ADJUDICA\u00c7\u00c3O<\/a> <br> <a href=\"http:\/\/domvicoso.mg.gov.br\/wp-content\/uploads\/2020\/04\/8-Termo-de-Homologa\u00e7\u00e3o.pdf\" rel=\"noopener\" target=\"_blank\">HOMOLOGA\u00c7\u00c3O<\/a><\/td><td class=\"column-9\"><a href=\"http:\/\/domvicoso.mg.gov.br\/wp-content\/uploads\/2020\/04\/CONTRATO-N\u00ba-038.pdf\" rel=\"noopener\" target=\"_blank\">Contrato<\/a><\/td>\n<\/tr>\n<tr class=\"row-26 even\">\n\t<td class=\"column-1\">024\/2020<\/td><td class=\"column-2\">Inexigibilidade 003<\/td><td class=\"column-3\">CREDENCIAMENTO de Microempreendedores Individuais (MEI) para a presta\u00e7\u00e3o de servi\u00e7os de Pedreiro I e Pedreiro II para atender as demandas do Munic\u00edpio.<\/td><td class=\"column-4\"><a href=\"http:\/\/domvicoso.mg.gov.br\/wp-content\/uploads\/2020\/03\/5-Edital-1.pdf\" rel=\"noopener\" target=\"_blank\">Edital<\/a><\/td><td class=\"column-5\">27\/03\/2020 \u00e1s 13:00 horas<\/td><td class=\"column-6\">R$ 113.533,33<\/td><td class=\"column-7\"><a href=\"http:\/\/domvicoso.mg.gov.br\/wp-content\/uploads\/2020\/04\/10-Ata-de-habilita\u00e7\u00e3o.pdf\" rel=\"noopener\" target=\"_blank\">Ata<\/a><\/td><td class=\"column-8\"><a href=\"http:\/\/domvicoso.mg.gov.br\/wp-content\/uploads\/2020\/04\/13-Termo-de-Ratifica\u00e7\u00e3o.pdf\" rel=\"noopener\" target=\"_blank\">Ratifica\u00e7\u00e3o<\/a><\/td><td class=\"column-9\"><a href=\"http:\/\/domvicoso.mg.gov.br\/wp-content\/uploads\/2020\/04\/Todos-os-Contratos.pdf\" rel=\"noopener\" target=\"_blank\">Contratos<\/a><\/td>\n<\/tr>\n<tr class=\"row-27 odd\">\n\t<td class=\"column-1\">025\/2020<\/td><td class=\"column-2\">Dispensa 016<\/td><td class=\"column-3\">Contrata\u00e7\u00e3o de empresa para presta\u00e7\u00e3o de servi\u00e7os de postagem<\/td><td class=\"column-4\"><\/td><td class=\"column-5\"><\/td><td class=\"column-6\">R$ 6.000,00<\/td><td class=\"column-7\"><a href=\"http:\/\/domvicoso.mg.gov.br\/wp-content\/uploads\/2020\/04\/5-Termo-de-Ratifica\u00e7\u00e3o.pdf\" rel=\"noopener\" target=\"_blank\">Ratifica\u00e7\u00e3o<\/a><\/td><td class=\"column-8\"><\/td><td class=\"column-9\"><a href=\"http:\/\/domvicoso.mg.gov.br\/wp-content\/uploads\/2020\/04\/CONTRATO-N\u00b0029-2020.pdf\" rel=\"noopener\" target=\"_blank\">Contrato <\/a><\/td>\n<\/tr>\n<tr class=\"row-28 even\">\n\t<td class=\"column-1\">026\/2020<\/td><td class=\"column-2\">Preg\u00e3o Eletr\u00f4nico 003<\/td><td class=\"column-3\">Aquisi\u00e7\u00e3o de m\u00e1quinas e equipamentos novos para beneficiar caf\u00e9<\/td><td class=\"column-4\"><a href=\"http:\/\/domvicoso.mg.gov.br\/wp-content\/uploads\/2020\/04\/6-EDITAL-EQUIP-CAF\u00c9.pdf\" rel=\"noopener\" target=\"_blank\">Edital 026<\/a><\/td><td class=\"column-5\">23\/04\/2020 \u00e1s 10:00 horas<\/td><td class=\"column-6\">R$ 333.975,01<\/td><td class=\"column-7\"><a href=\"http:\/\/domvicoso.mg.gov.br\/wp-content\/uploads\/2020\/04\/Vencedor-1.pdf\" rel=\"noopener\" target=\"_blank\">Vencedor<\/a><\/td><td class=\"column-8\"><a href=\"http:\/\/domvicoso.mg.gov.br\/wp-content\/uploads\/2020\/04\/7-Termo-de-Adjudica\u00e7\u00e3o-1.pdf\" rel=\"noopener\" target=\"_blank\">Adjudica\u00e7\u00e3o<\/a><br><a href=\"http:\/\/domvicoso.mg.gov.br\/wp-content\/uploads\/2020\/04\/8-Termo-de-Homologa\u00e7\u00e3o-1.pdf\" rel=\"noopener\" target=\"_blank\">Homologa\u00e7\u00e3o<\/a><\/td><td class=\"column-9\"><a href=\"http:\/\/domvicoso.mg.gov.br\/wp-content\/uploads\/2020\/04\/CONTRATO-N\u00ba-039.pdf\" rel=\"noopener\" target=\"_blank\">Contrato 039 - Pamax<\/a><\/td>\n<\/tr>\n<tr class=\"row-29 odd\">\n\t<td class=\"column-1\">027\/2020<\/td><td class=\"column-2\">Preg\u00e3o Presencial 005\/2020<\/td><td class=\"column-3\">Registro de Pre\u00e7os de Pe\u00e7as Originais de Reposi\u00e7\u00e3o para Ve\u00edculos Leves, Pesados e Maquin\u00e1rios da Frota Municipal e Conveniados, atrav\u00e9s do Menor Pre\u00e7o por Lote, com crit\u00e9rio de julgamento de \u201cMAIOR PERCENTUAL DE DESCONTO SOBRE AS TABELAS DE PRE\u00c7OS\u201d.<\/td><td class=\"column-4\"><a href=\"http:\/\/domvicoso.mg.gov.br\/wp-content\/uploads\/2020\/04\/Atos-do-Pregoeiro-Suspens\u00e3o.pdf\" rel=\"noopener\" target=\"_blank\">ATOS DO PREGOEIRO - SUPENS\u00c3O<\/a><br><a href=\"http:\/\/domvicoso.mg.gov.br\/wp-content\/uploads\/2020\/04\/6-Edital-PE\u00c7AS-2020.pdf\" rel=\"noopener\" target=\"_blank\">Edital<\/a> <BR> <a href=\"http:\/\/domvicoso.mg.gov.br\/wp-content\/uploads\/2020\/05\/6.1.1-RETIFICA\u00c7\u00c3O-DO-EDITAL.pdf\" rel=\"noopener\" target=\"_blank\">RETIFICA\u00c7\u00c3O DO EDITAL<\/a><\/td><td class=\"column-5\">NOVA DATA: 18\/05\/2020 \u00e1s 13:00 horas<\/td><td class=\"column-6\">R$ 270.000,00<\/td><td class=\"column-7\"><a href=\"http:\/\/domvicoso.mg.gov.br\/wp-content\/uploads\/2020\/05\/Vencedores.pdf\" rel=\"noopener\" target=\"_blank\">Vencedores<\/a><br><a href=\"http:\/\/domvicoso.mg.gov.br\/wp-content\/uploads\/2020\/05\/Ata-da-sess\u00e3o.pdf\" rel=\"noopener\" target=\"_blank\">Ata da Sess\u00e3o - dia 18-05-2020<\/a><\/td><td class=\"column-8\"><a href=\"http:\/\/domvicoso.mg.gov.br\/wp-content\/uploads\/2020\/05\/9-Termo-de-Adjudica\u00e7\u00e3o.pdf\" rel=\"noopener\" target=\"_blank\">Adjudica\u00e7\u00e3o<\/a><br><a href=\"http:\/\/domvicoso.mg.gov.br\/wp-content\/uploads\/2020\/05\/10-Termo-de-Homologa\u00e7\u00e3o.pdf\" rel=\"noopener\" target=\"_blank\">Homologa\u00e7\u00e3o<\/a><\/td><td class=\"column-9\"><a href=\"http:\/\/domvicoso.mg.gov.br\/wp-content\/uploads\/2020\/06\/ARP-003-Todas-empresas.pdf\" rel=\"noopener\" target=\"_blank\">ARP 003 - Todas as empresas<\/a><\/td>\n<\/tr>\n<tr class=\"row-30 even\">\n\t<td class=\"column-1\">028\/2020<\/td><td class=\"column-2\">Preg\u00e3o Eletr\u00f4nico 004<\/td><td class=\"column-3\">Aquisi\u00e7\u00e3o de 01 Selecionadora Eletr\u00f4nica Full Collor Nova, para Caf\u00e9.<\/td><td class=\"column-4\"><a href=\"http:\/\/domvicoso.mg.gov.br\/wp-content\/uploads\/2020\/04\/6-EDITAL-SELECIONADORA-ELETRONICA-1.pdf\" rel=\"noopener\" target=\"_blank\">Edital<\/a><br><a href=\"http:\/\/domvicoso.mg.gov.br\/wp-content\/uploads\/2020\/06\/6.1-EDITAL-SELECIONADORA-ELETRONICA.pdf\" rel=\"noopener\" target=\"_blank\">Edital - 2\u00aa Chamada<\/a><\/td><td class=\"column-5\">06\/07\/2020 \u00e0s 10:00 horas.<\/td><td class=\"column-6\">R$ 226.000,00<\/td><td class=\"column-7\"><a href=\"http:\/\/domvicoso.mg.gov.br\/wp-content\/uploads\/2020\/07\/13-Vencedor.pdf\" rel=\"noopener\" target=\"_blank\">Vencedor<\/a><\/td><td class=\"column-8\"><a href=\"http:\/\/domvicoso.mg.gov.br\/wp-content\/uploads\/2020\/07\/8.1-Termo-de-Adjudica\u00e7\u00e3o-e-Homologa\u00e7\u00e3o.pdf\" rel=\"noopener\" target=\"_blank\">Termo de Adjudica\u00e7\u00e3o e Homologa\u00e7\u00e3o<\/a><\/td><td class=\"column-9\"><a href=\"http:\/\/domvicoso.mg.gov.br\/wp-content\/uploads\/2020\/07\/CONTRATO-N\u00ba-045-2020.pdf\" rel=\"noopener\" target=\"_blank\">Contrato 045 - Selgron<\/a><\/td>\n<\/tr>\n<tr class=\"row-31 odd\">\n\t<td class=\"column-1\">029\/2020<\/td><td class=\"column-2\">Dispensa 017<\/td><td class=\"column-3\">Contrata\u00e7\u00e3o de Empresa para presta\u00e7\u00e3o de servi\u00e7os na \u00e1rea de gest\u00e3o de frotas, contemplando a assessoria para compra de pe\u00e7as automotivas.<\/td><td class=\"column-4\">                   -<\/td><td class=\"column-5\">               -<br \/>\n<\/td><td class=\"column-6\">R$8.000,00<\/td><td class=\"column-7\">              -<\/td><td class=\"column-8\"><a href=\"http:\/\/domvicoso.mg.gov.br\/wp-content\/uploads\/2020\/05\/5-Termo-de-Ratifica\u00e7\u00e3o.pdf\" rel=\"noopener\" target=\"_blank\">Termo de Ratifica\u00e7\u00e3o<\/a><\/td><td class=\"column-9\"><a href=\"http:\/\/domvicoso.mg.gov.br\/wp-content\/uploads\/2020\/05\/6-Contrato-040-2020.pdf\" rel=\"noopener\" target=\"_blank\">Contrato 040 - Controlle Assessoria<\/a><\/td>\n<\/tr>\n<tr class=\"row-32 even\">\n\t<td class=\"column-1\">030\/2020<\/td><td class=\"column-2\">Preg\u00e3o Presencial 006<\/td><td class=\"column-3\">Registro de Pre\u00e7os para Aquisi\u00e7\u00e3o de Pneus e C\u00e2maras de ar para os ve\u00edculos e maquin\u00e1rios da Frota Municipal e conveniados.<\/td><td class=\"column-4\"><a href=\"http:\/\/domvicoso.mg.gov.br\/wp-content\/uploads\/2020\/05\/5-Edital.docx\" rel=\"noopener\" target=\"_blank\">Edital<\/a><\/td><td class=\"column-5\">21\/05\/2020 \u00e0s 13:00 horas<\/td><td class=\"column-6\">R$394.043,76<\/td><td class=\"column-7\">CANCELADO<br><a href=\"http:\/\/domvicoso.mg.gov.br\/wp-content\/uploads\/2020\/05\/ATOS-DO-PREGOEIRO.pdf\" rel=\"noopener\" target=\"_blank\">Termo de Cancelamento<\/a><\/td><td class=\"column-8\"><\/td><td class=\"column-9\"><\/td>\n<\/tr>\n<tr class=\"row-33 odd\">\n\t<td class=\"column-1\">031\/2020<\/td><td class=\"column-2\">Dispensa 018<\/td><td class=\"column-3\">Contrata\u00e7\u00e3o de leiloeiro <\/td><td class=\"column-4\">                  -<\/td><td class=\"column-5\">               -<\/td><td class=\"column-6\">SEM \u00d4NUS PARA O MUNIC\u00cdPIO<\/td><td class=\"column-7\">                   -<\/td><td class=\"column-8\"><a href=\"http:\/\/domvicoso.mg.gov.br\/wp-content\/uploads\/2020\/06\/5-Termo-de-Ratifica\u00e7\u00e3o.pdf\" rel=\"noopener\" target=\"_blank\">Termo de Ratifica\u00e7\u00e3o<\/a><\/td><td class=\"column-9\"><a href=\"http:\/\/domvicoso.mg.gov.br\/wp-content\/uploads\/2020\/06\/6-Contrato-041-2020.pdf\" rel=\"noopener\" target=\"_blank\">Contrato 041<\/a><\/td>\n<\/tr>\n<tr class=\"row-34 even\">\n\t<td class=\"column-1\">032\/2020<\/td><td class=\"column-2\">Preg\u00e3o Presencial 007<\/td><td class=\"column-3\">Registro de Pre\u00e7os para Aquisi\u00e7\u00e3o de Pneus e C\u00e2maras de ar para os ve\u00edculos e maquin\u00e1rios da Frota Municipal e conveniados.<\/td><td class=\"column-4\"><a href=\"http:\/\/domvicoso.mg.gov.br\/wp-content\/uploads\/2020\/06\/5-Edital.pdf\" rel=\"noopener\" target=\"_blank\">Edital<\/a><br><a href=\"http:\/\/domvicoso.mg.gov.br\/wp-content\/uploads\/2020\/06\/Instru\u00e7\u00f5es-da-Proposta-Digital.pdf\" rel=\"noopener\" target=\"_blank\">Instru\u00e7\u00e3o da Proposta digital<\/a><\/td><td class=\"column-5\">19\/06\/2020 \u00e0s 13:00 horas<\/td><td class=\"column-6\">R$394.043,76<\/td><td class=\"column-7\"><a href=\"http:\/\/domvicoso.mg.gov.br\/wp-content\/uploads\/2020\/06\/Vencedores.pdf\" rel=\"noopener\" target=\"_blank\">Vencedores<\/a><\/td><td class=\"column-8\"><a href=\"http:\/\/domvicoso.mg.gov.br\/wp-content\/uploads\/2020\/06\/20-Extratos-para-publicar.pdf\" rel=\"noopener\" target=\"_blank\">Termo de Adjudica\u00e7\u00e3o e Homologa\u00e7\u00e3o<\/a><\/td><td class=\"column-9\"><a href=\"http:\/\/domvicoso.mg.gov.br\/wp-content\/uploads\/2020\/06\/ATA-Todas.pdf\" rel=\"noopener\" target=\"_blank\">ARP 004 - Todas as empresas<\/a><\/td>\n<\/tr>\n<tr class=\"row-35 odd\">\n\t<td class=\"column-1\">033\/2020<\/td><td class=\"column-2\">Inexigibilidade 004<\/td><td class=\"column-3\">CREDENCIAMENTO de empresas do Munic\u00edpio e de pequeno produtor rural local para a aquisi\u00e7\u00e3o de produtos para composi\u00e7\u00e3o de cestas b\u00e1sicas para distribui\u00e7\u00e3o \u00e0s fam\u00edlias em situa\u00e7\u00e3o de vulnerabilidade econ\u00f4mica no munic\u00edpio, durante o per\u00edodo de estado de calamidade p\u00fablica, devido a pandemia do COVID-19, de acordo com o Decreto Municipal n\u00ba 403\/2020<\/td><td class=\"column-4\"><a href=\"http:\/\/domvicoso.mg.gov.br\/wp-content\/uploads\/2020\/06\/5-Edital-1.pdf\" rel=\"noopener\" target=\"_blank\">Edital<\/a><\/td><td class=\"column-5\">18\/06\/2020 \u00e0s 13:00 horas<\/td><td class=\"column-6\">R$ 104.430,00<\/td><td class=\"column-7\"><a href=\"http:\/\/domvicoso.mg.gov.br\/wp-content\/uploads\/2020\/06\/12-Publica\u00e7\u00e3o-da-Sele\u00e7\u00e3o.doc\" rel=\"noopener\" target=\"_blank\">Resultado<\/a><\/td><td class=\"column-8\"><a href=\"http:\/\/domvicoso.mg.gov.br\/wp-content\/uploads\/2020\/06\/11-Termo-de-Ratifica\u00e7\u00e3o.pdf\" rel=\"noopener\" target=\"_blank\">Termo de Ratifica\u00e7\u00e3o<\/a><\/td><td class=\"column-9\"><a href=\"http:\/\/domvicoso.mg.gov.br\/wp-content\/uploads\/2020\/06\/12-Contrato-n\u00ba-044-Lucilia.pdf\" rel=\"noopener\" target=\"_blank\">Contrato 044 - Lucilia<\/a><\/td>\n<\/tr>\n<tr class=\"row-36 even\">\n\t<td class=\"column-1\">034\/2020<\/td><td class=\"column-2\">Dispensa 019<\/td><td class=\"column-3\">Presta\u00e7\u00e3o de servi\u00e7os na cria\u00e7\u00e3o e manuten\u00e7\u00e3o de p\u00e1ginas em m\u00eddias sociais, como Facebook e Instagram com publica\u00e7\u00f5es necess\u00e1rias no atendimento ao Departamento de Turismo.<\/td><td class=\"column-4\"><\/td><td class=\"column-5\"><\/td><td class=\"column-6\">R$8.400,00<\/td><td class=\"column-7\"><\/td><td class=\"column-8\"><a href=\"http:\/\/domvicoso.mg.gov.br\/wp-content\/uploads\/2020\/06\/5-Termo-de-Ratifica\u00e7\u00e3o-1.pdf\" rel=\"noopener\" target=\"_blank\">Termo de Ratifica\u00e7\u00e3o<\/a><\/td><td class=\"column-9\"><a href=\"http:\/\/domvicoso.mg.gov.br\/wp-content\/uploads\/2020\/06\/6-Contrato-042-Adelson.pdf\" rel=\"noopener\" target=\"_blank\">Contrato 042 - Adelson<\/a><\/td>\n<\/tr>\n<tr class=\"row-37 odd\">\n\t<td class=\"column-1\">035\/2020<\/td><td class=\"column-2\">Convite 001<\/td><td class=\"column-3\">Contrata\u00e7\u00e3o de empresa para presta\u00e7\u00e3o de servi\u00e7os de engenharia civil atrav\u00e9s de um profissional da \u00e1rea.<\/td><td class=\"column-4\"><a href=\"http:\/\/domvicoso.mg.gov.br\/wp-content\/uploads\/2020\/06\/5-Edital-Convite.pdf\" rel=\"noopener\" target=\"_blank\">Edital<\/a><br><a href=\"http:\/\/domvicoso.mg.gov.br\/wp-content\/uploads\/2020\/07\/5-Edital-Convite-REPETI\u00c7\u00c3O.pdf\" rel=\"noopener\" target=\"_blank\">Edital - Repeti\u00e7\u00e3o<\/a><\/td><td class=\"column-5\">03\/07\/2020 \u00e0s 09:00 horas<br \/>\nRemarcado para 14\/07\/2020 \u00e0s 09:00 horas<\/td><td class=\"column-6\">R$23.680,32<\/td><td class=\"column-7\"><a href=\"http:\/\/domvicoso.mg.gov.br\/wp-content\/uploads\/2020\/07\/8.1-Ata-de-Proposta-de-Pre\u00e7os.pdf\" rel=\"noopener\" target=\"_blank\">Resultado<\/a><\/td><td class=\"column-8\"><a href=\"http:\/\/domvicoso.mg.gov.br\/wp-content\/uploads\/2020\/07\/10.1-Termo-de-Adjudica\u00e7\u00e3o-e-Homologa\u00e7\u00e3o.pdf\" rel=\"noopener\" target=\"_blank\">Termo de Adjudica\u00e7\u00e3o e Homologa\u00e7\u00e3o<\/a><\/td><td class=\"column-9\"><a href=\"http:\/\/domvicoso.mg.gov.br\/wp-content\/uploads\/2020\/07\/13-CONTRATO-047-Brigada-Mota.pdf\" rel=\"noopener\" target=\"_blank\">Contrato 047 - Brigada Mota<\/a><\/td>\n<\/tr>\n<tr class=\"row-38 even\">\n\t<td class=\"column-1\">036\/2020<\/td><td class=\"column-2\">Preg\u00e3o Presencial 008<\/td><td class=\"column-3\">Registro de Pre\u00e7os para futura e eventual aquisi\u00e7\u00e3o de areia e pedra brita para atender as necessidades da Administra\u00e7\u00e3o Municipal.<\/td><td class=\"column-4\"><a href=\"http:\/\/domvicoso.mg.gov.br\/wp-content\/uploads\/2020\/07\/5-Edital.pdf\" rel=\"noopener\" target=\"_blank\">Edital<\/a><\/td><td class=\"column-5\">16\/07\/2020 \u00e0s 13:00 horas<\/td><td class=\"column-6\">R$480.435,00<\/td><td class=\"column-7\"><a href=\"http:\/\/domvicoso.mg.gov.br\/wp-content\/uploads\/2020\/07\/Vencedor.pdf\" rel=\"noopener\" target=\"_blank\">Vencedores<\/a><\/td><td class=\"column-8\"><a href=\"http:\/\/domvicoso.mg.gov.br\/wp-content\/uploads\/2020\/07\/12.1-Adjudica\u00e7\u00e3o-e-Homologa\u00e7\u00e3o.pdf\" rel=\"noopener\" target=\"_blank\">Termo de Adjudica\u00e7\u00e3o e Homologa\u00e7\u00e3o<\/a><\/td><td class=\"column-9\"><a href=\"http:\/\/domvicoso.mg.gov.br\/wp-content\/uploads\/2020\/07\/15-ARP-005-2020-TODAS.pdf\" rel=\"noopener\" target=\"_blank\">ARP 005 - Todas as Empresas<\/a><\/td>\n<\/tr>\n<tr class=\"row-39 odd\">\n\t<td class=\"column-1\">037\/2020<\/td><td class=\"column-2\">Preg\u00e3o Presencial 009<\/td><td class=\"column-3\">Contrata\u00e7\u00e3o de empresa para presta\u00e7\u00e3o de servi\u00e7os de ro\u00e7adas, podas, limpeza, manuten\u00e7\u00e3o e conserva\u00e7\u00e3o de estradas rurais, pra\u00e7as, jardins e campo de futebol, com fornecimento de equipamentos e ferramentas.<\/td><td class=\"column-4\"><a href=\"http:\/\/domvicoso.mg.gov.br\/wp-content\/uploads\/2020\/07\/5-Edital-1.pdf\" rel=\"noopener\" target=\"_blank\">Edital<\/a><\/td><td class=\"column-5\">30\/07\/2020 \u00e0s 09:00 horas<\/td><td class=\"column-6\">R$19.800,00<\/td><td class=\"column-7\"><a href=\"http:\/\/domvicoso.mg.gov.br\/wp-content\/uploads\/2020\/07\/Vencedor-1.pdf\" rel=\"noopener\" target=\"_blank\">Vencedor<\/a><\/td><td class=\"column-8\"><a href=\"http:\/\/domvicoso.mg.gov.br\/wp-content\/uploads\/2020\/08\/11.1-Adjudica\u00e7\u00e3o-e-Homologa\u00e7\u00e3o.pdf\" rel=\"noopener\" target=\"_blank\">Termo de Adjudica\u00e7\u00e3o e Homologa\u00e7\u00e3o<\/a><\/td><td class=\"column-9\"><a href=\"https:\/\/domvicoso.mg.gov.br\/v1\/wp-content\/uploads\/2022\/05\/3o-Termo-Aditivo-2022-2.pdf\" rel=\"noopener\" target=\"_blank\">3\u00ba Termo Aditivo<\/a><br><a href=\"http:\/\/domvicoso.mg.gov.br\/wp-content\/uploads\/2020\/08\/Contrato-049-2020.pdf\" rel=\"noopener\" target=\"_blank\">Contrato 048 - Isaias<\/a><\/td>\n<\/tr>\n<tr class=\"row-40 even\">\n\t<td class=\"column-1\">038\/2020<\/td><td class=\"column-2\">Tomada de Pre\u00e7os 002<\/td><td class=\"column-3\">Contrata\u00e7\u00e3o de empresa para obras de pavimenta\u00e7\u00e3o em bloquetes sextavados de concreto de um trecho de 300m (trezentos metros) da Alameda A, no Bairro Ros\u00e1rio, conforme Emenda Parlamentar n\u00ba 202014070005, Nota de Empenho n\u00ba 801353\/OGU.<\/td><td class=\"column-4\"><a href=\"http:\/\/domvicoso.mg.gov.br\/wp-content\/uploads\/2020\/07\/4-EDITAL-PAVIMENTA\u00c7\u00c3O.pdf\" rel=\"noopener\" target=\"_blank\">Edital<\/a><\/td><td class=\"column-5\">CANCELADO<\/td><td class=\"column-6\"><\/td><td class=\"column-7\"><a href=\"http:\/\/domvicoso.mg.gov.br\/wp-content\/uploads\/2020\/08\/21-TERMO-DE-REVOGA\u00c7\u00c3O.pdf\" rel=\"noopener\" target=\"_blank\">Termo de Revoga\u00e7\u00e3o<\/a><\/td><td class=\"column-8\"><\/td><td class=\"column-9\"><\/td>\n<\/tr>\n<tr class=\"row-41 odd\">\n\t<td class=\"column-1\">039\/2020<\/td><td class=\"column-2\">Tomada de Pre\u00e7os 003<\/td><td class=\"column-3\">Contrata\u00e7\u00e3o de empresa para obras de execu\u00e7\u00e3o de 2.373,50 m\u00b2 de cal\u00e7amento em bloquete em trechos de vias rurais, conforme Conv\u00eanio de Sa\u00edda                                                                        n\u00ba 1491000950\/2020, firmado com a Secretaria de Estado de Governo de Minas Gerais \u2013 SEGOV.<\/td><td class=\"column-4\"><a href=\"http:\/\/domvicoso.mg.gov.br\/wp-content\/uploads\/2020\/08\/4-EDITAL-DE-LICITA\u00c7\u00c3O-9-RUAS.pdf\" rel=\"noopener\" target=\"_blank\">Edital<\/a><\/td><td class=\"column-5\">15\/09\/2020 \u00e0s 13:00 horas<\/td><td class=\"column-6\">R$ 228.119,03<\/td><td class=\"column-7\"><a href=\"http:\/\/domvicoso.mg.gov.br\/wp-content\/uploads\/2020\/09\/12.1-ATA-DE-HABILITA\u00c7\u00c3O-E-PROPOSTA.pdf\" rel=\"noopener\" target=\"_blank\">Atas da sess\u00e3o de habilita\u00e7\u00e3o e Proposta<\/a><\/td><td class=\"column-8\"><a href=\"http:\/\/domvicoso.mg.gov.br\/wp-content\/uploads\/2020\/09\/19.1-Termo-de-Homologa\u00e7\u00e3o-e-Adjudica\u00e7\u00e3o.pdf\" rel=\"noopener\" target=\"_blank\">Termo de Adjudica\u00e7\u00e3o e Homologa\u00e7\u00e3o<\/a><\/td><td class=\"column-9\"><a href=\"http:\/\/domvicoso.mg.gov.br\/wp-content\/uploads\/2020\/10\/CONTRATO-N\u00ba-049.pdf\" rel=\"noopener\" target=\"_blank\">Contrato 049 - Alpha<\/a><\/td>\n<\/tr>\n<tr class=\"row-42 even\">\n\t<td class=\"column-1\">040\/2020<\/td><td class=\"column-2\">Tomada de Pre\u00e7os 004<\/td><td class=\"column-3\">Contrata\u00e7\u00e3o de empresa para obras de pavimenta\u00e7\u00e3o em bloquetes sextavados de concreto de um trecho de 300m (trezentos metros) da Alameda A, no Bairro Ros\u00e1rio, conforme Emenda Parlamentar n\u00ba 202014070005, Nota de Empenho n\u00ba 801353\/OGU.<\/td><td class=\"column-4\"><a href=\"http:\/\/domvicoso.mg.gov.br\/wp-content\/uploads\/2020\/08\/4-EDITAL-DE-LICITA\u00c7\u00c3O-L.-Ros\u00e1rio.pdf\" rel=\"noopener\" target=\"_blank\">Edital<\/a><\/td><td class=\"column-5\">16\/09\/2020 \u00e0s 13:00 horas<\/td><td class=\"column-6\">R$ 163.810,40<\/td><td class=\"column-7\"><a href=\"http:\/\/domvicoso.mg.gov.br\/wp-content\/uploads\/2020\/09\/12.1-ATA-DE-HABILITA\u00c7\u00c3O-E-PROPOSTA-1.pdf\" rel=\"noopener\" target=\"_blank\">Atas da sess\u00e3o de habilita\u00e7\u00e3o e Proposta<\/a><\/td><td class=\"column-8\"><a href=\"http:\/\/domvicoso.mg.gov.br\/wp-content\/uploads\/2020\/09\/19.1-Termo-de-Homologa\u00e7\u00e3o-e-Adjudica\u00e7\u00e3o-1.pdf\" rel=\"noopener\" target=\"_blank\">Termo de Adjudica\u00e7\u00e3o e Homologa\u00e7\u00e3o<\/a><\/td><td class=\"column-9\"><a href=\"http:\/\/domvicoso.mg.gov.br\/wp-content\/uploads\/2020\/10\/CONTRATO-N\u00ba-050.pdf\" rel=\"noopener\" target=\"_blank\">Contrato 050 - Alpha<\/a><\/td>\n<\/tr>\n<tr class=\"row-43 odd\">\n\t<td class=\"column-1\">041\/2020<\/td><td class=\"column-2\">Preg\u00e3o Presencial 010<\/td><td class=\"column-3\">Registro de Pre\u00e7os para futura e eventual Aquisi\u00e7\u00e3o de Materiais de Constru\u00e7\u00e3o e Obras em geral para atender as necessidades da Administra\u00e7\u00e3o Municipal.<\/td><td class=\"column-4\"><a href=\"http:\/\/domvicoso.mg.gov.br\/wp-content\/uploads\/2020\/09\/5-Edital.pdf\" rel=\"noopener\" target=\"_blank\">Edital<\/a><br><a href=\"http:\/\/domvicoso.mg.gov.br\/wp-content\/uploads\/2020\/09\/Instru\u00e7\u00f5es-da-Proposta-Digital.pdf\" rel=\"noopener\" target=\"_blank\">Manual Proposta Digital<\/a><\/td><td class=\"column-5\">22\/09\/2020 \u00e0s 09:00 horas<\/td><td class=\"column-6\">R$2.515.852,89<\/td><td class=\"column-7\"><a href=\"http:\/\/domvicoso.mg.gov.br\/wp-content\/uploads\/2020\/09\/VENCEDORES.pdf\" rel=\"noopener\" target=\"_blank\">Vencedores<\/a><\/td><td class=\"column-8\"><a href=\"http:\/\/domvicoso.mg.gov.br\/wp-content\/uploads\/2020\/09\/9.1-Adjudica\u00e7\u00e3o-e-Homologa\u00e7\u00e3o.pdf\" rel=\"noopener\" target=\"_blank\">Termo de Adjudica\u00e7\u00e3o e Homologa\u00e7\u00e3o<\/a><\/td><td class=\"column-9\"><a href=\"http:\/\/domvicoso.mg.gov.br\/wp-content\/uploads\/2020\/10\/ARP-006-Todas-Empresas.pdf\" rel=\"noopener\" target=\"_blank\">ARP 006 - Todas Empresas<\/a><\/td>\n<\/tr>\n<tr class=\"row-44 even\">\n\t<td class=\"column-1\">042\/2020<\/td><td class=\"column-2\">Tomada de Pre\u00e7os 005<\/td><td class=\"column-3\">Contrata\u00e7\u00e3o de empresa para obras de execu\u00e7\u00e3o de 1.113,96 m\u00b2 de cal\u00e7amento em bloquete em trechos de vias rurais, conforme Conv\u00eanio de Sa\u00edda                                                                        n\u00ba 1491000965\/2020, firmado com a Secretaria de Estado de Governo de Minas Gerais \u2013 SEGOV.<\/td><td class=\"column-4\"><a href=\"http:\/\/domvicoso.mg.gov.br\/wp-content\/uploads\/2020\/09\/4-EDITAL-DE-LICITA\u00c7\u00c3O-2-RUAS.pdf\" rel=\"noopener\" target=\"_blank\">Edital<\/a><\/td><td class=\"column-5\">28\/09\/2020 \u00e0s 13:00 horas<\/td><td class=\"column-6\">R$123.890,37<\/td><td class=\"column-7\"><a href=\"http:\/\/domvicoso.mg.gov.br\/wp-content\/uploads\/2020\/09\/11.1-Ata-de-Habilita\u00e7\u00e3o-e-Proposta.pdf\" rel=\"noopener\" target=\"_blank\">Atas da sess\u00e3o de habilita\u00e7\u00e3o e Proposta<\/a><\/td><td class=\"column-8\"><a href=\"http:\/\/domvicoso.mg.gov.br\/wp-content\/uploads\/2020\/10\/19.1-Termo-de-Adjudica\u00e7\u00e3o-e-Homologa\u00e7\u00e3o.pdf\" rel=\"noopener\" target=\"_blank\">Termo de Adjudica\u00e7\u00e3o e Homologa\u00e7\u00e3o<\/a><\/td><td class=\"column-9\"><a href=\"http:\/\/domvicoso.mg.gov.br\/wp-content\/uploads\/2020\/10\/CONTRATO-N\u00ba-051.pdf\" rel=\"noopener\" target=\"_blank\">Contrato 051 - Leonardo<\/a><\/td>\n<\/tr>\n<tr class=\"row-45 odd\">\n\t<td class=\"column-1\">043\/2020<\/td><td class=\"column-2\">Tomada de Pre\u00e7os 006<\/td><td class=\"column-3\">Contrata\u00e7\u00e3o de empresa para obras de Pavimenta\u00e7\u00e3o de 03 Trechos de Ruas em Dom Vi\u00e7oso-MG, conforme Contrato de Repasse n\u00ba 1066.948-50\/895256\/2019\/MDR\/CAIXA, firmado com a Uni\u00e3o Federal.<\/td><td class=\"column-4\"><a href=\"http:\/\/domvicoso.mg.gov.br\/wp-content\/uploads\/2020\/11\/4-EDITAL-043-Cal\u00e7amento-03-Trechos-de-Ruas.pdf\" rel=\"noopener\" target=\"_blank\">Edital<\/a><\/td><td class=\"column-5\">27\/11\/2020 \u00e0s 13:00 horas<\/td><td class=\"column-6\">R$239.250,02<\/td><td class=\"column-7\"><a href=\"http:\/\/domvicoso.mg.gov.br\/wp-content\/uploads\/2020\/11\/12.1-ATA-DE-HABILITA\u00c7\u00c3O-E-PROPOSTA.pdf\" rel=\"noopener\" target=\"_blank\">Atas da sess\u00e3o de habilita\u00e7\u00e3o e Proposta<\/a><\/td><td class=\"column-8\"><a href=\"http:\/\/domvicoso.mg.gov.br\/wp-content\/uploads\/2020\/12\/19.1-Termo-de-Adjudica\u00e7\u00e3o-e-Homologa\u00e7\u00e3o.pdf\" rel=\"noopener\" target=\"_blank\">Termo de Adjudica\u00e7\u00e3o e Homologa\u00e7\u00e3o<\/a><\/td><td class=\"column-9\"><a href=\"https:\/\/domvicoso.mg.gov.br\/v1\/wp-content\/uploads\/2022\/05\/3o-Termo-Aditivo-Prorrogacao-2022-Assinado.pdf\" rel=\"noopener\" target=\"_blank\">3\u00ba Termo Aditivo - Vig\u00eancia 30\/06\/2022<\/a><br><a href=\"https:\/\/domvicoso.mg.gov.br\/v1\/wp-content\/uploads\/2022\/05\/2o-Termo-Aditivo-Prorrogacao-2022-Ass.pdf\" rel=\"noopener\" target=\"_blank\">2\u00ba Termo Aditivo - Vigencia at\u00e9 31\/03\/2022<\/a><br><a href=\"http:\/\/domvicoso.mg.gov.br\/wp-content\/uploads\/2020\/12\/CONTRATO-N\u00ba-052-2020.pdf\" rel=\"noopener\" target=\"_blank\">Contrato 052 - Alpha<\/a><\/td>\n<\/tr>\n<\/tbody>\n<\/table>\n<!-- #tablepress-8 from cache -->\n","protected":false},"excerpt":{"rendered":"","protected":false},"author":1,"featured_media":0,"parent":0,"menu_order":0,"comment_status":"closed","ping_status":"closed","template":"","meta":{"footnotes":""},"class_list":["post-1941","page","type-page","status-publish","hentry"],"_links":{"self":[{"href":"https:\/\/domvicoso.mg.gov.br\/v1\/wp-json\/wp\/v2\/pages\/1941","targetHints":{"allow":["GET"]}}],"collection":[{"href":"https:\/\/domvicoso.mg.gov.br\/v1\/wp-json\/wp\/v2\/pages"}],"about":[{"href":"https:\/\/domvicoso.mg.gov.br\/v1\/wp-json\/wp\/v2\/types\/page"}],"author":[{"embeddable":true,"href":"https:\/\/domvicoso.mg.gov.br\/v1\/wp-json\/wp\/v2\/users\/1"}],"replies":[{"embeddable":true,"href":"https:\/\/domvicoso.mg.gov.br\/v1\/wp-json\/wp\/v2\/comments?post=1941"}],"version-history":[{"count":1,"href":"https:\/\/domvicoso.mg.gov.br\/v1\/wp-json\/wp\/v2\/pages\/1941\/revisions"}],"predecessor-version":[{"id":1942,"href":"https:\/\/domvicoso.mg.gov.br\/v1\/wp-json\/wp\/v2\/pages\/1941\/revisions\/1942"}],"wp:attachment":[{"href":"https:\/\/domvicoso.mg.gov.br\/v1\/wp-json\/wp\/v2\/media?parent=1941"}],"curies":[{"name":"wp","href":"https:\/\/api.w.org\/{rel}","templated":true}]}}