{"id":2417,"date":"2022-03-11T23:19:29","date_gmt":"2022-03-11T23:19:29","guid":{"rendered":"https:\/\/domvicoso.mg.gov.br\/v1\/?page_id=2417"},"modified":"2025-05-21T00:22:39","modified_gmt":"2025-05-21T00:22:39","slug":"carta-de-servicos","status":"publish","type":"page","link":"https:\/\/domvicoso.mg.gov.br\/v1\/carta-de-servicos\/","title":{"rendered":"Carta de Servi\u00e7os"},"content":{"rendered":"<div class=\"fusion-fullwidth fullwidth-box fusion-builder-row-1 fusion-flex-container nonhundred-percent-fullwidth non-hundred-percent-height-scrolling\" style=\"background-color: rgba(255,255,255,0);background-position: center center;background-repeat: no-repeat;border-width: 0px 0px 0px 0px;border-color:#eae9e9;border-style:solid;\" ><div class=\"fusion-builder-row fusion-row fusion-flex-align-items-flex-start\" style=\"max-width:1185.6px;margin-left: calc(-4% \/ 2 );margin-right: calc(-4% \/ 2 );\"><div class=\"fusion-layout-column fusion_builder_column fusion-builder-column-0 fusion_builder_column_3_5 3_5 fusion-flex-column\"><div class=\"fusion-column-wrapper fusion-flex-justify-content-flex-start fusion-content-layout-column\" style=\"background-position:left top;background-repeat:no-repeat;-webkit-background-size:cover;-moz-background-size:cover;-o-background-size:cover;background-size:cover;padding: 0px 0px 0px 0px;\"><style type=\"text\/css\">#accordion-2417-1 .fusion-panel:hover, #accordion-2417-1 .fusion-panel.hover{ background-color: #f9f9fb } #accordion-2417-1 .fusion-panel { border-color:#e2e2e2; border-width:1px; background-color:#ffffff; }.fusion-accordian  #accordion-2417-1 .panel-title a .fa-fusion-box{ color: #ffffff;}.fusion-accordian  #accordion-2417-1 .panel-title a .fa-fusion-box:before{ font-size: 16px; width: 16px;}.fusion-accordian  #accordion-2417-1 .panel-title a{font-size:18px;}.fusion-accordian  #accordion-2417-1 .fa-fusion-box { background-color: #212934;border-color: #212934;}.fusion-accordian  #accordion-2417-1 .panel-title a:hover, #accordion-2417-1 .fusion-toggle-boxed-mode:hover .panel-title a { color: #d4d673;}.fusion-accordian  #accordion-2417-1 .panel-title .active .fa-fusion-box,.fusion-accordian  #accordion-2417-1 .panel-title a:hover .fa-fusion-box { background-color: #d4d673!important;border-color: #d4d673!important;}<\/style><div class=\"accordian fusion-accordian\"><div class=\"panel-group\" id=\"accordion-2417-1\"><div class=\"fusion-panel panel-default fusion-toggle-no-divider fusion-toggle-boxed-mode\"><div class=\"panel-heading\"><h4 class=\"panel-title toggle\"><a aria-expanded=\"false\" aria-controls=\"61c591d8a7cfaaa5f\" role=\"button\" data-toggle=\"collapse\" data-parent=\"#accordion-2417-1\" data-target=\"#61c591d8a7cfaaa5f\" href=\"#61c591d8a7cfaaa5f\"><span class=\"fusion-toggle-icon-wrapper\" aria-hidden=\"true\"><i class=\"fa-fusion-box\" aria-hidden=\"true\"><\/i><\/span><span class=\"fusion-toggle-heading\">Gabinete<\/span><\/a><\/h4><\/div><div id=\"61c591d8a7cfaaa5f\" class=\"panel-collapse collapse \"><div class=\"panel-body toggle-content fusion-clearfix\">\n<p>Respons\u00e1vel: Edson Jos\u00e9 Nogueira Rosa<br \/>\nEmail: gabinete@domvicoso.mg.gov.br<br \/>\nTelefone: (35) 3375-1100<br \/>\nAtendimento: de segunda a sexta, das 08h \u00e1s 17h<br \/>\nEndere\u00e7o: Rua Valdemar de Oliveira, N\u00ba 01, Centro de Dom Vi\u00e7oso\/MG<\/p>\n<\/div><\/div><\/div><div class=\"fusion-panel panel-default fusion-toggle-no-divider fusion-toggle-boxed-mode\"><div class=\"panel-heading\"><h4 class=\"panel-title toggle\"><a aria-expanded=\"false\" aria-controls=\"2c4831406f0e75bc4\" role=\"button\" data-toggle=\"collapse\" data-parent=\"#accordion-2417-1\" data-target=\"#2c4831406f0e75bc4\" href=\"#2c4831406f0e75bc4\"><span class=\"fusion-toggle-icon-wrapper\" aria-hidden=\"true\"><i class=\"fa-fusion-box\" aria-hidden=\"true\"><\/i><\/span><span class=\"fusion-toggle-heading\">PROCON<\/span><\/a><\/h4><\/div><div id=\"2c4831406f0e75bc4\" class=\"panel-collapse collapse \"><div class=\"panel-body toggle-content fusion-clearfix\">Setor: PROCON \u2013 COORDENADORIA DE PROTE\u00c7\u00c2O DE PROTE\u00c7\u00c2O DE DEFESA DO CONSUMIDOR<br \/>\nRespons\u00e1vel: Eduardo Vicente Soares<br \/>\nEmail: procon@domvicoso.mg.gov.br<br \/>\nTelefone: (35) 3375-1100<br \/>\nAtendimento: de segunda a sexta, das 09h \u00e1s 14h<br \/>\nEndere\u00e7o: Rua Valdemar de Oliveira, N\u00ba 01, Centro de Dom Vi\u00e7oso\/MG<\/div><\/div><\/div><div class=\"fusion-panel panel-default fusion-toggle-no-divider fusion-toggle-boxed-mode\"><div class=\"panel-heading\"><h4 class=\"panel-title toggle\"><a aria-expanded=\"false\" aria-controls=\"abdf54a972e9cc4e8\" role=\"button\" data-toggle=\"collapse\" data-parent=\"#accordion-2417-1\" data-target=\"#abdf54a972e9cc4e8\" href=\"#abdf54a972e9cc4e8\"><span class=\"fusion-toggle-icon-wrapper\" aria-hidden=\"true\"><i class=\"fa-fusion-box\" aria-hidden=\"true\"><\/i><\/span><span class=\"fusion-toggle-heading\">Departamento Pessoal<\/span><\/a><\/h4><\/div><div id=\"abdf54a972e9cc4e8\" class=\"panel-collapse collapse \"><div class=\"panel-body toggle-content fusion-clearfix\">Respons\u00e1vel: Golias Gomes<br \/>\nEmail: departamentopessoal.dv@gmail.com<br \/>\nTelefone: (35) 3375-1100<br \/>\nAtendimento: de segunda a sexta, das 09h \u00e1s 16h<br \/>\nEndere\u00e7o: Rua Valdemar de Oliveira, N\u00ba 01, Centro de Dom Vi\u00e7oso\/MG<\/div><\/div><\/div><div class=\"fusion-panel panel-default fusion-toggle-no-divider fusion-toggle-boxed-mode\"><div class=\"panel-heading\"><h4 class=\"panel-title toggle\"><a aria-expanded=\"false\" aria-controls=\"2ce7f10ceb6cc804c\" role=\"button\" data-toggle=\"collapse\" data-parent=\"#accordion-2417-1\" data-target=\"#2ce7f10ceb6cc804c\" href=\"#2ce7f10ceb6cc804c\"><span class=\"fusion-toggle-icon-wrapper\" aria-hidden=\"true\"><i class=\"fa-fusion-box\" aria-hidden=\"true\"><\/i><\/span><span class=\"fusion-toggle-heading\">Licita\u00e7\u00e3o<\/span><\/a><\/h4><\/div><div id=\"2ce7f10ceb6cc804c\" class=\"panel-collapse collapse \"><div class=\"panel-body toggle-content fusion-clearfix\">\n<p>Respons\u00e1vel: Luiz Antonio da Silva (Luizinho)<br \/>\nEmail: licitacaodomvicoso@yahoo.com.br<br \/>\nTelefone: (35) 3375-1100<br \/>\nAtendimento: de segunda a sexta, das 09h \u00e1s 17h<br \/>\nEndere\u00e7o: Rua Valdemar de Oliveira, N\u00ba 01, Centro de Dom Vi\u00e7oso\/MG<\/p>\n<\/div><\/div><\/div><div class=\"fusion-panel panel-default fusion-toggle-no-divider fusion-toggle-boxed-mode\"><div class=\"panel-heading\"><h4 class=\"panel-title toggle\"><a aria-expanded=\"false\" aria-controls=\"652534dc2c6bafcb2\" role=\"button\" data-toggle=\"collapse\" data-parent=\"#accordion-2417-1\" data-target=\"#652534dc2c6bafcb2\" href=\"#652534dc2c6bafcb2\"><span class=\"fusion-toggle-icon-wrapper\" aria-hidden=\"true\"><i class=\"fa-fusion-box\" aria-hidden=\"true\"><\/i><\/span><span class=\"fusion-toggle-heading\">Contabilidade<\/span><\/a><\/h4><\/div><div id=\"652534dc2c6bafcb2\" class=\"panel-collapse collapse \"><div class=\"panel-body toggle-content fusion-clearfix\">Respons\u00e1vel: Jos\u00e9 Marcelino Sim\u00f5es Barbosa<br \/>\nEmail: contabilidade@domvicoso.mg.gov.br<br \/>\nTelefone: (35) 3375-1100<br \/>\nAtendimento: de segunda a sexta, das 09h \u00e1s 16h<br \/>\nEndere\u00e7o: Rua Valdemar de Oliveira, N\u00ba 01, Centro de Dom Vi\u00e7oso\/MG<\/div><\/div><\/div><div class=\"fusion-panel panel-default fusion-toggle-no-divider fusion-toggle-boxed-mode\"><div class=\"panel-heading\"><h4 class=\"panel-title toggle\"><a aria-expanded=\"false\" aria-controls=\"348307ce1b6158c43\" role=\"button\" data-toggle=\"collapse\" data-parent=\"#accordion-2417-1\" data-target=\"#348307ce1b6158c43\" href=\"#348307ce1b6158c43\"><span class=\"fusion-toggle-icon-wrapper\" aria-hidden=\"true\"><i class=\"fa-fusion-box\" aria-hidden=\"true\"><\/i><\/span><span class=\"fusion-toggle-heading\">Tesouraria<\/span><\/a><\/h4><\/div><div id=\"348307ce1b6158c43\" class=\"panel-collapse collapse \"><div class=\"panel-body toggle-content fusion-clearfix\">\n<p>Respons\u00e1vel: Paulo Sergio Silverio (Paulinho)<br \/>\nEmail: contabilidade@domvicoso.mg.gov.br<br \/>\nTelefone: (35) 3375-1100<br \/>\nAtendimento: de segunda a sexta, das 09h \u00e1s 16h<br \/>\nEndere\u00e7o: Rua Valdemar de Oliveira, N\u00ba 01, Centro de Dom Vi\u00e7oso\/MG<\/p>\n<\/div><\/div><\/div><div class=\"fusion-panel panel-default fusion-toggle-no-divider fusion-toggle-boxed-mode\"><div class=\"panel-heading\"><h4 class=\"panel-title toggle\"><a aria-expanded=\"false\" aria-controls=\"b962e9ea4922c3e6e\" role=\"button\" data-toggle=\"collapse\" data-parent=\"#accordion-2417-1\" data-target=\"#b962e9ea4922c3e6e\" href=\"#b962e9ea4922c3e6e\"><span class=\"fusion-toggle-icon-wrapper\" aria-hidden=\"true\"><i class=\"fa-fusion-box\" aria-hidden=\"true\"><\/i><\/span><span class=\"fusion-toggle-heading\">Compras<\/span><\/a><\/h4><\/div><div id=\"b962e9ea4922c3e6e\" class=\"panel-collapse collapse \"><div class=\"panel-body toggle-content fusion-clearfix\">\n<p>Respons\u00e1vel: Ana Luiza Silva Rosa<br \/>\nEmail: compras.domvicoso@gmail.com<br \/>\nTelefone: (35) 3375-1100<br \/>\nAtendimento: de segunda a sexta, das 07h \u00e1s 16h<br \/>\nEndere\u00e7o: Rua Valdemar de Oliveira, N\u00ba 01, Centro de Dom Vi\u00e7oso\/MG<\/p>\n<\/div><\/div><\/div><div class=\"fusion-panel panel-default fusion-toggle-no-divider fusion-toggle-boxed-mode\"><div class=\"panel-heading\"><h4 class=\"panel-title toggle\"><a aria-expanded=\"false\" aria-controls=\"03dc208e60fa6114f\" role=\"button\" data-toggle=\"collapse\" data-parent=\"#accordion-2417-1\" data-target=\"#03dc208e60fa6114f\" href=\"#03dc208e60fa6114f\"><span class=\"fusion-toggle-icon-wrapper\" aria-hidden=\"true\"><i class=\"fa-fusion-box\" aria-hidden=\"true\"><\/i><\/span><span class=\"fusion-toggle-heading\">SIAT \/ Junta Militar \/ IMA \/ UMC<\/span><\/a><\/h4><\/div><div id=\"03dc208e60fa6114f\" class=\"panel-collapse collapse \"><div class=\"panel-body toggle-content fusion-clearfix\">Respons\u00e1vel: Pedro Rafael da Rosa<br \/>\nEmail: pedroraffaell@yahoo.com.br<br \/>\nTelefone: (35) 3375-1100<br \/>\nAtendimento: de segunda a sexta, das 08h \u00e1s 15h<br \/>\nEndere\u00e7o: Rua Valdemar de Oliveira, N\u00ba 01, Centro de Dom Vi\u00e7oso\/MG<\/div><\/div><\/div><div class=\"fusion-panel panel-default fusion-toggle-no-divider fusion-toggle-boxed-mode\"><div class=\"panel-heading\"><h4 class=\"panel-title toggle\"><a aria-expanded=\"false\" aria-controls=\"c46929c09a9e136d9\" role=\"button\" data-toggle=\"collapse\" data-parent=\"#accordion-2417-1\" data-target=\"#c46929c09a9e136d9\" href=\"#c46929c09a9e136d9\"><span class=\"fusion-toggle-icon-wrapper\" aria-hidden=\"true\"><i class=\"fa-fusion-box\" aria-hidden=\"true\"><\/i><\/span><span class=\"fusion-toggle-heading\">Arquivo Municipal<\/span><\/a><\/h4><\/div><div id=\"c46929c09a9e136d9\" class=\"panel-collapse collapse \"><div class=\"panel-body toggle-content fusion-clearfix\">\n<p>Respons\u00e1vel: Sebasti\u00e3o Celso da Costa<br \/>\nEmail: administracao@domvicoso.mg.gov.br<br \/>\nTelefone: (35) 3375-1100<br \/>\nAtendimento: de segunda a sexta, das 07h \u00e1s 16h<br \/>\nEndere\u00e7o: Rua Valdemar de Oliveira, N\u00ba 01, Centro de Dom Vi\u00e7oso\/MG<\/p>\n<\/div><\/div><\/div><div class=\"fusion-panel panel-default fusion-toggle-no-divider fusion-toggle-boxed-mode\"><div class=\"panel-heading\"><h4 class=\"panel-title toggle\"><a aria-expanded=\"false\" aria-controls=\"b41110fbdf0e3ff2b\" role=\"button\" data-toggle=\"collapse\" data-parent=\"#accordion-2417-1\" data-target=\"#b41110fbdf0e3ff2b\" href=\"#b41110fbdf0e3ff2b\"><span class=\"fusion-toggle-icon-wrapper\" aria-hidden=\"true\"><i class=\"fa-fusion-box\" aria-hidden=\"true\"><\/i><\/span><span class=\"fusion-toggle-heading\">Cadastro<\/span><\/a><\/h4><\/div><div id=\"b41110fbdf0e3ff2b\" class=\"panel-collapse collapse \"><div class=\"panel-body toggle-content fusion-clearfix\">\n<p>Respons\u00e1vel: Simone Aparecida Nogueira<br \/>\nEmail: tributos@domvicoso.mg.gov.br<br \/>\nTelefone: (35) 3375-1100<br \/>\nAtendimento: de segunda a sexta, das 09h \u00e1s 16h<br \/>\nEndere\u00e7o: Rua Valdemar de Oliveira, N\u00ba 01, Centro de Dom Vi\u00e7oso\/MG<\/p>\n<\/div><\/div><\/div><div class=\"fusion-panel panel-default fusion-toggle-no-divider fusion-toggle-boxed-mode\"><div class=\"panel-heading\"><h4 class=\"panel-title toggle\"><a aria-expanded=\"false\" aria-controls=\"91f6185091107af30\" role=\"button\" data-toggle=\"collapse\" data-parent=\"#accordion-2417-1\" data-target=\"#91f6185091107af30\" href=\"#91f6185091107af30\"><span class=\"fusion-toggle-icon-wrapper\" aria-hidden=\"true\"><i class=\"fa-fusion-box\" aria-hidden=\"true\"><\/i><\/span><span class=\"fusion-toggle-heading\">Conv\u00eanios<\/span><\/a><\/h4><\/div><div id=\"91f6185091107af30\" class=\"panel-collapse collapse \"><div class=\"panel-body toggle-content fusion-clearfix\">\n<p>Respons\u00e1vel: Lia Emanuelle de Moraes<br \/>\nEmail: administra\u00e7\u00e3o@domvicoso.mg.gov.br<br \/>\nTelefone: (35) 3375-1100<br \/>\nAtendimento: de segunda a sexta, das 07h \u00e1s 16h<br \/>\nEndere\u00e7o: Rua Valdemar de Oliveira, N\u00ba 01, Centro de Dom Vi\u00e7oso\/MG<\/p>\n<\/div><\/div><\/div><div class=\"fusion-panel panel-default fusion-toggle-no-divider fusion-toggle-boxed-mode\"><div class=\"panel-heading\"><h4 class=\"panel-title toggle\"><a aria-expanded=\"false\" aria-controls=\"6b6b6895481cd238e\" role=\"button\" data-toggle=\"collapse\" data-parent=\"#accordion-2417-1\" data-target=\"#6b6b6895481cd238e\" href=\"#6b6b6895481cd238e\"><span class=\"fusion-toggle-icon-wrapper\" aria-hidden=\"true\"><i class=\"fa-fusion-box\" aria-hidden=\"true\"><\/i><\/span><span class=\"fusion-toggle-heading\">\u00d3rg\u00e3o Municipal de Educa\u00e7\u00e3o \u2013 OME<\/span><\/a><\/h4><\/div><div id=\"6b6b6895481cd238e\" class=\"panel-collapse collapse \"><div class=\"panel-body toggle-content fusion-clearfix\">\n<p>Respons\u00e1vel: Hugo Leonardo Rosa Pereira<br \/>\nEmail: educacao@domvicoso.mg.gov.br<br \/>\nTelefone: (35) 3375-1100<br \/>\nAtendimento: de segunda a sexta, das 07h \u00e1s 16h<br \/>\nEndere\u00e7o: Rua Valdemar de Oliveira, N\u00ba 01, Centro de Dom Vi\u00e7oso\/MG<\/p>\n<\/div><\/div><\/div><div class=\"fusion-panel panel-default fusion-toggle-no-divider fusion-toggle-boxed-mode\"><div class=\"panel-heading\"><h4 class=\"panel-title toggle\"><a aria-expanded=\"false\" aria-controls=\"fcbd396a096999b2b\" role=\"button\" data-toggle=\"collapse\" data-parent=\"#accordion-2417-1\" data-target=\"#fcbd396a096999b2b\" href=\"#fcbd396a096999b2b\"><span class=\"fusion-toggle-icon-wrapper\" aria-hidden=\"true\"><i class=\"fa-fusion-box\" aria-hidden=\"true\"><\/i><\/span><span class=\"fusion-toggle-heading\">Diretoria Municipal de Sa\u00fade<\/span><\/a><\/h4><\/div><div id=\"fcbd396a096999b2b\" class=\"panel-collapse collapse \"><div class=\"panel-body toggle-content fusion-clearfix\">\n<p>Respons\u00e1vel: Luiz Antonio Silva (Chicao)<br \/>\nEmail: saudedomvicoso@bol.com.br<br \/>\nTelefone: (35) 3375-1365<br \/>\nAtendimento: de segunda a sexta, das 07h \u00e1s 16h<br \/>\nEndere\u00e7o: Rua C\u00f4nego Jos\u00e9 Divino, N\u00ba 632, Centro de Dom Vi\u00e7oso\/MG<\/p>\n<\/div><\/div><\/div><div class=\"fusion-panel panel-default fusion-toggle-no-divider fusion-toggle-boxed-mode\"><div class=\"panel-heading\"><h4 class=\"panel-title toggle\"><a aria-expanded=\"false\" aria-controls=\"e3c24fcf9695591da\" role=\"button\" data-toggle=\"collapse\" data-parent=\"#accordion-2417-1\" data-target=\"#e3c24fcf9695591da\" href=\"#e3c24fcf9695591da\"><span class=\"fusion-toggle-icon-wrapper\" aria-hidden=\"true\"><i class=\"fa-fusion-box\" aria-hidden=\"true\"><\/i><\/span><span class=\"fusion-toggle-heading\">Centro de Refer\u00eancia de Assist\u00eancia Social \u2013 CRAS<\/span><\/a><\/h4><\/div><div id=\"e3c24fcf9695591da\" class=\"panel-collapse collapse \"><div class=\"panel-body toggle-content fusion-clearfix\">\n<p>Respons\u00e1vel: ALESSANDRA CRISTINA DE PAULA ALVES<br \/>\nEmail: crasdomvicoso@yahoo.com.br<br \/>\nTelefone: (35) 3375-1205<br \/>\nAtendimento: de segunda a sexta, das 07h \u00e1s 16h<br \/>\nEndere\u00e7o: Rua Altamiro Coli, N\u00ba 600, Centro de Dom Vi\u00e7oso\/MG<\/p>\n<\/div><\/div><\/div><div class=\"fusion-panel panel-default fusion-toggle-no-divider fusion-toggle-boxed-mode\"><div class=\"panel-heading\"><h4 class=\"panel-title toggle\"><a aria-expanded=\"false\" aria-controls=\"cfbf28e1f1eec98f4\" role=\"button\" data-toggle=\"collapse\" data-parent=\"#accordion-2417-1\" data-target=\"#cfbf28e1f1eec98f4\" href=\"#cfbf28e1f1eec98f4\"><span class=\"fusion-toggle-icon-wrapper\" aria-hidden=\"true\"><i class=\"fa-fusion-box\" aria-hidden=\"true\"><\/i><\/span><span class=\"fusion-toggle-heading\">Sala Mineira do Empreendedor<\/span><\/a><\/h4><\/div><div id=\"cfbf28e1f1eec98f4\" class=\"panel-collapse collapse \"><div class=\"panel-body toggle-content fusion-clearfix\">\n<p>Respons\u00e1vel: ADRIANO PALMA RIBEIRO<br \/>\nEmail: salamineira@domvicoso.mg.gov.br<br \/>\nTelefone: (35) 3375-1100<br \/>\nAtendimento: de segunda a sexta, das 07h \u00e1s 16h<br \/>\nEndere\u00e7o: Rua Valdemar de Oliveira, N\u00ba 01, Centro de Dom Vi\u00e7oso\/MG<\/p>\n<\/div><\/div><\/div><div class=\"fusion-panel panel-default fusion-toggle-no-divider fusion-toggle-boxed-mode\"><div class=\"panel-heading\"><h4 class=\"panel-title toggle\"><a aria-expanded=\"false\" aria-controls=\"10ccca4eb59aa82a4\" role=\"button\" data-toggle=\"collapse\" data-parent=\"#accordion-2417-1\" data-target=\"#10ccca4eb59aa82a4\" href=\"#10ccca4eb59aa82a4\"><span class=\"fusion-toggle-icon-wrapper\" aria-hidden=\"true\"><i class=\"fa-fusion-box\" aria-hidden=\"true\"><\/i><\/span><span class=\"fusion-toggle-heading\">EMATER<\/span><\/a><\/h4><\/div><div id=\"10ccca4eb59aa82a4\" class=\"panel-collapse collapse \"><div class=\"panel-body toggle-content fusion-clearfix\">Respons\u00e1vel: Saulo Silva de Moraes<br \/>\nEmail: dom.vicoso@emater.mg.gov.br<br \/>\nTelefone: (35) 3375-1100 &#8211; (35) 99956-1200<br \/>\nAtendimento: de segunda a sexta, das 08h \u00e1s 16h<br \/>\nEndere\u00e7o: Rua Valdemar de Oliveira, N\u00ba 01, Centro de Dom Vi\u00e7oso\/MG<\/div><\/div><\/div><div class=\"fusion-panel panel-default fusion-toggle-no-divider fusion-toggle-boxed-mode\"><div class=\"panel-heading\"><h4 class=\"panel-title toggle\"><a aria-expanded=\"false\" aria-controls=\"a34894df91cb32a91\" role=\"button\" data-toggle=\"collapse\" data-parent=\"#accordion-2417-1\" data-target=\"#a34894df91cb32a91\" href=\"#a34894df91cb32a91\"><span class=\"fusion-toggle-icon-wrapper\" aria-hidden=\"true\"><i class=\"fa-fusion-box\" aria-hidden=\"true\"><\/i><\/span><span class=\"fusion-toggle-heading\">Cultura, Turismo e Meio Ambiente<\/span><\/a><\/h4><\/div><div id=\"a34894df91cb32a91\" class=\"panel-collapse collapse \"><div class=\"panel-body toggle-content fusion-clearfix\">\n<p>Respons\u00e1vel: Benedito Belmiro<br \/>\nEmail: culturaeturismo@domvicoso.mg.gov.br<br \/>\nTelefone: (35) 3375-1100<br \/>\nAtendimento: de segunda a sexta, das 09h \u00e0s 16h<br \/>\nEndere\u00e7o: Rua Valdemar de Oliveira, N\u00ba 01, Centro de Dom Vi\u00e7oso\/MG<\/p>\n<\/div><\/div><\/div><div class=\"fusion-panel panel-default fusion-toggle-no-divider fusion-toggle-boxed-mode\"><div class=\"panel-heading\"><h4 class=\"panel-title toggle\"><a aria-expanded=\"false\" aria-controls=\"55027c4080806c73f\" role=\"button\" data-toggle=\"collapse\" data-parent=\"#accordion-2417-1\" data-target=\"#55027c4080806c73f\" href=\"#55027c4080806c73f\"><span class=\"fusion-toggle-icon-wrapper\" aria-hidden=\"true\"><i class=\"fa-fusion-box\" aria-hidden=\"true\"><\/i><\/span><span class=\"fusion-toggle-heading\">DMAE \u2013 Departamento Municipal de \u00c1gua e Esgoto<\/span><\/a><\/h4><\/div><div id=\"55027c4080806c73f\" class=\"panel-collapse collapse \"><div class=\"panel-body toggle-content fusion-clearfix\">\n<p>Respons\u00e1vel: VIRGILIO AP ALAN MOREIRA<br \/>\nEmail: dmae@domvicoso.mg.gov.br<br \/>\nTelefone: (35) 3375-1100<br \/>\nAtendimento: de segunda a sexta, das 07h \u00e1s 16h<br \/>\nEndere\u00e7o: Rua Valdemar de Oliveira, N\u00ba 01, Centro de Dom Vi\u00e7oso\/MG<\/p>\n<\/div><\/div><\/div><div class=\"fusion-panel panel-default fusion-toggle-no-divider fusion-toggle-boxed-mode\"><div class=\"panel-heading\"><h4 class=\"panel-title toggle\"><a aria-expanded=\"false\" aria-controls=\"1c7829b9cd066b825\" role=\"button\" data-toggle=\"collapse\" data-parent=\"#accordion-2417-1\" data-target=\"#1c7829b9cd066b825\" href=\"#1c7829b9cd066b825\"><span class=\"fusion-toggle-icon-wrapper\" aria-hidden=\"true\"><i class=\"fa-fusion-box\" aria-hidden=\"true\"><\/i><\/span><span class=\"fusion-toggle-heading\">Defesa Civil<\/span><\/a><\/h4><\/div><div id=\"1c7829b9cd066b825\" class=\"panel-collapse collapse \"><div class=\"panel-body toggle-content fusion-clearfix\">\n<p>Respons\u00e1vel: Edson Jose Nogueira Rosa<br \/>\nEmail: defesacivil@domvicoso.mg.gov.br<br \/>\nTelefone: (35) 3375-1100<br \/>\nAtendimento: de segunda a sexta, das 09h \u00e1s 16h<br \/>\nEndere\u00e7o: Rua Valdemar de Oliveira, N\u00ba 01, Centro de Dom Vi\u00e7oso\/MG<\/p>\n<\/div><\/div><\/div><div class=\"fusion-panel panel-default fusion-toggle-no-divider fusion-toggle-boxed-mode\"><div class=\"panel-heading\"><h4 class=\"panel-title toggle\"><a aria-expanded=\"false\" aria-controls=\"579cd59ef2ef1ddeb\" role=\"button\" data-toggle=\"collapse\" data-parent=\"#accordion-2417-1\" data-target=\"#579cd59ef2ef1ddeb\" href=\"#579cd59ef2ef1ddeb\"><span class=\"fusion-toggle-icon-wrapper\" aria-hidden=\"true\"><i class=\"fa-fusion-box\" aria-hidden=\"true\"><\/i><\/span><span class=\"fusion-toggle-heading\">Cemit\u00e9rio Municipal<\/span><\/a><\/h4><\/div><div id=\"579cd59ef2ef1ddeb\" class=\"panel-collapse collapse \"><div class=\"panel-body toggle-content fusion-clearfix\">Respons\u00e1vel: M\u00e1rcio Donizete da Silva (Dito)<br \/>\nEmail: administracao@domvicoso.mg.gov.br<br \/>\nTelefone: (35) 3375-1100<br \/>\nAtendimento: de segunda a sexta, das 07h \u00e1s 16h<br \/>\nEndere\u00e7o: Rua Valdemar de Oliveira, N\u00ba 01, Centro de Dom Vi\u00e7oso\/MG<\/div><\/div><\/div><div class=\"fusion-panel panel-default fusion-toggle-no-divider fusion-toggle-boxed-mode\"><div class=\"panel-heading\"><h4 class=\"panel-title toggle\"><a aria-expanded=\"false\" aria-controls=\"ad49d89e2955b0305\" role=\"button\" data-toggle=\"collapse\" data-parent=\"#accordion-2417-1\" data-target=\"#ad49d89e2955b0305\" href=\"#ad49d89e2955b0305\"><span class=\"fusion-toggle-icon-wrapper\" aria-hidden=\"true\"><i class=\"fa-fusion-box\" aria-hidden=\"true\"><\/i><\/span><span class=\"fusion-toggle-heading\">Conselho Tutelar<\/span><\/a><\/h4><\/div><div id=\"ad49d89e2955b0305\" class=\"panel-collapse collapse \"><div class=\"panel-body toggle-content fusion-clearfix\">\n<p>Respons\u00e1veis: Adriana Cristina de Almeida Rosa; Cilea Cassimiro de Paula;<br \/>\nCleusa de Lima Dias; Luciana Ribeiro de Deus Oliveira;<br \/>\nGeisi Bel Palma Campos<br \/>\nEmail: ctpmdv@yahoo.com.br<br \/>\nTelefone: (35) 3375-1114<br \/>\nAtendimento: de segunda a sexta, das 07h \u00e1s 16h<br \/>\nEndere\u00e7o: Rua Dom Ferr\u00e3o, N\u00ba 507, Centro de Dom Vi\u00e7oso\/MG<\/p>\n<\/div><\/div><\/div><div class=\"fusion-panel panel-default fusion-toggle-no-divider fusion-toggle-boxed-mode\"><div class=\"panel-heading\"><h4 class=\"panel-title toggle\"><a aria-expanded=\"false\" aria-controls=\"f99af347dae76b47d\" role=\"button\" data-toggle=\"collapse\" data-parent=\"#accordion-2417-1\" data-target=\"#f99af347dae76b47d\" href=\"#f99af347dae76b47d\"><span class=\"fusion-toggle-icon-wrapper\" aria-hidden=\"true\"><i class=\"fa-fusion-box\" aria-hidden=\"true\"><\/i><\/span><span class=\"fusion-toggle-heading\">Biblioteca Municipal Wenceslau Br\u00e1s<\/span><\/a><\/h4><\/div><div id=\"f99af347dae76b47d\" class=\"panel-collapse collapse \"><div class=\"panel-body toggle-content fusion-clearfix\">Respons\u00e1vel: Sebasti\u00e3o M\u00e1rcio dos Santos<br \/>\nEmail: sbmsantos@bol.com.br<br \/>\nTelefone: (35) 3375-1100<br \/>\nAtendimento: de segunda a sexta, das 08h \u00e1s 15h<br \/>\nEndere\u00e7o: Rua Valdemar de Oliveira, N\u00ba 01, Centro de Dom Vi\u00e7oso\/MG<\/div><\/div><\/div><div class=\"fusion-panel panel-default fusion-toggle-no-divider fusion-toggle-boxed-mode\"><div class=\"panel-heading\"><h4 class=\"panel-title toggle\"><a aria-expanded=\"false\" aria-controls=\"f85cfdab77a1bfcb9\" role=\"button\" data-toggle=\"collapse\" data-parent=\"#accordion-2417-1\" data-target=\"#f85cfdab77a1bfcb9\" href=\"#f85cfdab77a1bfcb9\"><span class=\"fusion-toggle-icon-wrapper\" aria-hidden=\"true\"><i class=\"fa-fusion-box\" aria-hidden=\"true\"><\/i><\/span><span class=\"fusion-toggle-heading\">Esporte e Lazer<\/span><\/a><\/h4><\/div><div id=\"f85cfdab77a1bfcb9\" class=\"panel-collapse collapse \"><div class=\"panel-body toggle-content fusion-clearfix\">\n<p>Respons\u00e1vel: Nathan Dos Santos Andrade<br \/>\nEmail: esportes@domvicoso.mg.gov.br<br \/>\nTelefone: (35) 3375-1100<br \/>\nAtendimento de segunda a sexta das 07h as 16h<br \/>\nRua Valdemar de Oliveira n\u00b0 1 centro Dom Vi\u00e7oso MG<\/p>\n<\/div><\/div><\/div><\/div><\/div><\/div><style type=\"text\/css\">.fusion-body .fusion-builder-column-0{width:60% !important;margin-top : 0px;margin-bottom : 20px;}.fusion-builder-column-0 > .fusion-column-wrapper {padding-top : 0px !important;padding-right : 0px !important;margin-right : 3.2%;padding-bottom : 0px !important;padding-left : 0px !important;margin-left : 3.2%;}@media only screen and (max-width:1024px) {.fusion-body .fusion-builder-column-0{width:100% !important;order : 0;}.fusion-builder-column-0 > .fusion-column-wrapper {margin-right : 1.92%;margin-left : 1.92%;}}@media only screen and (max-width:640px) {.fusion-body .fusion-builder-column-0{width:100% !important;order : 0;}.fusion-builder-column-0 > .fusion-column-wrapper {margin-right : 1.92%;margin-left : 1.92%;}}<\/style><\/div><div class=\"fusion-layout-column fusion_builder_column fusion-builder-column-1 fusion_builder_column_1_3 1_3 fusion-flex-column\"><div class=\"fusion-column-wrapper fusion-flex-justify-content-flex-start fusion-content-layout-column\" style=\"background-position:left top;background-repeat:no-repeat;-webkit-background-size:cover;-moz-background-size:cover;-o-background-size:cover;background-size:cover;padding: 0px 0px 0px 0px;\"><style type=\"text\/css\">.fusion-search-element-1 .searchform .fusion-search-form-content .fusion-search-field input,.fusion-search-element-1 .searchform .fusion-search-form-content .fusion-search-button input[type=submit] {height: 60px;}.fusion-search-element-1 .searchform .fusion-search-form-content .fusion-search-button input[type=submit] {line-height: 60px;}.fusion-search-element-1.fusion-search-form-clean .searchform .fusion-search-form-content .fusion-search-field input {padding-left: 60px;}.fusion-search-element-1 .searchform .fusion-search-form-content .fusion-search-button input[type=submit] {width: 60px;}.fusion-search-element-1 .searchform .fusion-search-form-content .fusion-search-field input,.fusion-search-element-1 .searchform .fusion-search-form-content .fusion-search-field input::placeholder,.fusion-search-element-1.fusion-search-form-clean .searchform .fusion-search-form-content .fusion-search-button input[type=submit] {color: #9a9a9a;}.fusion-search-element-1 .searchform .fusion-search-form-content .fusion-search-field input:focus {border-color: #d2d2d2;}.fusion-search-element-1 .searchform .fusion-search-form-content .fusion-search-field input,.fusion-search-element-1.fusion-search-form-clean .searchform .fusion-search-form-content .fusion-search-button input[type=submit] {font-size: 13px;}.fusion-search-element-1 .searchform .fusion-search-form-content .fusion-search-field input {background-color: #ffffff;border-color: #d2d2d2;}.fusion-search-element-1 .searchform.fusion-search-form-classic .fusion-search-form-content, .fusion-search-form-classic .searchform:not(.fusion-search-form-clean) .fusion-search-form-content {border-radius: 0px;overflow: hidden;}.fusion-search-element-1 .fusion-search-form-content input.s {border-radius: 0px;}<\/style><div class=\"fusion-search-element fusion-search-element-1 fusion-search-form-classic\">\t\t<form role=\"search\" class=\"searchform fusion-search-form  fusion-search-form-classic\" method=\"get\" action=\"https:\/\/domvicoso.mg.gov.br\/v1\/\">\n\t\t\t<div class=\"fusion-search-form-content\">\n\n\t\t\t\t\n\t\t\t\t<div class=\"fusion-search-field search-field\">\n\t\t\t\t\t<label><span class=\"screen-reader-text\">Search for:<\/span>\n\t\t\t\t\t\t\t\t\t\t\t\t\t<input type=\"search\" value=\"\" name=\"s\" class=\"s\" placeholder=\"Digite a sua busca aqui...\" required aria-required=\"true\" aria-label=\"Digite a sua busca aqui...\"\/>\n\t\t\t\t\t\t\t\t\t\t\t<\/label>\n\t\t\t\t<\/div>\n\t\t\t\t<div class=\"fusion-search-button search-button\">\n\t\t\t\t\t<input type=\"submit\" class=\"fusion-search-submit searchsubmit\" aria-label=\"Search\" value=\"&#xf002;\" \/>\n\t\t\t\t\t\t\t\t\t<\/div>\n\n\t\t\t\t<input type=\"hidden\" name=\"post_type[]\" value=\"any\" \/><input type=\"hidden\" name=\"search_limit_to_post_titles\" value=\"0\" \/><input type=\"hidden\" name=\"fs\" value=\"1\" \/>\n\t\t\t<\/div>\n\n\n\t\t\t\n\t\t<\/form>\n\t\t<\/div><div class=\"fusion-separator fusion-full-width-sep\" style=\"align-self: center;margin-left: auto;margin-right: auto;margin-bottom:30px;width:100%;\"><\/div><div ><div class=\"imageframe-liftup\"><span class=\" fusion-imageframe imageframe-none imageframe-1 fusion-animated\" data-animationType=\"fadeInRight\" data-animationDuration=\"1.0\" data-animationOffset=\"100%\"><a class=\"fusion-no-lightbox\" href=\"https:\/\/www.facebook.com\/prefeituramunicipalDV\/\" target=\"_self\" aria-label=\"facebook\"><img decoding=\"async\" width=\"350\" height=\"92\" src=\"https:\/\/domvicoso.mg.gov.br\/v1\/wp-content\/uploads\/2022\/01\/facebook.jpg\" data-orig-src=\"https:\/\/domvicoso.mg.gov.br\/v1\/wp-content\/uploads\/2022\/01\/facebook.jpg\" class=\"lazyload img-responsive wp-image-1979\" srcset=\"data:image\/svg+xml,%3Csvg%20xmlns%3D%27http%3A%2F%2Fwww.w3.org%2F2000%2Fsvg%27%20width%3D%27350%27%20height%3D%2792%27%20viewBox%3D%270%200%20350%2092%27%3E%3Crect%20width%3D%27350%27%20height%3D%2792%27%20fill-opacity%3D%220%22%2F%3E%3C%2Fsvg%3E\" data-srcset=\"https:\/\/domvicoso.mg.gov.br\/v1\/wp-content\/uploads\/2022\/01\/facebook-200x53.jpg 200w, https:\/\/domvicoso.mg.gov.br\/v1\/wp-content\/uploads\/2022\/01\/facebook.jpg 350w\" data-sizes=\"auto\" data-orig-sizes=\"(max-width: 1024px) 100vw, (max-width: 640px) 100vw, 350px\" \/><\/a><\/span><\/div><\/div><div class=\"fusion-separator fusion-full-width-sep\" style=\"align-self: center;margin-left: auto;margin-right: auto;margin-bottom:30px;width:100%;\"><\/div><div ><div class=\"imageframe-liftup\"><span class=\" fusion-imageframe imageframe-none imageframe-2 fusion-animated\" data-animationType=\"fadeInRight\" data-animationDuration=\"1.0\" data-animationOffset=\"100%\"><a class=\"fusion-no-lightbox\" href=\"https:\/\/domvicoso.mg.gov.br\/v1\/perguntas-frequentes-faq\/\" target=\"_self\" aria-label=\"perguntasfrequentes\"><img decoding=\"async\" width=\"350\" height=\"92\" src=\"https:\/\/domvicoso.mg.gov.br\/v1\/wp-content\/uploads\/2023\/12\/perguntasfrequentes.png\" data-orig-src=\"https:\/\/domvicoso.mg.gov.br\/v1\/wp-content\/uploads\/2023\/12\/perguntasfrequentes.png\" class=\"lazyload img-responsive wp-image-6426\" srcset=\"data:image\/svg+xml,%3Csvg%20xmlns%3D%27http%3A%2F%2Fwww.w3.org%2F2000%2Fsvg%27%20width%3D%27350%27%20height%3D%2792%27%20viewBox%3D%270%200%20350%2092%27%3E%3Crect%20width%3D%27350%27%20height%3D%2792%27%20fill-opacity%3D%220%22%2F%3E%3C%2Fsvg%3E\" data-srcset=\"https:\/\/domvicoso.mg.gov.br\/v1\/wp-content\/uploads\/2023\/12\/perguntasfrequentes-200x53.png 200w, https:\/\/domvicoso.mg.gov.br\/v1\/wp-content\/uploads\/2023\/12\/perguntasfrequentes.png 350w\" data-sizes=\"auto\" data-orig-sizes=\"(max-width: 1024px) 100vw, (max-width: 640px) 100vw, 350px\" \/><\/a><\/span><\/div><\/div><div class=\"fusion-separator fusion-full-width-sep\" style=\"align-self: center;margin-left: auto;margin-right: auto;margin-bottom:30px;width:100%;\"><\/div><div ><div class=\"imageframe-liftup\"><span class=\" fusion-imageframe imageframe-none imageframe-3 fusion-animated\" data-animationType=\"fadeInRight\" data-animationDuration=\"1.0\" data-animationOffset=\"100%\"><a class=\"fusion-no-lightbox\" href=\"https:\/\/sistemasgerenciais.com.br\/holerites_domvicoso\/\" target=\"_self\" aria-label=\"Your paragraph text (1)\"><img decoding=\"async\" width=\"350\" height=\"92\" src=\"https:\/\/domvicoso.mg.gov.br\/v1\/wp-content\/uploads\/2023\/12\/Your-paragraph-text-1.png\" data-orig-src=\"https:\/\/domvicoso.mg.gov.br\/v1\/wp-content\/uploads\/2023\/12\/Your-paragraph-text-1.png\" class=\"lazyload img-responsive wp-image-6355\" srcset=\"data:image\/svg+xml,%3Csvg%20xmlns%3D%27http%3A%2F%2Fwww.w3.org%2F2000%2Fsvg%27%20width%3D%27350%27%20height%3D%2792%27%20viewBox%3D%270%200%20350%2092%27%3E%3Crect%20width%3D%27350%27%20height%3D%2792%27%20fill-opacity%3D%220%22%2F%3E%3C%2Fsvg%3E\" data-srcset=\"https:\/\/domvicoso.mg.gov.br\/v1\/wp-content\/uploads\/2023\/12\/Your-paragraph-text-1-200x53.png 200w, https:\/\/domvicoso.mg.gov.br\/v1\/wp-content\/uploads\/2023\/12\/Your-paragraph-text-1.png 350w\" data-sizes=\"auto\" data-orig-sizes=\"(max-width: 1024px) 100vw, (max-width: 640px) 100vw, 350px\" \/><\/a><\/span><\/div><\/div><div class=\"fusion-separator fusion-full-width-sep\" style=\"align-self: center;margin-left: auto;margin-right: auto;margin-bottom:30px;width:100%;\"><\/div><div class=\"fusion-widget fusion-widget-element fusion-widget-area fusion-content-widget-area wpWidget-1\" style=\"border-width:0px;border-style:solid;\"><div class=\"widget widget_rss\"><div class=\"heading\"><h4 class=\"widget-title\"><a class=\"rsswidget rss-widget-feed\" href=\"https:\/\/g1.globo.com\/rss\/g1\/mg\/sul-de-minas\/\"><img decoding=\"async\" class=\"lazyload rss-widget-icon\" style=\"border:0\" width=\"14\" height=\"14\" src=\"data:image\/svg+xml,%3Csvg%20xmlns%3D%27http%3A%2F%2Fwww.w3.org%2F2000%2Fsvg%27%20width%3D%2714%27%20height%3D%2714%27%20viewBox%3D%270%200%2014%2014%27%3E%3Crect%20width%3D%2714%27%20height%3D%2714%27%20fill-opacity%3D%220%22%2F%3E%3C%2Fsvg%3E\" data-orig-src=\"https:\/\/domvicoso.mg.gov.br\/v1\/wp-includes\/images\/rss.png\" alt=\"RSS\" \/><\/a> <a class=\"rsswidget rss-widget-title\" href=\"https:\/\/g1.globo.com\/mg\/sul-de-minas\/\">g1 &gt; Sul de Minas<\/a><\/h4><\/div><ul><li><a class='rsswidget' href='https:\/\/g1.globo.com\/mg\/sul-de-minas\/noticia\/2026\/04\/25\/galinha-bota-ovo-gigante-com-outro-dentro-em-mg-e-caso-chama-a-atencao-nas-redes-sociais.ghtml'>Galinha bota ovo gigante com outro dentro em MG e caso chama a aten\u00e7\u00e3o nas redes sociais<\/a><\/li><li><a class='rsswidget' href='https:\/\/g1.globo.com\/mg\/sul-de-minas\/edicao\/2026\/04\/24\/videos-eptv-2-sul-de-minas-de-sexta-feira-24-de-abril-de-2026.ghtml'>V\u00cdDEOS: EPTV 2 Sul de Minas de sexta-feira, 24 de abril de 2026<\/a><\/li><li><a class='rsswidget' href='https:\/\/g1.globo.com\/mg\/sul-de-minas\/noticia\/2026\/04\/24\/acusado-de-matar-homem-com-taco-de-sinuca-e-condenado-a-mais-de-21-anos-de-prisao-em-mg.ghtml'>Acusado de matar homem com taco de sinuca \u00e9 condenado a mais de 21 anos de pris\u00e3o em MG<\/a><\/li><li><a class='rsswidget' href='https:\/\/g1.globo.com\/mg\/sul-de-minas\/edicao\/2026\/04\/24\/videos-eptv-1-sul-de-minas-de-sexta-feira-24-de-abril-de-2026.ghtml'>V\u00cdDEOS: EPTV 1 Sul de Minas de sexta-feira, 24 de abril de 2026<\/a><\/li><li><a class='rsswidget' href='https:\/\/g1.globo.com\/mg\/grande-minas\/noticia\/2026\/04\/24\/foragido-condenado-por-tentativa-de-homicidio-em-montes-claros-e-preso-no-sul-de-minas.ghtml'>Foragido condenado por tentativa de homic\u00eddio em Montes Claros \u00e9 preso no Sul de Minas<\/a><\/li><li><a class='rsswidget' href='https:\/\/g1.globo.com\/mg\/sul-de-minas\/noticia\/2026\/04\/24\/criancas-ficam-feridas-apos-atropelamento-e-carro-e-incendiado-por-moradores-em-pouso-alegre-mg.ghtml'>V\u00cdDEO: Crian\u00e7as s\u00e3o atropeladas a caminho da escola em Pouso Alegre; moradores incendeiam carro<\/a><\/li><li><a class='rsswidget' href='https:\/\/g1.globo.com\/mg\/sul-de-minas\/edicao\/2026\/04\/24\/videos-bom-dia-cidade-sul-de-minas-de-sexta-feira-24-de-abril-de-2026.ghtml'>V\u00cdDEOS: Bom Dia Cidade Sul de Minas de sexta-feira, 24 de abril de 2026<\/a><\/li><li><a class='rsswidget' href='https:\/\/g1.globo.com\/mg\/sul-de-minas\/noticia\/2026\/04\/24\/flipocos-stand-up-e-shows-sertanejos-veja-o-que-fazer-no-fim-de-semana-no-sul-de-minas.ghtml'>Flipo\u00e7os, stand up e shows sertanejos: veja o que fazer no fim de semana no Sul de Minas<\/a><\/li><li><a class='rsswidget' href='https:\/\/g1.globo.com\/sp\/campinas-regiao\/e-pra-cantar\/noticia\/2026\/04\/24\/do-epra-cantar-ao-palco-de-barretos-veja-como-vai-funcionar-o-reality-sertanejo-da-eptv.ghtml'>Do &#039;\u00c9Pra Cantar&#039; ao palco de Barretos: veja como vai funcionar o reality sertanejo da EPTV<\/a><\/li><li><a class='rsswidget' href='https:\/\/g1.globo.com\/mg\/sul-de-minas\/noticia\/2026\/04\/24\/golpe-com-uso-de-inteligencia-artificial-causa-prejuizo-de-r-1-milhao-a-vitima-no-sul-de-minas.ghtml'>Golpe com uso de intelig\u00eancia artificial causa preju\u00edzo de R$ 1 milh\u00e3o a v\u00edtima no Sul de Minas<\/a><\/li><\/ul><\/div><\/div><div class=\"fusion-separator fusion-full-width-sep\" style=\"align-self: center;margin-left: auto;margin-right: auto;margin-bottom:30px;width:100%;\"><\/div><div class=\"fusion-separator fusion-full-width-sep\" style=\"align-self: center;margin-left: auto;margin-right: auto;margin-bottom:30px;width:100%;\"><\/div><\/div><style type=\"text\/css\">.fusion-body .fusion-builder-column-1{width:33.333333333333% !important;margin-top : 0px;margin-bottom : 20px;}.fusion-builder-column-1 > .fusion-column-wrapper {padding-top : 0px !important;padding-right : 0px !important;margin-right : 5.76%;padding-bottom : 0px !important;padding-left : 0px !important;margin-left : 5.76%;}@media only screen and (max-width:1024px) {.fusion-body .fusion-builder-column-1{width:100% !important;}.fusion-builder-column-1 > .fusion-column-wrapper {margin-right : 1.92%;margin-left : 1.92%;}}@media only screen and (max-width:640px) {.fusion-body .fusion-builder-column-1{width:100% !important;}.fusion-builder-column-1 > .fusion-column-wrapper {margin-right : 1.92%;margin-left : 1.92%;}}<\/style><\/div>\n<\/div><style type=\"text\/css\">.fusion-body .fusion-flex-container.fusion-builder-row-1{ padding-top : 0px;margin-top : 0px;padding-right : 0px;padding-bottom : 0px;margin-bottom : 0px;padding-left : 0px;}<\/style><\/div>\n","protected":false},"excerpt":{"rendered":"","protected":false},"author":1,"featured_media":0,"parent":0,"menu_order":0,"comment_status":"closed","ping_status":"closed","template":"","meta":{"footnotes":""},"class_list":["post-2417","page","type-page","status-publish","hentry"],"_links":{"self":[{"href":"https:\/\/domvicoso.mg.gov.br\/v1\/wp-json\/wp\/v2\/pages\/2417","targetHints":{"allow":["GET"]}}],"collection":[{"href":"https:\/\/domvicoso.mg.gov.br\/v1\/wp-json\/wp\/v2\/pages"}],"about":[{"href":"https:\/\/domvicoso.mg.gov.br\/v1\/wp-json\/wp\/v2\/types\/page"}],"author":[{"embeddable":true,"href":"https:\/\/domvicoso.mg.gov.br\/v1\/wp-json\/wp\/v2\/users\/1"}],"replies":[{"embeddable":true,"href":"https:\/\/domvicoso.mg.gov.br\/v1\/wp-json\/wp\/v2\/comments?post=2417"}],"version-history":[{"count":13,"href":"https:\/\/domvicoso.mg.gov.br\/v1\/wp-json\/wp\/v2\/pages\/2417\/revisions"}],"predecessor-version":[{"id":8692,"href":"https:\/\/domvicoso.mg.gov.br\/v1\/wp-json\/wp\/v2\/pages\/2417\/revisions\/8692"}],"wp:attachment":[{"href":"https:\/\/domvicoso.mg.gov.br\/v1\/wp-json\/wp\/v2\/media?parent=2417"}],"curies":[{"name":"wp","href":"https:\/\/api.w.org\/{rel}","templated":true}]}}