{"id":4478,"date":"2023-01-02T22:14:05","date_gmt":"2023-01-02T22:14:05","guid":{"rendered":"https:\/\/domvicoso.mg.gov.br\/v1\/?page_id=4478"},"modified":"2023-01-02T22:14:05","modified_gmt":"2023-01-02T22:14:05","slug":"licitacoes-e-contratos-2023","status":"publish","type":"page","link":"https:\/\/domvicoso.mg.gov.br\/v1\/licitacoes-e-contratos-2023\/","title":{"rendered":"Licita\u00e7\u00f5es e Contratos \u2013 2023"},"content":{"rendered":"\n<table id=\"tablepress-16\" class=\"tablepress tablepress-id-16\">\n<thead>\n<tr class=\"row-1 odd\">\n\t<th class=\"column-1\">PROCESSO<\/th><th class=\"column-2\">MODALIDADE<\/th><th class=\"column-3\">OBJETO<\/th><th class=\"column-4\">EDITAL<\/th><th class=\"column-5\">ABERTURA<\/th><th class=\"column-6\">VALOR ESTIMADO<\/th><th class=\"column-7\">RESULTADO<\/th><th class=\"column-8\">HOMOLOGA\u00c7\u00c3O<\/th><th class=\"column-9\">CONTRATO \/ ARP<\/th>\n<\/tr>\n<\/thead>\n<tbody class=\"row-hover\">\n<tr class=\"row-2 even\">\n\t<td class=\"column-1\">081\/2023<\/td><td class=\"column-2\">Dispensa 045<\/td><td class=\"column-3\">Contrata\u00e7\u00e3o de empresa de Sonoriza\u00e7\u00e3o e Ilumina\u00e7\u00e3o para a realiza\u00e7\u00e3o do \u201cR\u00e9veillon\u201d na Pra\u00e7a da Matriz de Dom Vi\u00e7oso nos dias 30 e 31 de dezembro de 2023.<\/td><td class=\"column-4\">----------<\/td><td class=\"column-5\">----------<\/td><td class=\"column-6\">R$ 23.000,00<\/td><td class=\"column-7\">----------<\/td><td class=\"column-8\"><a href=\"https:\/\/domvicoso.mg.gov.br\/v1\/wp-content\/uploads\/2023\/12\/6-Termo-de-Ratificacao-1.pdf\" rel=\"noopener\" target=\"_blank\">Termo de Ratifica\u00e7\u00e3o<\/a><\/td><td class=\"column-9\"><a href=\"https:\/\/domvicoso.mg.gov.br\/v1\/wp-content\/uploads\/2023\/12\/8-Contrato-095-2023.pdf\" rel=\"noopener\" target=\"_blank\">Contrato - 095 - RC Eventos e Promo\u00e7\u00f5es Ltda<\/a><\/td>\n<\/tr>\n<tr class=\"row-3 odd\">\n\t<td class=\"column-1\">080\/2023<\/td><td class=\"column-2\">Inexigibilidade 005<\/td><td class=\"column-3\">Contrata\u00e7\u00e3o da empresa Danivaldo Candido da Silva 00988098652, para presta\u00e7\u00e3o de servi\u00e7os art\u00edsticos, na realiza\u00e7\u00e3o de um Show com a Banda Biss, no R\u00e9veillon de 2024, em Dom Vi\u00e7oso. <\/td><td class=\"column-4\">----------<\/td><td class=\"column-5\">----------<\/td><td class=\"column-6\">R$ 27.000,00<\/td><td class=\"column-7\">----------<\/td><td class=\"column-8\"><a href=\"https:\/\/domvicoso.mg.gov.br\/v1\/wp-content\/uploads\/2023\/12\/6-Termo-de-Ratificacao.pdf\" rel=\"noopener\" target=\"_blank\">Termo de Ratifica\u00e7\u00e3o<\/a><\/td><td class=\"column-9\"><a href=\"https:\/\/domvicoso.mg.gov.br\/v1\/wp-content\/uploads\/2023\/12\/11-CONTRATO-094-2023-B.-BISS.pdf\" rel=\"noopener\" target=\"_blank\">Contrato 094 - Danivaldo Candido da Silva<\/a><\/td>\n<\/tr>\n<tr class=\"row-4 even\">\n\t<td class=\"column-1\">079\/2023<\/td><td class=\"column-2\">Inexigibilidade 004<\/td><td class=\"column-3\">Contrata\u00e7\u00e3o de empresa para presta\u00e7\u00e3o de servi\u00e7os advocat\u00edcios para defesa do Munic\u00edpio de Dom Vi\u00e7oso, em 1\u00aa, 2\u00aa inst\u00e2ncias, inclu\u00eddos agravos, embargos e demais recursos, at\u00e9 final julgamento, na a\u00e7\u00e3o civil p\u00fablica de n\u00ba 5000748-69.2023.8.13.0141 que lhe move o Minist\u00e9rio P\u00fablico do Estado de Minas Gerais.<\/td><td class=\"column-4\">---------<\/td><td class=\"column-5\">----------<\/td><td class=\"column-6\">R$ 40.000,00<\/td><td class=\"column-7\">----------<\/td><td class=\"column-8\"><a href=\"https:\/\/domvicoso.mg.gov.br\/v1\/wp-content\/uploads\/2023\/12\/11-Termo-de-Ratificacao.pdf\" rel=\"noopener\" target=\"_blank\">Termo de Ratifica\u00e7\u00e3o<\/a><\/td><td class=\"column-9\"><a href=\"https:\/\/domvicoso.mg.gov.br\/v1\/wp-content\/uploads\/2023\/12\/Contrato-no-093-2023.pdf\" rel=\"noopener\" target=\"_blank\">Contrato - 093 - Sanders, Carvalho, Luduvice &amp; Figueir\u00f3 Sociedade de Advogados<\/a><\/td>\n<\/tr>\n<tr class=\"row-5 odd\">\n\t<td class=\"column-1\">078\/2023<\/td><td class=\"column-2\">Preg\u00e3o Eletr\u00f4nico 009<\/td><td class=\"column-3\">Registro de Pre\u00e7os para Aquisi\u00e7\u00e3o de Pneus e C\u00e2maras de Ar para os Ve\u00edculos e Maquin\u00e1rios da Frota Municipal e Conveniados<\/td><td class=\"column-4\"><a href=\"https:\/\/domvicoso.mg.gov.br\/v1\/wp-content\/uploads\/2023\/12\/5-EDITAL.pdf\" rel=\"noopener\" target=\"_blank\">Edital<\/a><\/td><td class=\"column-5\">19\/12\/2023, \u00e0s 10:00 horas<\/td><td class=\"column-6\">R$740.454,00<\/td><td class=\"column-7\"><a href=\"https:\/\/domvicoso.mg.gov.br\/v1\/wp-content\/uploads\/2023\/12\/Impugnacao-ao-edital.pdf\" rel=\"noopener\" target=\"_blank\">Impugna\u00e7\u00e3o ao edital<\/a><br \/>\n<br><a href=\"https:\/\/domvicoso.mg.gov.br\/v1\/wp-content\/uploads\/2023\/12\/Resposta-a-impugnacao-ao-edital.pdf\" rel=\"noopener\" target=\"_blank\">Resposta a impugna\u00e7\u00e3o ao edital<\/a><br><br \/>\n<a href=\"https:\/\/domvicoso.mg.gov.br\/v1\/wp-content\/uploads\/2024\/01\/Recurso-ba42358e-b296-4d6e-9755-405028961744.pdf\" rel=\"noopener\" target=\"_blank\">Recurso<\/a><br><br \/>\n<a href=\"https:\/\/domvicoso.mg.gov.br\/v1\/wp-content\/uploads\/2024\/01\/Contrarrazao-5918229f-715d-4c8c-b1ad-3085db13da27.pdf\" rel=\"noopener\" target=\"_blank\">Contrarraz\u00e3o<\/a><br><br \/>\n<a href=\"https:\/\/domvicoso.mg.gov.br\/v1\/wp-content\/uploads\/2024\/01\/Julgamento-de-recurso-administrativo_compressed.pdf\" rel=\"noopener\" target=\"_blank\">Julgamento de recurso administrativo<\/a><br><br \/>\n<a href=\"https:\/\/domvicoso.mg.gov.br\/v1\/wp-content\/uploads\/2024\/01\/Vencedores-1.pdf\" rel=\"noopener\" target=\"_blank\">Vencedores<\/a><br \/>\n<br \/>\n<br \/>\n<br \/>\n<\/td><td class=\"column-8\"><a href=\"https:\/\/domvicoso.mg.gov.br\/v1\/wp-content\/uploads\/2024\/01\/13-Extratos-para-publicar-do-Termo-de-Adjudicacao-e-Homologacao.pdf\" rel=\"noopener\" target=\"_blank\">Termo de Adjudica\u00e7\u00e3o e Homologa\u00e7\u00e3o<\/a><\/td><td class=\"column-9\"><a href=\"https:\/\/domvicoso.mg.gov.br\/v1\/wp-content\/uploads\/2024\/01\/Augusto-Pneus.pdf\" rel=\"noopener\" target=\"_blank\">ARP 001 - Augusto Pneus<\/a><br><br \/>\n<a href=\"https:\/\/domvicoso.mg.gov.br\/v1\/wp-content\/uploads\/2024\/01\/Lucas-Lorenzo.pdf\" rel=\"noopener\" target=\"_blank\">ARP 001 - Lucas Lorenzo<\/a><br><br \/>\n<a href=\"https:\/\/domvicoso.mg.gov.br\/v1\/wp-content\/uploads\/2024\/01\/MGB-Pneus.pdf\" rel=\"noopener\" target=\"_blank\">ARP 001 - MGB Pneus<\/a><br><br \/>\n<a href=\"https:\/\/domvicoso.mg.gov.br\/v1\/wp-content\/uploads\/2024\/01\/Pneus-Art.pdf\" rel=\"noopener\" target=\"_blank\">ARP 001 - Pneus Art<\/a><br><br \/>\n<a href=\"https:\/\/domvicoso.mg.gov.br\/v1\/wp-content\/uploads\/2024\/01\/Zeus-Comercial.pdf\" rel=\"noopener\" target=\"_blank\">ARP 001 - Zeus Comercial<\/a><\/td>\n<\/tr>\n<tr class=\"row-6 even\">\n\t<td class=\"column-1\">077\/2023<\/td><td class=\"column-2\">Preg\u00e3o Eletr\u00f4nico 008<\/td><td class=\"column-3\">Aquisi\u00e7\u00e3o de mobili\u00e1rios e equipamentos destinados ao atendimento dos alunos matriculados em escolas da rede municipal de ensino, pelo Programa Fortalecimento das Escolas Municipais, com recursos oriundos do Conv\u00eanio n\u00ba 1261002405\/2022, da Secretaria de Estado da Educa\u00e7\u00e3o \u2013 SEE.<\/td><td class=\"column-4\"><a href=\"https:\/\/domvicoso.mg.gov.br\/v1\/wp-content\/uploads\/2023\/11\/5-Edital-1.pdf\" rel=\"noopener\" target=\"_blank\">Edital<\/a><br \/>\n<br> <a href=\"https:\/\/domvicoso.mg.gov.br\/v1\/wp-content\/uploads\/2023\/12\/5-Edital-Retificado.pdf\" rel=\"noopener\" target=\"_blank\">Edital - Retificado<\/a><\/td><td class=\"column-5\">28\/12\/2023, \u00e1s 10:00 horas<\/td><td class=\"column-6\">R$ 160.155,00<\/td><td class=\"column-7\"><a href=\"https:\/\/domvicoso.mg.gov.br\/v1\/wp-content\/uploads\/2023\/12\/Impugnacao-GO-VENDAS-ELETRONICAS.pdf\" rel=\"noopener\" target=\"_blank\">Impugna\u00e7\u00e3o ao edital<\/a> <br \/>\n<br> <a href=\"https:\/\/domvicoso.mg.gov.br\/v1\/wp-content\/uploads\/2023\/12\/Resposta-a-impugnacao-ao-edital_compressed.pdf\" rel=\"noopener\" target=\"_blank\">Resposta a impugna\u00e7\u00e3o ao edital<\/a><br><br \/>\n<a href=\"https:\/\/domvicoso.mg.gov.br\/v1\/wp-content\/uploads\/2024\/01\/Vencedores.pdf\" rel=\"noopener\" target=\"_blank\">Vencedores<\/a><\/td><td class=\"column-8\"><a href=\"https:\/\/domvicoso.mg.gov.br\/v1\/wp-content\/uploads\/2024\/01\/9-Extratos-para-publicar.pdf\" rel=\"noopener\" target=\"_blank\">Termo de Adjudica\u00e7\u00e3o e Homologa\u00e7\u00e3o<\/a><\/td><td class=\"column-9\"><a href=\"https:\/\/domvicoso.mg.gov.br\/v1\/wp-content\/uploads\/2024\/04\/AF-Bruno-do-Carmo-Ferreira.pdf\">Contrato -  001 - Bruno do Carmo Ferreira <\/a><br \/>\n<br><a href=\"https:\/\/domvicoso.mg.gov.br\/v1\/wp-content\/uploads\/2024\/04\/AF-Costa-Silva-Comercio-de-Moveis-e-Utilidades-Ltda_compressed-1.pdf\">Contrato - 002 - Costa &amp; Silva Com\u00e9rcio de M\u00f3veis e Utilidades LTDA.<\/a><br \/>\n<br><a href=\"https:\/\/domvicoso.mg.gov.br\/v1\/wp-content\/uploads\/2024\/04\/AF-Tallyta-Cristina-Silva-Santos.pdf\">Contrato - 003 - Tallyta Cristina Silva Santos<\/a><br \/>\n<br><a href=\"https:\/\/domvicoso.mg.gov.br\/v1\/wp-content\/uploads\/2024\/04\/AF-Multipla-Comercio-Atacadista-Varejista-e-Servicos-Ltda.pdf\">Contrato - 004 - M\u00faltipla Com\u00e9rcio Atacadista, Varejista e Servi\u00e7os LTDA. <\/a><br \/>\n<br><a href=\"https:\/\/domvicoso.mg.gov.br\/v1\/wp-content\/uploads\/2024\/04\/AF-DAndreia-Distribuidora-Ltda.pdf\">Contrato - 005 - D' Andreia Distribuidora LTDA.<\/a><br \/>\n<br><a href=\"https:\/\/domvicoso.mg.gov.br\/v1\/wp-content\/uploads\/2024\/04\/AF-Fabricio-Rodrigues-Pereira_compressed.pdf\">Contrato - 006 - Fabricio Rodrigo Pereira <\/a><br \/>\n<br><a href=\"https:\/\/domvicoso.mg.gov.br\/v1\/wp-content\/uploads\/2024\/04\/AF-Ludmila-Aparecida-de-Souza.pdf\">Contrato - 007 - Ludmila Ap de Souza<\/a><br \/>\n<br><a href=\"https:\/\/domvicoso.mg.gov.br\/v1\/wp-content\/uploads\/2024\/04\/AF-Advanced-Comercio-de-Equipamentos-Ltda-ME.pdf\">Contrato - 008 - Advanced Com\u00e9rcio de Equipamentos LTDA.<\/a><br \/>\n <br><a href=\"https:\/\/domvicoso.mg.gov.br\/v1\/wp-content\/uploads\/2024\/04\/1o-Termo-Aditivo-Acrescimo-assinado-1.pdf\">1\u00ba Termo Aditivo - Fabricio Rodrigues Pereira  <\/a><\/td>\n<\/tr>\n<tr class=\"row-7 odd\">\n\t<td class=\"column-1\">076\/2023<\/td><td class=\"column-2\">Dispensa 044<\/td><td class=\"column-3\">Aquisi\u00e7\u00e3o de 01 (um) bebedouro industrial para atender as necessidades da Escola Municipal Jo\u00e3o Pereira de Castro, no Bairro Vi\u00e7oso Velho, munic\u00edpio de Dom Vi\u00e7oso, MG, com recursos oriundos do Conv\u00eanio n\u00ba 1261002405\/2022, da Secretaria de Estado da Educa\u00e7\u00e3o \u2013 SEE.<\/td><td class=\"column-4\">----------<\/td><td class=\"column-5\">----------<\/td><td class=\"column-6\">R$ 4.428,00<\/td><td class=\"column-7\">----------<\/td><td class=\"column-8\"><a href=\"https:\/\/domvicoso.mg.gov.br\/v1\/wp-content\/uploads\/2023\/11\/5-Termo-de-Ratificacao.pdf\" rel=\"noopener\" target=\"_blank\">Termo de Ratifica\u00e7\u00e3o<\/a><\/td><td class=\"column-9\"><a href=\"https:\/\/domvicoso.mg.gov.br\/v1\/wp-content\/uploads\/2023\/11\/10-Contrato-Administrativo-088-2023.pdf\" rel=\"noopener\" target=\"_blank\">Contrato - 088 - Aqualar Filtros e Bebedouros Ltda<\/a><\/td>\n<\/tr>\n<tr class=\"row-8 even\">\n\t<td class=\"column-1\">075\/2023<\/td><td class=\"column-2\">Preg\u00e3o Eletr\u00f4nico 007<\/td><td class=\"column-3\">Aquisi\u00e7\u00e3o de computador e impressora para atender as necessidades do Setor do Cadastro \u00danico, atrav\u00e9s de recursos do PROCAD-SUAS.<\/td><td class=\"column-4\"><a href=\"https:\/\/domvicoso.mg.gov.br\/v1\/wp-content\/uploads\/2023\/11\/5-Edital.pdf\" rel=\"noopener\" target=\"_blank\">Edital<\/a><\/td><td class=\"column-5\">30\/11\/2023, \u00e1s 10:00 horas<\/td><td class=\"column-6\">R$ 9.602,00<\/td><td class=\"column-7\"><a href=\"https:\/\/domvicoso.mg.gov.br\/v1\/wp-content\/uploads\/2023\/12\/Vencedores.pdf\" rel=\"noopener\" target=\"_blank\">Vencedores<\/a><\/td><td class=\"column-8\"><a href=\"https:\/\/domvicoso.mg.gov.br\/v1\/wp-content\/uploads\/2023\/12\/10-Extrato-Termo-de-Adjudicacao-e-Homologacao.pdf\" rel=\"noopener\" target=\"_blank\">Termo de Adjudica\u00e7\u00e3o e Homologa\u00e7\u00e3o<\/a><\/td><td class=\"column-9\"><a href=\"https:\/\/domvicoso.mg.gov.br\/v1\/wp-content\/uploads\/2023\/12\/Contrato-090-2023-Mac-Copiadora.pdf\" rel=\"noopener\" target=\"_blank\">Contrato 090 - Mac<\/a><br><a href=\"https:\/\/domvicoso.mg.gov.br\/v1\/wp-content\/uploads\/2023\/12\/Contrato-091-2023-Fabrcio.pdf\" rel=\"noopener\" target=\"_blank\">Contrato 091 - Fabricio<\/a><\/td>\n<\/tr>\n<tr class=\"row-9 odd\">\n\t<td class=\"column-1\">074\/2023<\/td><td class=\"column-2\">Preg\u00e3o Eletr\u00f4nico 006<\/td><td class=\"column-3\">Aquisi\u00e7\u00e3o de Equipamentos e Materiais Permanentes (computadores e impressoras) para o Centro de Sa\u00fade de Dom Vi\u00e7oso-MG, em atendimento ao Programa de Estrutura\u00e7\u00e3o da Rede de Servi\u00e7os de Aten\u00e7\u00e3o Prim\u00e1ria \u00e1 Sa\u00fade \u2013 Emenda Parlamentar n\u00ba 39600007.<\/td><td class=\"column-4\"><a href=\"https:\/\/domvicoso.mg.gov.br\/v1\/wp-content\/uploads\/2023\/10\/5-Edital-2.pdf\" rel=\"noopener\" target=\"_blank\">Edital<\/a><\/td><td class=\"column-5\">09\/11\/2023, \u00e1s 10:00 horas<\/td><td class=\"column-6\">R$ 31.629,00<\/td><td class=\"column-7\"><a href=\"https:\/\/domvicoso.mg.gov.br\/v1\/wp-content\/uploads\/2023\/11\/Vencedor.pdf\" rel=\"noopener\" target=\"_blank\">Vencedor<\/a><\/td><td class=\"column-8\"><a href=\"https:\/\/domvicoso.mg.gov.br\/v1\/wp-content\/uploads\/2023\/11\/10-Extrato-Termo-de-Adjudicacao-e-Homologacao.pdf\" rel=\"noopener\" target=\"_blank\">Termo de Adjudica\u00e7\u00e3o e Homologa\u00e7\u00e3o<\/a><\/td><td class=\"column-9\"><a href=\"https:\/\/domvicoso.mg.gov.br\/v1\/wp-content\/uploads\/2023\/11\/Contrato-089-2023.pdf\" rel=\"noopener\" target=\"_blank\">Contrato - 089 - GG Solu\u00e7\u00f5es Comerciais Ltda<\/a><\/td>\n<\/tr>\n<tr class=\"row-10 even\">\n\t<td class=\"column-1\">073\/2023<\/td><td class=\"column-2\">Preg\u00e3o Eletr\u00f4nico 005<\/td><td class=\"column-3\">Registro de Pre\u00e7os, para aquisi\u00e7\u00e3o de produtos para o tratamento de \u00e1gua, para atender as necessidades da Esta\u00e7\u00e3o de Tratamento de \u00c1gua \u2013 ETA, do Munic\u00edpio.<\/td><td class=\"column-4\"><a href=\"https:\/\/domvicoso.mg.gov.br\/v1\/wp-content\/uploads\/2023\/10\/5.1-EDITAL-CORRETO.pdf\" rel=\"noopener\" target=\"_blank\">Edital<\/a><\/td><td class=\"column-5\">25\/10\/2023, \u00e1s 10:00 horas<\/td><td class=\"column-6\">R$ 104.100,00<\/td><td class=\"column-7\"><a href=\"https:\/\/domvicoso.mg.gov.br\/v1\/wp-content\/uploads\/2023\/10\/Vencedor-2.pdf\" rel=\"noopener\" target=\"_blank\">Vencedores<\/a><\/td><td class=\"column-8\"><a href=\"https:\/\/domvicoso.mg.gov.br\/v1\/wp-content\/uploads\/2023\/10\/12-Termo-de-Adjudicacao-e-Homolagacao.pdf\" rel=\"noopener\" target=\"_blank\">Termo de Adjudica\u00e7\u00e3o e Homologa\u00e7\u00e3o<\/a><\/td><td class=\"column-9\"><a href=\"https:\/\/domvicoso.mg.gov.br\/v1\/wp-content\/uploads\/2023\/10\/ARP-010-Caldas-Quimica.pdf\" rel=\"noopener\" target=\"_blank\">ARP 010 - Caldas Qu\u00edmica<\/a> <br><br \/>\n<a href=\"https:\/\/domvicoso.mg.gov.br\/v1\/wp-content\/uploads\/2023\/10\/ARP-010-Lubrimar.pdf\" rel=\"noopener\" target=\"_blank\">ARP 010 - Lubrimar<\/a><br> <br \/>\n<a href=\"https:\/\/domvicoso.mg.gov.br\/v1\/wp-content\/uploads\/2023\/10\/ARP-010-Akavo-Quimica.pdf\" rel=\"noopener\" target=\"_blank\">ARP 010 - Akavo Qu\u00edmica<\/a><br \/>\n<\/td>\n<\/tr>\n<tr class=\"row-11 odd\">\n\t<td class=\"column-1\">072\/2023<\/td><td class=\"column-2\">Dispensa 043<\/td><td class=\"column-3\">Contrata\u00e7\u00e3o de empresa para servi\u00e7os de arbitragem de futebol, para atuar em diversas modalidades, sendo elas: Projeto Nova Gera\u00e7\u00e3o (Futsal e Copa Fut 7), Veterano (Fut 7) e Adulto (Futsal), atendendo as demandas dos jogos do campeonato municipal.<br \/>\n<br \/>\n<\/td><td class=\"column-4\">----------<\/td><td class=\"column-5\">----------<\/td><td class=\"column-6\">R$ 7.800,00<\/td><td class=\"column-7\">----------<\/td><td class=\"column-8\"><a href=\"https:\/\/domvicoso.mg.gov.br\/v1\/wp-content\/uploads\/2023\/10\/5-Termo-de-Ratificacao-2.pdf\" rel=\"noopener\" target=\"_blank\">Termo de Ratifica\u00e7\u00e3o<\/a><\/td><td class=\"column-9\"><a href=\"https:\/\/domvicoso.mg.gov.br\/v1\/wp-content\/uploads\/2023\/10\/Contrato-086-2023-1.pdf\" rel=\"noopener\" target=\"_blank\">Contrato - 086 - Mariana Aparecida Claudino<\/a><\/td>\n<\/tr>\n<tr class=\"row-12 even\">\n\t<td class=\"column-1\">071\/2023<\/td><td class=\"column-2\">Preg\u00e3o Presencial 016<\/td><td class=\"column-3\">Registro de Pre\u00e7os para futura e eventual aquisi\u00e7\u00e3o de areia e pedra brita para atender as necessidades da Administra\u00e7\u00e3o Municipal. <\/td><td class=\"column-4\"><a href=\"https:\/\/domvicoso.mg.gov.br\/v1\/wp-content\/uploads\/2023\/10\/5-Edital-1.pdf\" rel=\"noopener\" target=\"_blank\">Edital<\/a><\/td><td class=\"column-5\">23\/10\/2023, \u00e1s 13:00 horas<\/td><td class=\"column-6\">R$ 3.531.950,00<\/td><td class=\"column-7\"><a href=\"https:\/\/domvicoso.mg.gov.br\/v1\/wp-content\/uploads\/2023\/10\/Vencedor-1.pdf\" rel=\"noopener\" target=\"_blank\">Vencedor<\/a><\/td><td class=\"column-8\"><a href=\"https:\/\/domvicoso.mg.gov.br\/v1\/wp-content\/uploads\/2023\/10\/10-Termo-de-Adjudicacao-e-Homologacao.pdf\" rel=\"noopener\" target=\"_blank\">Termo de Adjudica\u00e7\u00e3o e Homologa\u00e7\u00e3o<\/a><\/td><td class=\"column-9\"><a href=\"https:\/\/domvicoso.mg.gov.br\/v1\/wp-content\/uploads\/2023\/10\/ARP-009-2023-ALX.pdf\" rel=\"noopener\" target=\"_blank\">ARP 009 - Alx Minera\u00e7\u00e3o S\u00e3o Louren\u00e7o Ltda<\/a> <br> <br \/>\n<a href=\"https:\/\/domvicoso.mg.gov.br\/v1\/wp-content\/uploads\/2023\/10\/ARP-009-2023-Daniele.pdf\" rel=\"noopener\" target=\"_blank\">ARP 009 - Daniele Abanca<\/a><\/td>\n<\/tr>\n<tr class=\"row-13 odd\">\n\t<td class=\"column-1\">070\/2023<\/td><td class=\"column-2\">Dispensa 042<\/td><td class=\"column-3\">Contrata\u00e7\u00e3o do SEBRAE para apoio t\u00e9cnico ao evento do 2\u00ba Festival e Concurso do Caf\u00e9 Especial de Dom Vi\u00e7oso e Regi\u00e3o que se dar\u00e1 entre os dias 27 a 29 de outubro de 2023, com capacita\u00e7\u00e3o e palestras a produtores de caf\u00e9s e mun\u00edcipes, e com fornecimento de equipamentos, materiais e montagem da Estrutura da \u00e1rea do evento.<\/td><td class=\"column-4\">----------<\/td><td class=\"column-5\">----------<\/td><td class=\"column-6\">R$ 60.000,00<\/td><td class=\"column-7\">----------<\/td><td class=\"column-8\"><a href=\"https:\/\/domvicoso.mg.gov.br\/v1\/wp-content\/uploads\/2023\/10\/5-Termo-de-Ratificacao-1.pdf\" rel=\"noopener\" target=\"_blank\">Termo de Ratifica\u00e7\u00e3o<\/a><\/td><td class=\"column-9\"><a href=\"https:\/\/domvicoso.mg.gov.br\/v1\/wp-content\/uploads\/2023\/10\/Contrato-075-2023-assinado.pdf\" rel=\"noopener\" target=\"_blank\">Contrato - 075 - SEBRAE<\/a><\/td>\n<\/tr>\n<tr class=\"row-14 even\">\n\t<td class=\"column-1\">069\/2023<\/td><td class=\"column-2\">Ades\u00e3o a ARP<\/td><td class=\"column-3\">Ades\u00e3o \u00e0 Ata de Registro de Pre\u00e7o n\u00ba 11\/2022, referente ao Processo Licitat\u00f3rio n\u00ba 006\/2022, RDC-I N\u00ba 001\/2022, pertencente ao Cons\u00f3rcio P\u00fablico Intermunicipal de Desenvolvimento Sustent\u00e1vel do Alto Parana\u00edba \u2013 CISPAR, para Constru\u00e7\u00e3o da Creche Municipal de Dom Vi\u00e7oso.<\/td><td class=\"column-4\">----------<\/td><td class=\"column-5\">----------<\/td><td class=\"column-6\">R$ 1.495.200,00<\/td><td class=\"column-7\">----------<\/td><td class=\"column-8\"><a href=\"https:\/\/domvicoso.mg.gov.br\/v1\/wp-content\/uploads\/2023\/10\/5-Termo-de-Ratificacao.pdf\" rel=\"noopener\" target=\"_blank\">Termo de Ratifica\u00e7\u00e3o<\/a><\/td><td class=\"column-9\"><a href=\"https:\/\/domvicoso.mg.gov.br\/v1\/wp-content\/uploads\/2023\/10\/Contrato-076-2023.pdf\" rel=\"noopener\" target=\"_blank\">Contrato - 076 - Cons\u00f3rcio Atenas<\/a><\/td>\n<\/tr>\n<tr class=\"row-15 odd\">\n\t<td class=\"column-1\">068\/2023<\/td><td class=\"column-2\">Preg\u00e3o Eletr\u00f4nico 004<\/td><td class=\"column-3\">Contrata\u00e7\u00e3o de empresa especializada para fornecimento e instala\u00e7\u00e3o de playground ecol\u00f3gico na Rua Jos\u00e9 Olavo Pereira, Centro, Munic\u00edpio de Dom Vi\u00e7oso, conforme Transfer\u00eancia Especial atrav\u00e9s da Secretaria de Estado de Governo de Minas Gerais \u2013 SEGOV.<\/td><td class=\"column-4\"><a href=\"https:\/\/domvicoso.mg.gov.br\/v1\/wp-content\/uploads\/2023\/10\/5-Edital.pdf\" rel=\"noopener\" target=\"_blank\">Edital<\/a><\/td><td class=\"column-5\">17\/10\/2023, \u00e1s 10:00 horas<\/td><td class=\"column-6\">R$ 57.550,00<\/td><td class=\"column-7\"><a href=\"https:\/\/domvicoso.mg.gov.br\/v1\/wp-content\/uploads\/2023\/10\/Vencedor.pdf\" rel=\"noopener\" target=\"_blank\">Vencedor<\/a><\/td><td class=\"column-8\"><a href=\"https:\/\/domvicoso.mg.gov.br\/v1\/wp-content\/uploads\/2023\/10\/7-Termo-de-Adjudicacao-e-Homologacao.pdf\" rel=\"noopener\" target=\"_blank\">Termo de Adjudica\u00e7\u00e3o e Homologa\u00e7\u00e3o<\/a><\/td><td class=\"column-9\"><a href=\"https:\/\/domvicoso.mg.gov.br\/v1\/wp-content\/uploads\/2023\/10\/Contrato-087-2023-Parque-Sul.pdf\" rel=\"noopener\" target=\"_blank\">Contrato - 087 - Parque Sul <\/a><\/td>\n<\/tr>\n<tr class=\"row-16 even\">\n\t<td class=\"column-1\">067\/2023<\/td><td class=\"column-2\">Dispensa 041<\/td><td class=\"column-3\">Contrata\u00e7\u00e3o de empresa de eventos para Sonoriza\u00e7\u00e3o\/Ilumina\u00e7\u00e3o e apresenta\u00e7\u00e3o de um show sertanejo na Tradicional Festa do Bairro da Bocaina, nos dias 12,13,14 e 15 de outubro de 2023, em incentivo as atividades da ASMOB (Associa\u00e7\u00e3o dos Moradores do Bairro Bocaina de Dom Vi\u00e7oso-MG).<\/td><td class=\"column-4\">----------<\/td><td class=\"column-5\">----------<\/td><td class=\"column-6\">R$ 10.900,00<\/td><td class=\"column-7\">----------<\/td><td class=\"column-8\"><a href=\"https:\/\/domvicoso.mg.gov.br\/v1\/wp-content\/uploads\/2023\/09\/5-Termo-de-Ratificacao-3.pdf\" rel=\"noopener\" target=\"_blank\">Termo de Ratifica\u00e7\u00e3o<\/a><\/td><td class=\"column-9\"><a href=\"https:\/\/domvicoso.mg.gov.br\/v1\/wp-content\/uploads\/2023\/09\/6-Contrato-073-2023-FelipemDavid.pdf\" rel=\"noopener\" target=\"_blank\">Contrato - 073 - Felipe David de Carvalho<\/a><\/td>\n<\/tr>\n<tr class=\"row-17 odd\">\n\t<td class=\"column-1\">066\/2023<\/td><td class=\"column-2\">Preg\u00e3o Eletr\u00f4nico 003<\/td><td class=\"column-3\">Aquisi\u00e7\u00e3o de Equipamentos e Materiais Permanentes para o Centro de Sa\u00fade de Dom Vi\u00e7oso-MG, em atendimento ao Programa de Estrutura\u00e7\u00e3o da Rede de Servi\u00e7os de Aten\u00e7\u00e3o Prim\u00e1ria \u00e1 Sa\u00fade \u2013 Emenda Parlamentar n\u00ba 39600007.<br \/>\n<br \/>\n<\/td><td class=\"column-4\"><a href=\"https:\/\/domvicoso.mg.gov.br\/v1\/wp-content\/uploads\/2023\/09\/5-Edital-Correto.pdf\" rel=\"noopener\" target=\"_blank\">Edital<\/a><\/td><td class=\"column-5\">28\/09\/2023 \u00e1s 09:30 horas<\/td><td class=\"column-6\">R$ 48.656,00<\/td><td class=\"column-7\"><a href=\"https:\/\/domvicoso.mg.gov.br\/v1\/wp-content\/uploads\/2023\/10\/Vencedores.pdf\" rel=\"noopener\" target=\"_blank\">Vencedores<\/a><\/td><td class=\"column-8\"><a href=\"https:\/\/domvicoso.mg.gov.br\/v1\/wp-content\/uploads\/2023\/10\/10-Extrato-Termo-de-Adjudicacao-e-Homologacao.pdf\" rel=\"noopener\" target=\"_blank\">Termo de Adjudica\u00e7\u00e3o e Homologa\u00e7\u00e3o<\/a><\/td><td class=\"column-9\"><a href=\"https:\/\/domvicoso.mg.gov.br\/v1\/wp-content\/uploads\/2023\/10\/CONTRATO-077-2023.pdf\" rel=\"noopener\" target=\"_blank\">Contrato 077 - Sul Services<\/a> <br><br \/>\n<a href=\"https:\/\/domvicoso.mg.gov.br\/v1\/wp-content\/uploads\/2023\/10\/CONTRATO-078-2023.pdf\" rel=\"noopener\" target=\"_blank\">Contrato - 078 - M\u00faltipla Com\u00e9rcio<\/a <br \/>\n<br> <br \/>\n<a href=\"https:\/\/domvicoso.mg.gov.br\/v1\/wp-content\/uploads\/2023\/10\/CONTRATO-079-2023.pdf\" rel=\"noopener\" target=\"_blank\">Contrato - 079 - Visamed Com\u00e9rcio<\/a><br \/>\n<br><br \/>\n<a href=\"https:\/\/domvicoso.mg.gov.br\/v1\/wp-content\/uploads\/2023\/10\/CONTRATO-080-2023.pdf\" rel=\"noopener\" target=\"_blank\">Contrato - 080 - Moura Porto<\/a><br \/>\n<br> <a href=\"https:\/\/domvicoso.mg.gov.br\/v1\/wp-content\/uploads\/2023\/10\/CONTRATO-081-2023.pdf\" rel=\"noopener\" target=\"_blank\">Contrato - 081 - Tallyta Cristina<\/a><br \/>\n<br> <a href=\"https:\/\/domvicoso.mg.gov.br\/v1\/wp-content\/uploads\/2023\/10\/CONTRATO-082-2023.pdf\" rel=\"noopener\" target=\"_blank\">Contrato 082 - Cir\u00fargica Fenix<\/a><br \/>\n<br> <a href=\"https:\/\/domvicoso.mg.gov.br\/v1\/wp-content\/uploads\/2023\/10\/CONTRATO-083-2023.pdf\" rel=\"noopener\" target=\"_blank\">Contrato - 083 - Ludmila Aparecida<\/a><br \/>\n<br> <a href=\"https:\/\/domvicoso.mg.gov.br\/v1\/wp-content\/uploads\/2023\/10\/CONTRATO-084-2023.pdf\" rel=\"noopener\" target=\"_blank\">Contrato - 084 - Londrihosp<\/a><br \/>\n<br> <a href=\"https:\/\/domvicoso.mg.gov.br\/v1\/wp-content\/uploads\/2023\/10\/CONTRATO-085-2023.pdf\" rel=\"noopener\" target=\"_blank\">Contrato - 085 - D&amp;D Empreendimentos<\/a><br \/>\n<br \/>\n<\/td>\n<\/tr>\n<tr class=\"row-18 even\">\n\t<td class=\"column-1\">065\/2023<\/td><td class=\"column-2\">Dispensa 040<\/td><td class=\"column-3\">Contrata\u00e7\u00e3o de empresa prestadora de servi\u00e7os na \u00e1rea de eventos para a organiza\u00e7\u00e3o, produ\u00e7\u00e3o e apoio log\u00edstico na realiza\u00e7\u00e3o do 2\u00ba Festival e Concurso do Caf\u00e9 Especial de Dom Vi\u00e7oso e Regi\u00e3o que se dar\u00e1 entre os dias 27 a 29 de outubro de 2023, visando a promo\u00e7\u00e3o e a divulga\u00e7\u00e3o do Caf\u00e9 e do Turismo no Munic\u00edpio.<\/td><td class=\"column-4\">----------<\/td><td class=\"column-5\">----------<\/td><td class=\"column-6\">R$ 16.950,00<\/td><td class=\"column-7\">----------<\/td><td class=\"column-8\"><a href=\"https:\/\/domvicoso.mg.gov.br\/v1\/wp-content\/uploads\/2023\/09\/5-Termo-de-Ratificacao-2.pdf\" rel=\"noopener\" target=\"_blank\">Termo de Ratifica\u00e7\u00e3o<\/a><\/td><td class=\"column-9\"><a href=\"https:\/\/domvicoso.mg.gov.br\/v1\/wp-content\/uploads\/2023\/10\/Contrato-072-2023.pdf\" rel=\"noopener\" target=\"_blank\">Contrato - 072 - Jorge Moallem<\/a><\/td>\n<\/tr>\n<tr class=\"row-19 odd\">\n\t<td class=\"column-1\">064\/2023<\/td><td class=\"column-2\">Dispensa 039<\/td><td class=\"column-3\">Aquisi\u00e7\u00e3o de 01 (um) tanque em fibra de vidro retangular para flocula\u00e7\u00e3o e decanta\u00e7\u00e3o para o tratamento de \u00e1gua junto a ETA do Bairro da Bocaina, neste munic\u00edpio.<\/td><td class=\"column-4\">----------<\/td><td class=\"column-5\">----------<\/td><td class=\"column-6\">R$ 13.890,00<\/td><td class=\"column-7\">----------<\/td><td class=\"column-8\"><a href=\"https:\/\/domvicoso.mg.gov.br\/v1\/wp-content\/uploads\/2023\/09\/5-Termo-de-Ratificacao.pdf\" rel=\"noopener\" target=\"_blank\">Termo de Ratifica\u00e7\u00e3o<\/a><\/td><td class=\"column-9\">----------<\/td>\n<\/tr>\n<tr class=\"row-20 even\">\n\t<td class=\"column-1\">063\/2023<\/td><td class=\"column-2\">Ades\u00e3o a ARP<\/td><td class=\"column-3\">Registro de Pre\u00e7os para Aquisi\u00e7\u00e3o de 01 (um) ve\u00edculo, Ambul\u00e2ncia tipo A Simples Remo\u00e7\u00e3o - Furg\u00e3o, para atender a Secretaria Municipal de Sa\u00fade, com Recurso da Resolu\u00e7\u00e3o SES\/MG N\u00ba 8.182 de 06 de Junho de 2022.<\/td><td class=\"column-4\">----------<\/td><td class=\"column-5\">----------<\/td><td class=\"column-6\">R$ 310.000,00<\/td><td class=\"column-7\">----------<\/td><td class=\"column-8\"><a href=\"https:\/\/domvicoso.mg.gov.br\/v1\/wp-content\/uploads\/2023\/09\/5-Termo-de-Ratificacao-1.pdf\" rel=\"noopener\" target=\"_blank\">Termo de Ratifica\u00e7\u00e3o<\/a><\/td><td class=\"column-9\"><a href=\"https:\/\/domvicoso.mg.gov.br\/v1\/wp-content\/uploads\/2023\/09\/7-CONTRATO-no-070-2023.pdf\" rel=\"noopener\" target=\"_blank\">Contrato 070 - CKS Ve\u00edculos Especias Ltda<\/a><\/td>\n<\/tr>\n<tr class=\"row-21 odd\">\n\t<td class=\"column-1\">062\/2023<\/td><td class=\"column-2\">Inexigibilidade 003<\/td><td class=\"column-3\">Chamada P\u00fablica, para aquisi\u00e7\u00e3o de cestas b\u00e1sicas para distribui\u00e7\u00e3o \u00e0s fam\u00edlias assistidas pelo CRAS (Centro de Refer\u00eancia de Assist\u00eancia Social) em situa\u00e7\u00e3o de vulnerabilidade e risco social.<\/td><td class=\"column-4\"><a href=\"https:\/\/domvicoso.mg.gov.br\/v1\/wp-content\/uploads\/2023\/08\/5-Edital-1.pdf\" rel=\"noopener\" target=\"_blank\">Edital<\/a><\/td><td class=\"column-5\">Per\u00edodo de credenciamento: de  29\/08\/2023 a 19\/09\/2023<\/td><td class=\"column-6\">R$ 90.813,33<\/td><td class=\"column-7\"><a href=\"https:\/\/domvicoso.mg.gov.br\/v1\/wp-content\/uploads\/2023\/09\/8-Publicacao-da-Selecao.pdf\" rel=\"noopener\" target=\"_blank\">Publica\u00e7\u00e3o da Sele\u00e7\u00e3o<\/a><\/td><td class=\"column-8\"><a href=\"https:\/\/domvicoso.mg.gov.br\/v1\/wp-content\/uploads\/2023\/09\/11-Termo-de-Ratificacao.pdf\" rel=\"noopener\" target=\"_blank\">Termo de Ratifica\u00e7\u00e3o<\/a><\/td><td class=\"column-9\"><a href=\"https:\/\/domvicoso.mg.gov.br\/v1\/wp-content\/uploads\/2023\/09\/12-Contrato-no-074-2023-Lucilia.pdf\" rel=\"noopener\" target=\"_blank\">Contrato - 074 - Luc\u00edlia Silv\u00e9rio Ferrer<\/a><\/td>\n<\/tr>\n<tr class=\"row-22 even\">\n\t<td class=\"column-1\">061\/2023<\/td><td class=\"column-2\">Preg\u00e3o Presencial 015<\/td><td class=\"column-3\">Contrata\u00e7\u00e3o de empresa de eventos para realiza\u00e7\u00e3o do VI RODEIO FESTIVAL DE DOM VI\u00c7OSO, a realizar-se nos dias 21,22, 23 e 24 de setembro de 2023, no espa\u00e7o de eventos, localizado na Rua Jos\u00e9 Olavo Pereira.<\/td><td class=\"column-4\"><a href=\"https:\/\/domvicoso.mg.gov.br\/v1\/wp-content\/uploads\/2023\/08\/5-Edital-Rodeio.pdf\" rel=\"noopener\" target=\"_blank\">Edital<\/a><\/td><td class=\"column-5\">05\/09\/2023, \u00e1s 09:00 horas<\/td><td class=\"column-6\">R$ 200.000,00<\/td><td class=\"column-7\"><a href=\"https:\/\/domvicoso.mg.gov.br\/v1\/wp-content\/uploads\/2023\/09\/Vencedor.pdf\" rel=\"noopener\" target=\"_blank\">Vencedor<\/a><\/td><td class=\"column-8\"><a href=\"https:\/\/domvicoso.mg.gov.br\/v1\/wp-content\/uploads\/2023\/09\/Termo-de-adjudicacao-e-homologacao-1.pdf\" rel=\"noopener\" target=\"_blank\">Termo de Adjudica\u00e7\u00e3o e Homologa\u00e7\u00e3o<\/a><\/td><td class=\"column-9\"><a href=\"https:\/\/domvicoso.mg.gov.br\/v1\/wp-content\/uploads\/2023\/09\/Contrato-071.pdf\" rel=\"noopener\" target=\"_blank\">Contrato 071 - RC Eventos e Promo\u00e7\u00f5es Ltda<\/a><\/td>\n<\/tr>\n<tr class=\"row-23 odd\">\n\t<td class=\"column-1\">060\/2023<\/td><td class=\"column-2\">Preg\u00e3o Presencial 014<\/td><td class=\"column-3\">Registro de Pre\u00e7o para futura e eventual contrata\u00e7\u00e3o de empresa especializada em transporte de passageiros para realiza\u00e7\u00e3o de viagens, quando promovidas pela Administra\u00e7\u00e3o, para atender aos diversos setores do Munic\u00edpio de Dom Vi\u00e7oso.<\/td><td class=\"column-4\"><a href=\"https:\/\/domvicoso.mg.gov.br\/v1\/wp-content\/uploads\/2023\/08\/5-Edital.pdf\" rel=\"noopener\" target=\"_blank\">Edital<\/a><\/td><td class=\"column-5\">23\/08\/2023, \u00e1s 14:00 horas<\/td><td class=\"column-6\">R$ 156.000,00<\/td><td class=\"column-7\"><a href=\"https:\/\/domvicoso.mg.gov.br\/v1\/wp-content\/uploads\/2023\/08\/Vencedores.pdf\" rel=\"noopener\" target=\"_blank\">Vencedores<\/a><\/td><td class=\"column-8\"><a href=\"https:\/\/domvicoso.mg.gov.br\/v1\/wp-content\/uploads\/2023\/08\/11-Termo-de-Adjudicacao-e-Homologacao.pdf\" rel=\"noopener\" target=\"_blank\">Termo de Adjudica\u00e7\u00e3o e Homologa\u00e7\u00e3o<\/a><\/td><td class=\"column-9\"><a href=\"https:\/\/domvicoso.mg.gov.br\/v1\/wp-content\/uploads\/2023\/08\/ARP-008-Roadstour.pdf\" rel=\"noopener\" target=\"_blank\">ARP 008 - Roadstour<\/a> <br><br \/>\n<a href=\"https:\/\/domvicoso.mg.gov.br\/v1\/wp-content\/uploads\/2023\/08\/ARP-008-Celio-Marques.pdf\" rel=\"noopener\" target=\"_blank\">ARP 008 - Celio Marques Pereira<\/a><br \/>\n<\/td>\n<\/tr>\n<tr class=\"row-24 even\">\n\t<td class=\"column-1\">059\/2023<\/td><td class=\"column-2\">Dispensa 038<\/td><td class=\"column-3\">Loca\u00e7\u00e3o de uma sala comercial, situada na Rua Benedito Valadares, 532, Centro, Dom Vi\u00e7oso - MG para acomodar o vel\u00f3rio municipal.<\/td><td class=\"column-4\">----------<\/td><td class=\"column-5\">----------<\/td><td class=\"column-6\">R$ 4.000,00<\/td><td class=\"column-7\">----------<\/td><td class=\"column-8\"><a href=\"https:\/\/domvicoso.mg.gov.br\/v1\/wp-content\/uploads\/2023\/08\/5-Termo-de-Ratificacao.pdf\" rel=\"noopener\" target=\"_blank\">Termo de Ratifica\u00e7\u00e3o<\/a><\/td><td class=\"column-9\"><a href=\"https:\/\/domvicoso.mg.gov.br\/v1\/wp-content\/uploads\/2023\/08\/7-Contrato-066.pdf\" rel=\"noopener\" target=\"_blank\">Contrato 066 - Luiz Sergio<\/a><\/td>\n<\/tr>\n<tr class=\"row-25 odd\">\n\t<td class=\"column-1\">058\/2023<\/td><td class=\"column-2\">Dispensa 037<\/td><td class=\"column-3\">Contrata\u00e7\u00e3o de empresa para presta\u00e7\u00e3o de servi\u00e7os t\u00e9cnicos de levantamento topogr\u00e1fico georreferenciado para fins de readequa\u00e7\u00e3o vi\u00e1ria da cidade de Dom Vi\u00e7oso.<\/td><td class=\"column-4\">----------<\/td><td class=\"column-5\">----------<\/td><td class=\"column-6\">R$ 50.000,00<\/td><td class=\"column-7\">Contratado:<br \/>\nFunda\u00e7\u00e3o de Pesquisa e Assessoramento a Industria (FUPAI), CNPJ n\u00ba 18.025.536\/0001-27<\/td><td class=\"column-8\"><a href=\"https:\/\/domvicoso.mg.gov.br\/v1\/wp-content\/uploads\/2023\/07\/5-Termo-de-Ratificacao-2.pdf\" rel=\"noopener\" target=\"_blank\">Termo de Ratifica\u00e7\u00e3o<\/a><\/td><td class=\"column-9\"><a href=\"https:\/\/domvicoso.mg.gov.br\/v1\/wp-content\/uploads\/2023\/08\/Contrato_Dom_Vicoso_x_FUPAI_assinado.pdf\" rel=\"noopener\" target=\"_blank\">Contrato 065 - FUPAI<\/a><\/td>\n<\/tr>\n<tr class=\"row-26 even\">\n\t<td class=\"column-1\">057\/2023<\/td><td class=\"column-2\">Tomada de Pre\u00e7os 003<\/td><td class=\"column-3\">Contrata\u00e7\u00e3o de empresa para execu\u00e7\u00e3o das obras de constru\u00e7\u00e3o do sistema de abastecimento de \u00e1gua dos Bairros da Bocaina e Vi\u00e7oso Velho, \u00e1rea rural do Munic\u00edpio de Dom Vi\u00e7oso-MG, conforme Emenda Parlamentar n\u00ba 78871.<\/td><td class=\"column-4\"><a href=\"https:\/\/domvicoso.mg.gov.br\/v1\/wp-content\/uploads\/2023\/07\/4-EDITAL.pdf\" rel=\"noopener\" target=\"_blank\">Edital<\/a><\/td><td class=\"column-5\">03\/08\/2023. \u00e0s 13:00 Horas<\/td><td class=\"column-6\">R$ 352.812,41<\/td><td class=\"column-7\"> <a href=\"https:\/\/domvicoso.mg.gov.br\/v1\/wp-content\/uploads\/2023\/08\/11-ATA-DE-HABILITACAO.pdf\" rel=\"noopener\" target=\"_blank\">ATA DE HABILITA\u00c7\u00c3O<\/a><br><br \/>\n<br \/>\n<a href=\"https:\/\/domvicoso.mg.gov.br\/v1\/wp-content\/uploads\/2023\/08\/ATA-DA-PROPOSTA-COMERCIAL.pdf\" rel=\"noopener\" target=\"_blank\">ATA DE JULGAMENTO DA PROPOSTA<\/a> <br><br \/>\n<br \/>\n<a href=\"https:\/\/domvicoso.mg.gov.br\/v1\/wp-content\/uploads\/2023\/08\/Vencedor.pdf\" rel=\"noopener\" target=\"_blank\">Vencedor<\/a><\/td><td class=\"column-8\"><a href=\"https:\/\/domvicoso.mg.gov.br\/v1\/wp-content\/uploads\/2023\/08\/19.1-Termo-de-Adjudicacao-e-Homologacao.pdf\" rel=\"noopener\" target=\"_blank\">Termo de Adjudica\u00e7\u00e3o e Homologa\u00e7\u00e3o<\/a><\/td><td class=\"column-9\"><a href=\"https:\/\/domvicoso.mg.gov.br\/v1\/wp-content\/uploads\/2023\/08\/20-CONTRATO-No-069-2023.pdf\" rel=\"noopener\" target=\"_blank\">Contrato 069 - FRS Engenharia e Arquitetura Ltda<\/a><\/td>\n<\/tr>\n<tr class=\"row-27 odd\">\n\t<td class=\"column-1\">056\/2023<\/td><td class=\"column-2\">Dispensa 036<\/td><td class=\"column-3\">Contrata\u00e7\u00e3o de empresa para presta\u00e7\u00e3o de servi\u00e7os t\u00e9cnicos especializados de consultoria e assessoria administrativa junto ao \u00d3rg\u00e3o Municipal de Educa\u00e7\u00e3o para o planejamento de implanta\u00e7\u00e3o do per\u00edodo integral na rede municipal de educa\u00e7\u00e3o.<\/td><td class=\"column-4\">----------<\/td><td class=\"column-5\">-------------<\/td><td class=\"column-6\">R$ 15.000,00<\/td><td class=\"column-7\">Contratado:<br \/>\nConejo Assessoria e Consultoria Ltda, CNPJ n\u00ba 27.133.429\/0001-03<\/td><td class=\"column-8\"><a href=\"https:\/\/domvicoso.mg.gov.br\/v1\/wp-content\/uploads\/2023\/07\/5-Termo-de-Ratificacao-1.pdf\" rel=\"noopener\" target=\"_blank\">Termo de Ratifica\u00e7\u00e3o<\/a><\/td><td class=\"column-9\">----------<\/td>\n<\/tr>\n<tr class=\"row-28 even\">\n\t<td class=\"column-1\">055\/2023<\/td><td class=\"column-2\">Dispensa 035<\/td><td class=\"column-3\">Chamada P\u00fablica \u00e9 a Aquisi\u00e7\u00e3o de G\u00eaneros Aliment\u00edcios da Agricultura Familiar e do Empreendedor Familiar Rural, para o atendimento ao Programa Nacional de Alimenta\u00e7\u00e3o Escolar - PNAE<\/td><td class=\"column-4\"><a href=\"https:\/\/domvicoso.mg.gov.br\/v1\/wp-content\/uploads\/2023\/07\/7-Edital.pdf\" rel=\"noopener\" target=\"_blank\">Edital<\/a><\/td><td class=\"column-5\">31\/07\/2023, \u00e0s 09:15  horas<\/td><td class=\"column-6\">R$ 68.840,00<\/td><td class=\"column-7\"><a href=\"https:\/\/domvicoso.mg.gov.br\/v1\/wp-content\/uploads\/2023\/08\/12-Publicacao-da-Selecao.pdf\" rel=\"noopener\" target=\"_blank\">Rela\u00e7\u00e3o da sele\u00e7\u00e3o<\/a><\/td><td class=\"column-8\"><a href=\"https:\/\/domvicoso.mg.gov.br\/v1\/wp-content\/uploads\/2023\/08\/13-Termo-de-Ratificacao.pdf\" rel=\"noopener\" target=\"_blank\">Termo de Ratifica\u00e7\u00e3o<\/a><\/td><td class=\"column-9\"><a href=\"https:\/\/domvicoso.mg.gov.br\/v1\/wp-content\/uploads\/2023\/08\/1-Contrato-067-2023-Carlinho.pdf\" rel=\"noopener\" target=\"_blank\">Contrato 067 - Carlos<\/a><br \/>\n<br><br \/>\n<a href=\"https:\/\/domvicoso.mg.gov.br\/v1\/wp-content\/uploads\/2023\/08\/2-Contrato-068-2023-Neuza.pdf\" rel=\"noopener\" target=\"_blank\">Contrato 068 - Neuza<\/a><br \/>\n<\/td>\n<\/tr>\n<tr class=\"row-29 odd\">\n\t<td class=\"column-1\">054\/2023<\/td><td class=\"column-2\">Dispensa 034<\/td><td class=\"column-3\">Contrata\u00e7\u00e3o de empresa para a presta\u00e7\u00e3o de servi\u00e7os para a organiza\u00e7\u00e3o e coordena\u00e7\u00e3o do evento de Veloterra, a ser realizado neste munic\u00edpio de Dom Vi\u00e7oso-MG, nos dias 22 e 23 de julho de 2023.<\/td><td class=\"column-4\">----------<\/td><td class=\"column-5\">----------<\/td><td class=\"column-6\">R$ 30.000,00<\/td><td class=\"column-7\">----------<\/td><td class=\"column-8\"><a href=\"https:\/\/domvicoso.mg.gov.br\/v1\/wp-content\/uploads\/2023\/07\/6-Termo-de-Ratificacao.pdf\" rel=\"noopener\" target=\"_blank\">Termo de Ratifica\u00e7\u00e3o<\/a><\/td><td class=\"column-9\"><a href=\"https:\/\/domvicoso.mg.gov.br\/v1\/wp-content\/uploads\/2023\/07\/8-Contrato-063.pdf\" rel=\"noopener\" target=\"_blank\">Contrato 063 - Manoel Lima<\/a><\/td>\n<\/tr>\n<tr class=\"row-30 even\">\n\t<td class=\"column-1\">053\/2023<\/td><td class=\"column-2\">Dispensa 033<\/td><td class=\"column-3\">Loca\u00e7\u00e3o de um im\u00f3vel de 300 m\u00b2 (trezentos metros quadrados) com uma \u00e1rea constru\u00edda de 120 m\u00b2 (cento e vinte metros quadrados) para atender as necessidades administrativas, entre elas, o funcionamento do Conselho Tutelar e do Polo de Ensino \u00e0 Dist\u00e2ncia pelo IF \u2013 Instituto Federal Sul de Minas, Campus Avan\u00e7ado de Carmo de Minas.<br \/>\n<br \/>\n<\/td><td class=\"column-4\">----------<\/td><td class=\"column-5\">----------<\/td><td class=\"column-6\">R$ 6.300,00<\/td><td class=\"column-7\">----------<\/td><td class=\"column-8\"><a href=\"https:\/\/domvicoso.mg.gov.br\/v1\/wp-content\/uploads\/2023\/07\/5-Termo-de-Ratificacao.pdf\" rel=\"noopener\" target=\"_blank\">Termo de Ratifica\u00e7\u00e3o<\/a><\/td><td class=\"column-9\"><a href=\"https:\/\/domvicoso.mg.gov.br\/v1\/wp-content\/uploads\/2023\/07\/7-Contrato-062.pdf\" rel=\"noopener\" target=\"_blank\">Contrato 062 - Crist\u00f3v\u00e3o<\/a><\/td>\n<\/tr>\n<tr class=\"row-31 odd\">\n\t<td class=\"column-1\">052\/2023<\/td><td class=\"column-2\">Dispensa 032<\/td><td class=\"column-3\">Contrata\u00e7\u00e3o de empresa de eventos para a presta\u00e7\u00e3o de servi\u00e7os na realiza\u00e7\u00e3o da Festa Junina \u201cArrai\u00e1 do Ros\u00e1rio\u201d que acontecer\u00e1 na Pra\u00e7a da Matriz na cidade de Dom Vi\u00e7oso nos dias 16 e 17 de junho de 2023.<\/td><td class=\"column-4\">----------<\/td><td class=\"column-5\">------------<\/td><td class=\"column-6\">R$ 21.840,00<\/td><td class=\"column-7\">Empresa contratada:<br \/>\nFelipe David de Carvalho, CNPJ 13.201.302\/0001-70<\/td><td class=\"column-8\"><a href=\"https:\/\/domvicoso.mg.gov.br\/v1\/wp-content\/uploads\/2023\/06\/6-Termo-de-Ratificacao.pdf\" rel=\"noopener\" target=\"_blank\">Termo de Ratifica\u00e7\u00e3o<\/a><\/td><td class=\"column-9\"><a href=\"https:\/\/domvicoso.mg.gov.br\/v1\/wp-content\/uploads\/2023\/06\/8-Contrato-061-2023.pdf\" rel=\"noopener\" target=\"_blank\">Contrato 061 - Felipe<\/a><\/td>\n<\/tr>\n<tr class=\"row-32 even\">\n\t<td class=\"column-1\">051\/2023<\/td><td class=\"column-2\">Dispensa 031<\/td><td class=\"column-3\">Contrata\u00e7\u00e3o do SEBRAE para execu\u00e7\u00e3o do servi\u00e7os de instrutoria para realiza\u00e7\u00e3o do programa de gest\u00e3o e mercado integrados a ser realizada junto a artes\u00e3os do munic\u00edpio de Dom Vi\u00e7oso, associa\u00e7\u00e3o Arte das Colinas.<\/td><td class=\"column-4\">----------<\/td><td class=\"column-5\">----------<\/td><td class=\"column-6\">R$ 12.000,00<\/td><td class=\"column-7\">----------<\/td><td class=\"column-8\"><a href=\"https:\/\/domvicoso.mg.gov.br\/v1\/wp-content\/uploads\/2023\/06\/5-Termo-de-Ratificacao.pdf\" rel=\"noopener\" target=\"_blank\">Termo de Ratifica\u00e7\u00e3o<\/a><\/td><td class=\"column-9\"><a href=\"https:\/\/domvicoso.mg.gov.br\/v1\/wp-content\/uploads\/2023\/06\/6-Contrato-058-2023.pdf\" rel=\"noopener\" target=\"_blank\">Contrato 058 - SEBRAE<\/a><\/td>\n<\/tr>\n<tr class=\"row-33 odd\">\n\t<td class=\"column-1\">050\/2023<\/td><td class=\"column-2\">Preg\u00e3o Presencial 013<\/td><td class=\"column-3\">Registro de Pre\u00e7os para aquisi\u00e7\u00e3o de material escolar, material de expediente e outros materiais, para atender as necessidades dos diversos setores da Administra\u00e7\u00e3o Municipal.<\/td><td class=\"column-4\"><a href=\"https:\/\/domvicoso.mg.gov.br\/v1\/wp-content\/uploads\/2023\/06\/5-Edital.pdf\" rel=\"noopener\" target=\"_blank\">Edital<\/a><\/td><td class=\"column-5\">16\/06\/2023, \u00e0s 09:00 horas.<\/td><td class=\"column-6\">R$258.360,93<\/td><td class=\"column-7\"><a href=\"https:\/\/domvicoso.mg.gov.br\/v1\/wp-content\/uploads\/2023\/07\/VENCEDORES-MAT-ESCOLAR.pdf\" rel=\"noopener\" target=\"_blank\">Vencedores<\/a><br>Atual<br \/>\nCompasse<br \/>\nDimipel<br \/>\nMoema<br \/>\nMultipla<br \/>\nOliveira &amp; Andrade<br \/>\nSeven Copy<\/td><td class=\"column-8\"><a href=\"https:\/\/domvicoso.mg.gov.br\/v1\/wp-content\/uploads\/2023\/06\/13.1-Termo-de-Adjudicacao-e-Homologacao.pdf\" rel=\"noopener\" target=\"_blank\">Termo de Adjudica\u00e7\u00e3o e Homologa\u00e7\u00e3o<\/a><\/td><td class=\"column-9\"><a href=\"https:\/\/domvicoso.mg.gov.br\/v1\/wp-content\/uploads\/2023\/06\/ARP-007-2023-Todas-as-Empresas.pdf\" rel=\"noopener\" target=\"_blank\">ARP 007 - Todas as empresas<\/a><\/td>\n<\/tr>\n<tr class=\"row-34 even\">\n\t<td class=\"column-1\">049\/2023<\/td><td class=\"column-2\">Preg\u00e3o Presencial 012<\/td><td class=\"column-3\">Registro de Pre\u00e7os para Aquisi\u00e7\u00e3o de G\u00eaneros Aliment\u00edcios para Merenda Escolar, para o CRAS e demais Setores da Administra\u00e7\u00e3o.<\/td><td class=\"column-4\"><a href=\"https:\/\/domvicoso.mg.gov.br\/v1\/wp-content\/uploads\/2023\/05\/5-Edital-1.pdf\" rel=\"noopener\" target=\"_blank\">Edital<\/a><\/td><td class=\"column-5\">25\/05\/2023, \u00e1s 09:00 horas<\/td><td class=\"column-6\">R$ 230.474,00<\/td><td class=\"column-7\"><a href=\"https:\/\/domvicoso.mg.gov.br\/v1\/wp-content\/uploads\/2023\/06\/8-Vencedores.pdf\" rel=\"noopener\" target=\"_blank\">Vencedores<\/a><br \/>\nDIMIPEL<br \/>\nLUCILIA<br \/>\nMIGUEL<br \/>\nMOEMA<\/td><td class=\"column-8\"><a href=\"https:\/\/domvicoso.mg.gov.br\/v1\/wp-content\/uploads\/2023\/06\/11-Termo-de-Adjudicacao-e-Homologacao.pdf\" rel=\"noopener\" target=\"_blank\">Termo de Adjudica\u00e7\u00e3o e Homologa\u00e7\u00e3o<\/a><\/td><td class=\"column-9\"><a href=\"https:\/\/domvicoso.mg.gov.br\/v1\/wp-content\/uploads\/2023\/06\/ARP-006-TODAS.pdf\" rel=\"noopener\" target=\"_blank\">ARP 006 - Todas as empresas<\/a><\/td>\n<\/tr>\n<tr class=\"row-35 odd\">\n\t<td class=\"column-1\">048\/2023<\/td><td class=\"column-2\">Inexigibilidade 002<\/td><td class=\"column-3\">Credenciamento de institui\u00e7\u00f5es financeiras para a presta\u00e7\u00e3o de servi\u00e7os banc\u00e1rios de recolhimento de tributos e demais Receitas P\u00fablicas Municipais, atrav\u00e9s de C\u00f3digo de Barras, obrigatoriamente em padr\u00e3o FEBRABAN, por interm\u00e9dio de suas ag\u00eancias, postos de atendimento banc\u00e1rios e canais eletr\u00f4nicos com presta\u00e7\u00e3o de contas por meio magn\u00e9tico dos valores arrecadados.<\/td><td class=\"column-4\"><a href=\"https:\/\/domvicoso.mg.gov.br\/v1\/wp-content\/uploads\/2023\/05\/4-Edital.pdf\" rel=\"noopener\" target=\"_blank\">Edital<\/a><\/td><td class=\"column-5\">Per\u00edodo de Credenciamento:<br \/>\nDe 12 a 31\/05\/2023.<\/td><td class=\"column-6\">R$ 14.850,00<\/td><td class=\"column-7\"><a href=\"https:\/\/domvicoso.mg.gov.br\/v1\/wp-content\/uploads\/2023\/06\/12-Publicacao-da-Selecao.pdf\" rel=\"noopener\" target=\"_blank\">Rela\u00e7\u00e3o da Sele\u00e7\u00e3o<\/a><\/td><td class=\"column-8\"><a href=\"https:\/\/domvicoso.mg.gov.br\/v1\/wp-content\/uploads\/2023\/06\/13-Termo-de-Ratificacao.pdf\" rel=\"noopener\" target=\"_blank\">Termo de Ratifica\u00e7\u00e3o<\/a><\/td><td class=\"column-9\"><a href=\"https:\/\/domvicoso.mg.gov.br\/v1\/wp-content\/uploads\/2023\/06\/CONTRATO-No-059-2023-Bradesco.pdf\" rel=\"noopener\" target=\"_blank\">Contrato 059 - Bradesco<\/a><br><a href=\"https:\/\/domvicoso.mg.gov.br\/v1\/wp-content\/uploads\/2023\/06\/CONTRATO-No-060-2023-Caixa.pdf\" rel=\"noopener\" target=\"_blank\">Contrato 060 - Caixa<\/a><\/td>\n<\/tr>\n<tr class=\"row-36 even\">\n\t<td class=\"column-1\">047\/2023<\/td><td class=\"column-2\">Chamada P\u00fablica 003<\/td><td class=\"column-3\">Convoca\u00e7\u00e3o de Detentores de Direitos Autorais para Inscreverem Sistema de Alfabetiza\u00e7\u00e3o e Reconhecimento Fon\u00e9tico da L\u00edngua Inglesa, para An\u00e1lise de uma Banca Seletiva, visando a Aquisi\u00e7\u00e3o de  Tecnologia, Materiais Did\u00e1ticos, Materiais de Treinamento e Capacita\u00e7\u00e3o, Observando os Objetivos de aprendizagem e desenvolvimento dos Alunos do Ensino Fundamental at\u00e9 o 5\u00ba Ano e para Cidad\u00e3os interessados, atrav\u00e9s do Programa \u201c Cidade Bilingue. <\/td><td class=\"column-4\"><a href=\"https:\/\/domvicoso.mg.gov.br\/v1\/wp-content\/uploads\/2023\/06\/6-Edital-Convocacao-2a-Chamada.pdf\" rel=\"noopener\" target=\"_blank\">Edital - 2\u00aa Chamada<\/a><BR><br \/>\n<br \/>\n<br \/>\n<br \/>\n<br \/>\n<br \/>\n<br \/>\n<a href=\"https:\/\/domvicoso.mg.gov.br\/v1\/wp-content\/uploads\/2023\/05\/6-Edital-Convocacao.pdf\" rel=\"noopener\" target=\"_blank\">Edital<\/a><\/td><td class=\"column-5\">Per\u00edodo: <br \/>\nDe 13\/06\/2023 \u00e1 03\/07\/2023<\/td><td class=\"column-6\">----------<\/td><td class=\"column-7\"><a href=\"https:\/\/domvicoso.mg.gov.br\/v1\/wp-content\/uploads\/2023\/06\/ATA.pdf\" rel=\"noopener\" target=\"_blank\">Ata da Sess\u00e3o<\/a><br><br \/>\n<br \/>\n<br \/>\n<a href=\"https:\/\/domvicoso.mg.gov.br\/v1\/wp-content\/uploads\/2023\/06\/Laudo-Tecnico-e-Ata.pdf\" rel=\"noopener\" target=\"_blank\">Resultado da Banca Examinadora<\/a><\/td><td class=\"column-8\"><a href=\"https:\/\/domvicoso.mg.gov.br\/v1\/wp-content\/uploads\/2023\/07\/7-DECLRACAO-DE-FRACASSADA.pdf\" rel=\"noopener\" target=\"_blank\">FRACASSADA<\/a><\/td><td class=\"column-9\">----------<\/td>\n<\/tr>\n<tr class=\"row-37 odd\">\n\t<td class=\"column-1\">046\/2023<\/td><td class=\"column-2\">Preg\u00e3o Presencial 011<\/td><td class=\"column-3\">Registro de Pre\u00e7os para presta\u00e7\u00e3o de servi\u00e7os de Recauchutagem e Recapagem de Pneus, para manuten\u00e7\u00e3o dos ve\u00edculos da Frota Municipal e Conveniados.<\/td><td class=\"column-4\"><a href=\"https:\/\/domvicoso.mg.gov.br\/v1\/wp-content\/uploads\/2023\/05\/5-Edital.pdf\" rel=\"noopener\" target=\"_blank\">Edital<\/a><\/td><td class=\"column-5\">19\/05\/2023 \u00e0s 13:00 horas<\/td><td class=\"column-6\">R$ 185.318,60<\/td><td class=\"column-7\"><a href=\"https:\/\/domvicoso.mg.gov.br\/v1\/wp-content\/uploads\/2023\/05\/Vencedores-1.pdf\" rel=\"noopener\" target=\"_blank\">Vencedores<\/a><\/td><td class=\"column-8\"><a href=\"https:\/\/domvicoso.mg.gov.br\/v1\/wp-content\/uploads\/2023\/05\/10-Termo-de-Adjudicacao-e-Homologacao.pdf\" rel=\"noopener\" target=\"_blank\">Termo de Adjudica\u00e7\u00e3o e Homologa\u00e7\u00e3o<\/a><\/td><td class=\"column-9\"><a href=\"https:\/\/domvicoso.mg.gov.br\/v1\/wp-content\/uploads\/2023\/05\/ARP-005-Todas-as-empresas.pdf\" rel=\"noopener\" target=\"_blank\">ARP - 005 - Todas as Empresas<\/a><\/td>\n<\/tr>\n<tr class=\"row-38 even\">\n\t<td class=\"column-1\">045\/2023<\/td><td class=\"column-2\">Preg\u00e3o Presencial 010<\/td><td class=\"column-3\">Registro de Pre\u00e7os para futura e eventual Aquisi\u00e7\u00e3o de Tanques de Polietileno para armazenamento de \u00e1gua para a melhoria da rede de distribui\u00e7\u00e3o de \u00e1gua do Munic\u00edpio.<br \/>\n<br \/>\n<\/td><td class=\"column-4\"><a href=\"https:\/\/domvicoso.mg.gov.br\/v1\/wp-content\/uploads\/2023\/04\/5-Edital.pdf\" rel=\"noopener\" target=\"_blank\">Edital<\/a><\/td><td class=\"column-5\">11\/05\/2023 \u00e0s 09:00 horas<\/td><td class=\"column-6\">R$ 125.999,90<\/td><td class=\"column-7\"><a href=\"https:\/\/domvicoso.mg.gov.br\/v1\/wp-content\/uploads\/2023\/05\/RESULTADO.pdf\" rel=\"noopener\" target=\"_blank\">Resultado <\/a><\/td><td class=\"column-8\"><a href=\"https:\/\/domvicoso.mg.gov.br\/v1\/wp-content\/uploads\/2023\/05\/12-TERMO-DE-ADJUDICACAO-E-HOMOLOGACAO.pdf\" rel=\"noopener\" target=\"_blank\">Termo de Adjudica\u00e7\u00e3o e Homologa\u00e7\u00e3o<\/a><\/td><td class=\"column-9\"><a href=\"https:\/\/domvicoso.mg.gov.br\/v1\/wp-content\/uploads\/2023\/05\/ARP-004-Daniele.pdf\" rel=\"noopener\" target=\"_blank\">ARP - 004 - Daniele Abanca - ME<\/a><\/td>\n<\/tr>\n<tr class=\"row-39 odd\">\n\t<td class=\"column-1\">044\/2023<\/td><td class=\"column-2\">Preg\u00e3o Presencial 009<\/td><td class=\"column-3\">Contrata\u00e7\u00e3o de Orientador Social para a presta\u00e7\u00e3o de servi\u00e7os em Oficinas de Artesanato para atendimento ao Centro de Refer\u00eancia de Assist\u00eancia Social \u2013 CRAS, do Munic\u00edpio de Dom Vi\u00e7oso.<\/td><td class=\"column-4\"><a href=\"https:\/\/domvicoso.mg.gov.br\/v1\/wp-content\/uploads\/2023\/04\/6-Edital.pdf\" rel=\"noopener\" target=\"_blank\">Edital<\/a><\/td><td class=\"column-5\">05\/05\/2023, \u00e0s 13:00 horas<\/td><td class=\"column-6\">R$ 20.997,00<\/td><td class=\"column-7\"><a href=\"https:\/\/domvicoso.mg.gov.br\/v1\/wp-content\/uploads\/2023\/05\/Vencedores.pdf\" rel=\"noopener\" target=\"_blank\">Vencedores<\/a><\/td><td class=\"column-8\"><a href=\"https:\/\/domvicoso.mg.gov.br\/v1\/wp-content\/uploads\/2023\/05\/10-Extrato-Termo-de-Adjudicacao-e-Homologacao.pdf\" rel=\"noopener\" target=\"_blank\">Termo de Adjudica\u00e7\u00e3o e Homologa\u00e7\u00e3o<\/a><\/td><td class=\"column-9\"><a href=\"https:\/\/domvicoso.mg.gov.br\/v1\/wp-content\/uploads\/2023\/05\/Contrato-056-2023-Mariza.pdf\" rel=\"noopener\" target=\"_blank\">Contrato - 056 - Mariza Moraes da Silva<\/a>  <br><a href=\"https:\/\/domvicoso.mg.gov.br\/v1\/wp-content\/uploads\/2023\/05\/Contrato-057-2023-Yara.pdf\" rel=\"noopener\" target=\"_blank\">Contrato - 057 - Yara Maria <\/a><\/td>\n<\/tr>\n<tr class=\"row-40 even\">\n\t<td class=\"column-1\">043\/2023<\/td><td class=\"column-2\">Dispensa 030<\/td><td class=\"column-3\">Contrata\u00e7\u00e3o de empresa para presta\u00e7\u00e3o de servi\u00e7os t\u00e9cnicos especializados para coordena\u00e7\u00e3o e execu\u00e7\u00e3o dos trabalhos referente a elei\u00e7\u00e3o de escolha dos membros do Conselho Tutelar para o quadri\u00eanio 2024\/2027.<\/td><td class=\"column-4\">----------<\/td><td class=\"column-5\">-----------<\/td><td class=\"column-6\">R$ 6.000,00<\/td><td class=\"column-7\">----------<\/td><td class=\"column-8\"><a href=\"https:\/\/domvicoso.mg.gov.br\/v1\/wp-content\/uploads\/2023\/04\/5-Termo-de-Ratificacao-1.pdf\" rel=\"noopener\" target=\"_blank\">Termo de Ratifica\u00e7\u00e3o<\/a><\/td><td class=\"column-9\"><a href=\"https:\/\/domvicoso.mg.gov.br\/v1\/wp-content\/uploads\/2023\/04\/6-Contrato-053-2023.pdf\" rel=\"noopener\" target=\"_blank\">Contrato 053 - Fel\u00edcio<\/a><\/td>\n<\/tr>\n<tr class=\"row-41 odd\">\n\t<td class=\"column-1\">042\/2023<\/td><td class=\"column-2\">Dispensa 029<\/td><td class=\"column-3\">Aquisi\u00e7\u00e3o de equipamentos e materiais de fisioterapia para atender as necessidades do Setor de Sa\u00fade do Munic\u00edpio de Dom Vi\u00e7oso.<\/td><td class=\"column-4\">----------<\/td><td class=\"column-5\">----------<\/td><td class=\"column-6\">R$ 13.588,90<\/td><td class=\"column-7\">----------<\/td><td class=\"column-8\"><a href=\"https:\/\/domvicoso.mg.gov.br\/v1\/wp-content\/uploads\/2023\/04\/5-Termo-de-Ratificacao.pdf\" rel=\"noopener\" target=\"_blank\">Termo de Ratifica\u00e7\u00e3o<\/a><\/td><td class=\"column-9\">----------<\/td>\n<\/tr>\n<tr class=\"row-42 even\">\n\t<td class=\"column-1\">041\/2023<\/td><td class=\"column-2\">Dispensa 028<\/td><td class=\"column-3\">Contrata\u00e7\u00e3o de empresa para a execu\u00e7\u00e3o dos projetos Agro Floresta e Culin\u00e1ria\/Gastronomia, com vistas a atender aos produtores rurais e aos alunos das escolas municipais do Munic\u00edpio de Dom Vi\u00e7oso.<\/td><td class=\"column-4\">----------<\/td><td class=\"column-5\">----------<\/td><td class=\"column-6\">R$ 40.000,00<\/td><td class=\"column-7\">----------<\/td><td class=\"column-8\"><a href=\"https:\/\/domvicoso.mg.gov.br\/v1\/wp-content\/uploads\/2023\/04\/6-Termo-de-Ratificacao.pdf\" rel=\"noopener\" target=\"_blank\">Termo de Ratifica\u00e7\u00e3o<\/a><\/td><td class=\"column-9\"><a href=\"https:\/\/domvicoso.mg.gov.br\/v1\/wp-content\/uploads\/2023\/04\/Contrato_2023_assinado.pdf\" rel=\"noopener\" target=\"_blank\">Contrato - 052 - Marco Ant\u00f4nio Ferreira de Morais<\/a><\/td>\n<\/tr>\n<tr class=\"row-43 odd\">\n\t<td class=\"column-1\">040\/2023<\/td><td class=\"column-2\">Dispensa 027 <\/td><td class=\"column-3\">Contrata\u00e7\u00e3o de empresa especializada na presta\u00e7\u00e3o de servi\u00e7os na manuten\u00e7\u00e3o preventiva e corretiva de computadores e da rede de internet, para atender as necessidades dos diversos Setores da Administra\u00e7\u00e3o Municipal de Dom Vi\u00e7oso.<\/td><td class=\"column-4\">----------<\/td><td class=\"column-5\">----------<\/td><td class=\"column-6\">R$ 13.140,00 <\/td><td class=\"column-7\">----------<\/td><td class=\"column-8\"><a href=\"https:\/\/domvicoso.mg.gov.br\/v1\/wp-content\/uploads\/2023\/03\/5-Termo-de-Ratificacao-3.pdf\" rel=\"noopener\" target=\"_blank\">Termo de Ratifica\u00e7\u00e3o<\/a><\/td><td class=\"column-9\"><a href=\"https:\/\/domvicoso.mg.gov.br\/v1\/wp-content\/uploads\/2023\/03\/6-Contrato-046-2023.pdf\" rel=\"noopener\" target=\"_blank\">Contrato - 046 - Leonardo Dias Pereira<\/a><\/td>\n<\/tr>\n<tr class=\"row-44 even\">\n\t<td class=\"column-1\">039\/2023<\/td><td class=\"column-2\">Inexigibilidade 001<\/td><td class=\"column-3\">Contrata\u00e7\u00e3o da empresa Tempero Baiano Produ\u00e7\u00f5es Art\u00edsticas Ltda, para presta\u00e7\u00e3o de servi\u00e7os art\u00edsticos, na realiza\u00e7\u00e3o de um Show com a Banda TEMPERO BAIANO, no S\u00e1bado de Aleluia de 2023, na Pra\u00e7a da Matriz, em Dom Vi\u00e7oso.<\/td><td class=\"column-4\">----------<\/td><td class=\"column-5\">----------<\/td><td class=\"column-6\">R$ 20.000,00<\/td><td class=\"column-7\"><a href=\"https:\/\/domvicoso.mg.gov.br\/v1\/wp-content\/uploads\/2023\/03\/Vencedor-1.pdf\" rel=\"noopener\" target=\"_blank\">Vencedor<\/a><\/td><td class=\"column-8\"> <a href=\"https:\/\/domvicoso.mg.gov.br\/v1\/wp-content\/uploads\/2023\/03\/6-Termo-de-Ratificacao-2.pdf\" rel=\"noopener\" target=\"_blank\">Termo de Ratifica\u00e7\u00e3o<\/a><\/td><td class=\"column-9\"><a href=\"https:\/\/domvicoso.mg.gov.br\/v1\/wp-content\/uploads\/2023\/03\/11-CONTRATO-Ass-T.-Baiano-Pref.pdf\" rel=\"noopener\" target=\"_blank\">Contrato - 045 - Tempero Baiano<\/a><\/td>\n<\/tr>\n<tr class=\"row-45 odd\">\n\t<td class=\"column-1\">038\/2023<\/td><td class=\"column-2\">Dispensa 026<\/td><td class=\"column-3\">Contrata\u00e7\u00e3o de empresa de Sonoriza\u00e7\u00e3o e Ilumina\u00e7\u00e3o para a realiza\u00e7\u00e3o de um show musical no S\u00e1bado de Aleluia, na Pra\u00e7a da Matriz, na cidade de Dom Vi\u00e7oso, no dia 08 de Abril de 2023.<\/td><td class=\"column-4\">---------<\/td><td class=\"column-5\">----------<\/td><td class=\"column-6\">R$ 5.850,00<\/td><td class=\"column-7\">----------<\/td><td class=\"column-8\"><a href=\"https:\/\/domvicoso.mg.gov.br\/v1\/wp-content\/uploads\/2023\/03\/5-Termo-de-Ratificacao-2.pdf\" rel=\"noopener\" target=\"_blank\">Termo de Ratifica\u00e7\u00e3o<\/a><\/td><td class=\"column-9\"><a href=\"https:\/\/domvicoso.mg.gov.br\/v1\/wp-content\/uploads\/2023\/03\/6-Contrato-043-2023-1.pdf\" rel=\"noopener\" target=\"_blank\">Contrato - 043 - Felipe David<\/a><\/td>\n<\/tr>\n<tr class=\"row-46 even\">\n\t<td class=\"column-1\">037\/2023<\/td><td class=\"column-2\">Dispensa 025<\/td><td class=\"column-3\">Contrata\u00e7\u00e3o de empresa para servi\u00e7os de arbitragem de futebol de campo, para atender as demandas dos jogos do campeonato municipal de futebol amador.<\/td><td class=\"column-4\">-----------<\/td><td class=\"column-5\">----------<\/td><td class=\"column-6\">R$ 7.449,00<\/td><td class=\"column-7\">----------<\/td><td class=\"column-8\"><a href=\"https:\/\/domvicoso.mg.gov.br\/v1\/wp-content\/uploads\/2023\/03\/5-Termo-de-Ratificacao-1.pdf\" rel=\"noopener\" target=\"_blank\">Termo de Ratifica\u00e7\u00e3o<\/a><\/td><td class=\"column-9\"><a href=\"https:\/\/domvicoso.mg.gov.br\/v1\/wp-content\/uploads\/2023\/03\/Contrato-037-2023.pdf\" rel=\"noopener\" target=\"_blank\">Contrato - 042- Mariana<\/a><\/td>\n<\/tr>\n<tr class=\"row-47 odd\">\n\t<td class=\"column-1\">036\/2023<\/td><td class=\"column-2\">Preg\u00e3o Presencial 008<\/td><td class=\"column-3\">contrata\u00e7\u00e3o de empresa para a realiza\u00e7\u00e3o do \u201c2\u00ba FESTIVAL E CONCURSO DO CAF\u00c9 ESPECIAL DE DOM VI\u00c7OSO E REGI\u00c3O\u201d que se dar\u00e1 entre os dias 27 a 29 de outubro de 2023, visando a promo\u00e7\u00e3o e a divulga\u00e7\u00e3o do Caf\u00e9 e do Turismo no Munic\u00edpio.<\/td><td class=\"column-4\"><a href=\"https:\/\/domvicoso.mg.gov.br\/v1\/wp-content\/uploads\/2023\/03\/5-Edital.pdf\" rel=\"noopener\" target=\"_blank\">Edital<\/a><\/td><td class=\"column-5\">13\/04\/2023, \u00e0s 09:00 horas<\/td><td class=\"column-6\">R$172.966,00<\/td><td class=\"column-7\"><a href=\"https:\/\/domvicoso.mg.gov.br\/v1\/wp-content\/uploads\/2023\/04\/17-Termo-de-Revogacao.pdf\" rel=\"noopener\" target=\"_blank\">Termo de Revoga\u00e7\u00e3o<\/a><\/td><td class=\"column-8\">----------<\/td><td class=\"column-9\">----------<\/td>\n<\/tr>\n<tr class=\"row-48 even\">\n\t<td class=\"column-1\">035\/2023<\/td><td class=\"column-2\">Preg\u00e3o Presencial 007<\/td><td class=\"column-3\">Contrata\u00e7\u00e3o de empresa de eventos para realiza\u00e7\u00e3o do VI RODEIO FESTIVAL DE DOM VI\u00c7OSO, a realizar-se nos dias 21, 22, 23 e 24 de setembro de 2023, no espa\u00e7o de eventos, localizado na Rua Jos\u00e9 Olavo Pereira.<\/td><td class=\"column-4\"><a href=\"https:\/\/domvicoso.mg.gov.br\/v1\/wp-content\/uploads\/2023\/03\/5-Edital-Rodeio.pdf\" rel=\"noopener\" target=\"_blank\">Edital<\/a><\/td><td class=\"column-5\">11\/04\/2023, \u00e0s 09:00 horas<\/td><td class=\"column-6\">R$400.000,00<\/td><td class=\"column-7\"><a href=\"https:\/\/domvicoso.mg.gov.br\/v1\/wp-content\/uploads\/2023\/04\/Vencedor-1.pdf\" rel=\"noopener\" target=\"_blank\">Vencedor<\/a><\/td><td class=\"column-8\"><a href=\"https:\/\/domvicoso.mg.gov.br\/v1\/wp-content\/uploads\/2023\/04\/12-Termo-de-Adjudicacao-e-Homologacao.pdf\" rel=\"noopener\" target=\"_blank\">Termo de Adjudica\u00e7\u00e3o e Homologa\u00e7\u00e3o<\/a><\/td><td class=\"column-9\"><a href=\"https:\/\/domvicoso.mg.gov.br\/v1\/wp-content\/uploads\/2023\/07\/Contrato-055.pdf\" rel=\"noopener\" target=\"_blank\">Contrato 055 - Guto Eventos<\/a><br><br \/>\n<br \/>\n<a href=\"https:\/\/domvicoso.mg.gov.br\/v1\/wp-content\/uploads\/2023\/07\/2-Termo-de-Rescisao.pdf\" rel=\"noopener\" target=\"_blank\">Termo de Rescis\u00e3o<br><br \/>\n<br \/>\n<\/td>\n<\/tr>\n<tr class=\"row-49 odd\">\n\t<td class=\"column-1\">034\/2023<\/td><td class=\"column-2\">Preg\u00e3o Presencial 006<\/td><td class=\"column-3\">Contrata\u00e7\u00e3o de empresa de eventos, especializada, para realiza\u00e7\u00e3o do I TORNEIO LEITEIRO DE DOM VI\u00c7OSO - EXPODOM, a realizar-se nos dias 16,17,18,19, 20 e 21 de maio de 2023, no espa\u00e7o de eventos, localizado na Rua Jos\u00e9 Olavo Pereira.<\/td><td class=\"column-4\"><a href=\"https:\/\/domvicoso.mg.gov.br\/v1\/wp-content\/uploads\/2023\/03\/5-Edital-Torneio-Leiteiro-2023.pdf\" rel=\"noopener\" target=\"_blank\">Edital<\/a><\/td><td class=\"column-5\">30\/03\/2023, \u00e0s 09:00 horas<\/td><td class=\"column-6\">R$ 154.000,00<\/td><td class=\"column-7\"><a href=\"https:\/\/domvicoso.mg.gov.br\/v1\/wp-content\/uploads\/2023\/04\/Vencedor.pdf\" rel=\"noopener\" target=\"_blank\">Vencedor<\/a><\/td><td class=\"column-8\"><a href=\"https:\/\/domvicoso.mg.gov.br\/v1\/wp-content\/uploads\/2023\/04\/12.1-Termo-de-Adjudicacao-e-Homologacao.pdf\" rel=\"noopener\" target=\"_blank\">Termo de Adjudica\u00e7\u00e3o e Homologa\u00e7\u00e3o<\/a><\/td><td class=\"column-9\"><a href=\"https:\/\/domvicoso.mg.gov.br\/v1\/wp-content\/uploads\/2023\/04\/Contrato-054.pdf\" rel=\"noopener\" target=\"_blank\">Contrato - 054 - H Studio Promo\u00e7\u00f5es e Eventos Ltda<\/a><\/td>\n<\/tr>\n<tr class=\"row-50 even\">\n\t<td class=\"column-1\">033\/2023<\/td><td class=\"column-2\">Preg\u00e3o Eletr\u00f4nico 002 <\/td><td class=\"column-3\">Aquisi\u00e7\u00e3o de Equipamentos para o CRAS de Dom Vi\u00e7oso-MG, em atendimento ao Programa de Estrutura\u00e7\u00e3o da Rede de Servi\u00e7os do SUAS \u2013 Emenda Parlamentar n\u00ba 202139600009.<\/td><td class=\"column-4\"><a href=\"https:\/\/domvicoso.mg.gov.br\/v1\/wp-content\/uploads\/2023\/03\/5-Edital-Equipamentos-para-o-CRAS.pdf\" rel=\"noopener\" target=\"_blank\">Edital<\/a><\/td><td class=\"column-5\">28\/03\/2023, \u00e0s 09:30 horas.<\/td><td class=\"column-6\">R$ 84.865,26<\/td><td class=\"column-7\"><a href=\"https:\/\/domvicoso.mg.gov.br\/v1\/wp-content\/uploads\/2023\/03\/7-Vencedores.pdf\" rel=\"noopener\" target=\"_blank\">Vencedores<\/a><\/td><td class=\"column-8\"><a href=\"https:\/\/domvicoso.mg.gov.br\/v1\/wp-content\/uploads\/2023\/03\/10-Termo-de-Adjudicacao-e-Homologacao.pdf\" rel=\"noopener\" target=\"_blank\">Termo de Adjudica\u00e7\u00e3o e Homologa\u00e7\u00e3o<\/a><\/td><td class=\"column-9\"><a href=\"https:\/\/domvicoso.mg.gov.br\/v1\/wp-content\/uploads\/2023\/04\/Contratos-De-047-a-051-Todas-as-Empresas.pdf\" rel=\"noopener\" target=\"_blank\">Contratos - Do 047 ao 051 - Todas as Empresas<\/a><\/td>\n<\/tr>\n<tr class=\"row-51 odd\">\n\t<td class=\"column-1\">032\/2023<\/td><td class=\"column-2\">Dispensa 024<\/td><td class=\"column-3\">Contrata\u00e7\u00e3o de empresa para o fornecimento de fogos de artif\u00edcios para as festividades municipais.<\/td><td class=\"column-4\">----------<\/td><td class=\"column-5\">----------<\/td><td class=\"column-6\">R$ 17.000,00<\/td><td class=\"column-7\">---------<\/td><td class=\"column-8\"><a href=\"https:\/\/domvicoso.mg.gov.br\/v1\/wp-content\/uploads\/2023\/03\/5-Termo-de-Ratificacao.pdf\" rel=\"noopener\" target=\"_blank\">Termo de Ratifica\u00e7\u00e3o<\/a><\/td><td class=\"column-9\"><a href=\"https:\/\/domvicoso.mg.gov.br\/v1\/wp-content\/uploads\/2023\/03\/6-Contrato-Administrativo-041-2023.pdf\" rel=\"noopener\" target=\"_blank\">Contrato 041 - Ronaldo<\/a><\/td>\n<\/tr>\n<tr class=\"row-52 even\">\n\t<td class=\"column-1\">031\/2023<\/td><td class=\"column-2\">Dispensa 023<\/td><td class=\"column-3\">Contrata\u00e7\u00e3o de empresa especializada para a presta\u00e7\u00e3o de servi\u00e7os de medicina do trabalho, que compreenda a elabora\u00e7\u00e3o de exames cl\u00ednicos Admissionais, Demissionais, peri\u00f3dicos, retorno ao trabalho e homologa\u00e7\u00e3o de atestados dos funcion\u00e1rios municipais.<\/td><td class=\"column-4\">----------<\/td><td class=\"column-5\">----------<\/td><td class=\"column-6\">R$ 17.000,00<\/td><td class=\"column-7\">---------<\/td><td class=\"column-8\"><a href=\"https:\/\/domvicoso.mg.gov.br\/v1\/wp-content\/uploads\/2023\/03\/6-Termo-de-Ratificacao-1.pdf\" rel=\"noopener\" target=\"_blank\">Termo de Ratifica\u00e7\u00e3o<\/a><\/td><td class=\"column-9\"><a href=\"https:\/\/domvicoso.mg.gov.br\/v1\/wp-content\/uploads\/2023\/03\/7-Contrato-Administrativo-040-2023.pdf\" rel=\"noopener\" target=\"_blank\">Contrato 040 - AMC<\/a><\/td>\n<\/tr>\n<tr class=\"row-53 odd\">\n\t<td class=\"column-1\">030\/2023<\/td><td class=\"column-2\">Preg\u00e3o Eletr\u00f4nico 001<\/td><td class=\"column-3\">Aquisi\u00e7\u00e3o de 01 (um) ve\u00edculo Van \u2013 Original de Fabrica - 0 KM, Capacidade M\u00ednima de 15 (quinze) Lugares, Fabrica\u00e7\u00e3o Ano\/Modelo 2022\/2023 ou superior, destinado ao atendimento de alunos matriculados em escolas da rede p\u00fablica, conforme Termo de Conv\u00eanio de Sa\u00edda N\u00ba 1261000619\/2022\/SEE - Programa de Fortalecimento das Escolas Municipais.<\/td><td class=\"column-4\"><a href=\"https:\/\/domvicoso.mg.gov.br\/v1\/wp-content\/uploads\/2023\/03\/5-EDITAL.pdf\" rel=\"noopener\" target=\"_blank\">Edital<\/a><\/td><td class=\"column-5\">20\/03\/2023, \u00e0s 09 horas e 30 Min.<\/td><td class=\"column-6\">R$303.128,00<\/td><td class=\"column-7\"><a href=\"https:\/\/domvicoso.mg.gov.br\/v1\/wp-content\/uploads\/2023\/03\/Vencedor.pdf\" rel=\"noopener\" target=\"_blank\">Vencedor<\/a><\/td><td class=\"column-8\"><a href=\"https:\/\/domvicoso.mg.gov.br\/v1\/wp-content\/uploads\/2023\/03\/8.1-Termo-de-Adjudicacao-e-Homologacao-1.pdf\" rel=\"noopener\" target=\"_blank\">Termo de Adjudica\u00e7\u00e3o e Homologa\u00e7\u00e3o<\/a><\/td><td class=\"column-9\"><a href=\"https:\/\/domvicoso.mg.gov.br\/v1\/wp-content\/uploads\/2023\/03\/CONTRATO-ASS-POD-e-PREF.pdf\" rel=\"noopener\" target=\"_blank\">Contrato - 044 - P\u00f3dio Solu\u00e7\u00f5es Automotivas<\/a><\/td>\n<\/tr>\n<tr class=\"row-54 even\">\n\t<td class=\"column-1\">029\/2023<\/td><td class=\"column-2\">Dispensa 022<\/td><td class=\"column-3\">Contrata\u00e7\u00e3o de empresa para a presta\u00e7\u00e3o de servi\u00e7os para a organiza\u00e7\u00e3o e coordena\u00e7\u00e3o da 1\u00aa Copa de Marcha e Poeir\u00e3o de Dom Vi\u00e7oso-MG. <\/td><td class=\"column-4\">----------<\/td><td class=\"column-5\">----------<\/td><td class=\"column-6\">R$ 30.000,00<\/td><td class=\"column-7\">---------<\/td><td class=\"column-8\"><a href=\"https:\/\/domvicoso.mg.gov.br\/v1\/wp-content\/uploads\/2023\/03\/6-Termo-de-Ratificacao.pdf\" rel=\"noopener\" target=\"_blank\">Termo de Ratifica\u00e7\u00e3o<\/a><\/td><td class=\"column-9\"><a href=\"https:\/\/domvicoso.mg.gov.br\/v1\/wp-content\/uploads\/2023\/03\/8-Contrato-039-2023.pdf\" rel=\"noopener\" target=\"_blank\">Contrato 039 - Rodrigo<\/a><\/td>\n<\/tr>\n<tr class=\"row-55 odd\">\n\t<td class=\"column-1\">028\/2023<\/td><td class=\"column-2\">Preg\u00e3o Presencial 005<\/td><td class=\"column-3\">Registro de pre\u00e7o para futura e eventual aquisi\u00e7\u00e3o de carne bovina, carne su\u00edna e p\u00e3o de sal para atender as necessidades dos diversos setores da Administra\u00e7\u00e3o Municipal. <\/td><td class=\"column-4\"><a href=\"https:\/\/domvicoso.mg.gov.br\/v1\/wp-content\/uploads\/2023\/02\/5-Edital-2.pdf\" rel=\"noopener\" target=\"_blank\">Edital<\/a><\/td><td class=\"column-5\">09\/03\/2023, \u00e0s 09:00 horas<\/td><td class=\"column-6\">R$ 55.746,00<\/td><td class=\"column-7\"><a href=\"https:\/\/domvicoso.mg.gov.br\/v1\/wp-content\/uploads\/2023\/03\/8-Vencedores.pdf\" rel=\"noopener\" target=\"_blank\">Resultado <\/a><\/td><td class=\"column-8\"><a href=\"https:\/\/domvicoso.mg.gov.br\/v1\/wp-content\/uploads\/2023\/03\/11.1-Termo-de-Adjudicacao-e-Homologacao.pdf\" rel=\"noopener\" target=\"_blank\">Termo de Adjudica\u00e7\u00e3o e Homologa\u00e7\u00e3o<\/a><\/td><td class=\"column-9\"><a href=\"https:\/\/domvicoso.mg.gov.br\/v1\/wp-content\/uploads\/2023\/03\/ARP-003-LEONEL-E-MIGUEL-1.pdf\" rel=\"noopener\" target=\"_blank\">ARP 003 - Leonel e Miguel<\/a><\/td>\n<\/tr>\n<tr class=\"row-56 even\">\n\t<td class=\"column-1\">027\/2023<\/td><td class=\"column-2\">Dispensa 021<\/td><td class=\"column-3\">Reencamisamento do po\u00e7o tubular profundo do Bairro da Bocaina, Munic\u00edpio de Dom Vi\u00e7oso-MG.<\/td><td class=\"column-4\">----------<\/td><td class=\"column-5\">----------<\/td><td class=\"column-6\">R$ 24.000,00 <\/td><td class=\"column-7\">----------<\/td><td class=\"column-8\"><a href=\"https:\/\/domvicoso.mg.gov.br\/v1\/wp-content\/uploads\/2023\/02\/5-Termo-de-Ratificacao.pdf\" rel=\"noopener\" target=\"_blank\">Termo de Ratifica\u00e7\u00e3o<\/a><\/td><td class=\"column-9\"><a href=\"https:\/\/domvicoso.mg.gov.br\/v1\/wp-content\/uploads\/2023\/02\/6-Contrato-031-2023.pdf\" rel=\"noopener\" target=\"_blank\">Contrato 031 - Sul Minas Po\u00e7o<\/a><\/td>\n<\/tr>\n<tr class=\"row-57 odd\">\n\t<td class=\"column-1\">026\/2023<\/td><td class=\"column-2\">Preg\u00e3o Presencial 004<\/td><td class=\"column-3\">Registro de Pre\u00e7os para aquisi\u00e7\u00e3o de combust\u00edveis (Diesel S-10, Diesel S-500, Etanol e Gasolina) para abastecimento dos ve\u00edculos da Frota Municipal e Conveniados.<\/td><td class=\"column-4\"><a href=\"https:\/\/domvicoso.mg.gov.br\/v1\/wp-content\/uploads\/2023\/02\/5-Edital.pdf\" rel=\"noopener\" target=\"_blank\">Edital<\/a><\/td><td class=\"column-5\">01\/03\/2023, \u00e0s 13:00 horas<\/td><td class=\"column-6\">R$1.015.900,00<\/td><td class=\"column-7\"><a href=\"https:\/\/domvicoso.mg.gov.br\/v1\/wp-content\/uploads\/2023\/03\/VENCEDOR.pdf\" rel=\"noopener\" target=\"_blank\">Vencedor<\/a><\/td><td class=\"column-8\"><a href=\"https:\/\/domvicoso.mg.gov.br\/v1\/wp-content\/uploads\/2023\/03\/12-Termo-de-Adjudicacao-e-Homologacao.pdf\" rel=\"noopener\" target=\"_blank\">Termo de Adjudica\u00e7\u00e3o e Homologa\u00e7\u00e3o<\/a><\/td><td class=\"column-9\"><a href=\"https:\/\/domvicoso.mg.gov.br\/v1\/wp-content\/uploads\/2023\/03\/ARP-002-COMBUSTIVEIS.pdf\" rel=\"noopener\" target=\"_blank\">ARP 002 - Auto Posto D. Vi\u00e7oso<\/a><\/td>\n<\/tr>\n<tr class=\"row-58 even\">\n\t<td class=\"column-1\">025\/2023<\/td><td class=\"column-2\">Preg\u00e3o Presencial 003<\/td><td class=\"column-3\">Contrata\u00e7\u00e3o de empresa para a presta\u00e7\u00e3o de servi\u00e7os de transporte escolar dos alunos da Rede Municipal e Estadual da Educa\u00e7\u00e3o B\u00e1sica do Munic\u00edpio de Dom Vi\u00e7oso e dos alunos que fazem faculdade e curso t\u00e9cnico profissionalizante fora do Munic\u00edpio.<\/td><td class=\"column-4\"><a href=\"https:\/\/domvicoso.mg.gov.br\/v1\/wp-content\/uploads\/2023\/02\/6-Edital.pdf\" rel=\"noopener\" target=\"_blank\">Edital<\/a><\/td><td class=\"column-5\">24\/02\/2023, \u00e0s 13:00 horas<\/td><td class=\"column-6\">R$471.999,00<\/td><td class=\"column-7\"><a href=\"https:\/\/domvicoso.mg.gov.br\/v1\/wp-content\/uploads\/2023\/03\/12-VENCEDORES.pdf\" rel=\"noopener\" target=\"_blank\">Vencedores<\/a><\/td><td class=\"column-8\"><a href=\"https:\/\/domvicoso.mg.gov.br\/v1\/wp-content\/uploads\/2023\/03\/11-Termo-de-Adjudicacao-e-Homologacao.pdf\" rel=\"noopener\" target=\"_blank\">Termo de Adjudica\u00e7\u00e3o e Homologa\u00e7\u00e3o<\/a><\/td><td class=\"column-9\"><a href=\"https:\/\/domvicoso.mg.gov.br\/v1\/wp-content\/uploads\/2023\/03\/Contrato-032-Edna-Maria-moreira.pdf\" rel=\"noopener\" target=\"_blank\">Contrato 032 - Edna<\/a><br><a href=\"https:\/\/domvicoso.mg.gov.br\/v1\/wp-content\/uploads\/2023\/03\/Contrato-033-Cleiton-luiz-da-Silva.pdf\" rel=\"noopener\" target=\"_blank\">Contrato 033 - Cleiton<\/a><br><a href=\"https:\/\/domvicoso.mg.gov.br\/v1\/wp-content\/uploads\/2023\/03\/Contrato-034-Michele-Ap.-Gomes-Divino.pdf\" rel=\"noopener\" target=\"_blank\">Contrato 034 - Michele<\/a><br><a href=\"https:\/\/domvicoso.mg.gov.br\/v1\/wp-content\/uploads\/2023\/03\/Contrato-035-Jose-Carlos-Martins.pdf\" rel=\"noopener\" target=\"_blank\">Contrato 035 - Jos\u00e9 Carlos<\/a><br><a href=\"https:\/\/domvicoso.mg.gov.br\/v1\/wp-content\/uploads\/2023\/03\/Contrato-036-Antonio-Jose.pdf\" rel=\"noopener\" target=\"_blank\">Contrato 036 - Ant\u00f4nio<\/a><br><a href=\"https:\/\/domvicoso.mg.gov.br\/v1\/wp-content\/uploads\/2023\/03\/Contrato-037-Roadstour-MARCELO.pdf\" rel=\"noopener\" target=\"_blank\">Contrato 037 - Roadstour<\/a><br><a href=\"https:\/\/domvicoso.mg.gov.br\/v1\/wp-content\/uploads\/2023\/03\/Contrato-038-Celio-Marque-Pereira-1.pdf\" rel=\"noopener\" target=\"_blank\">Contrato 038 - C\u00e9lio<\/a><br><br \/>\n<a href=\"https:\/\/domvicoso.mg.gov.br\/v1\/wp-content\/uploads\/2024\/03\/1o-Termo-Aditivo-Vigencia-2024-4.pdf\" rel=\"noopener\" target=\"_blank\">1\u00ba Termo Aditivo - Edna Maria Campos Moreira<\/a><br \/>\n<br><br \/>\n<a href=\"https:\/\/domvicoso.mg.gov.br\/v1\/wp-content\/uploads\/2024\/03\/1o-Termo-Aditivo-Vigencia-2024-5.pdf\" rel=\"noopener\" target=\"_blank\">1\u00ba Termo Aditivo - Cleiton Luiz da Silva<\/a><br \/>\n<br><br \/>\n<a href=\"https:\/\/domvicoso.mg.gov.br\/v1\/wp-content\/uploads\/2024\/03\/1o-Termo-Aditivo-Vigencia-2024-6.pdf\" rel=\"noopener\" target=\"_blank\">1\u00ba Termo Aditivo - Michele Aparecida Divino Gomes<\/a><br><br \/>\n<a href=\"https:\/\/domvicoso.mg.gov.br\/v1\/wp-content\/uploads\/2024\/03\/1o-Termo-Aditivo-Vigencia-2024-7.pdf\" rel=\"noopener\" target=\"_blank\">1\u00ba Termo Aditivo - Jos\u00e9 Carlos Martins<\/a><br \/>\n<br><br \/>\n<a href=\"https:\/\/domvicoso.mg.gov.br\/v1\/wp-content\/uploads\/2024\/03\/1o-Termo-Aditivo-Vigencia-2024-8.pdf\" rel=\"noopener\" target=\"_blank\">1\u00ba Termo Aditivo - Ant\u00f4nio Jos\u00e9 Pereira de Carvalho<\/a><br \/>\n<br><br \/>\n<a href=\"https:\/\/domvicoso.mg.gov.br\/v1\/wp-content\/uploads\/2024\/03\/2o-Termo-Aditivo-Vigencia-2024.pdf\" rel=\"noopener\" target=\"_blank\">2\u00ba Termo Aditivo - Roadstour Fretamento e Turismo Ltda<\/a><br><br \/>\n<a href=\"https:\/\/domvicoso.mg.gov.br\/v1\/wp-content\/uploads\/2024\/03\/2o-Termo-Aditivo-Vigencia-2024-1.pdf\" rel=\"noopener\" target=\"_blank\">2\u00ba Termo Aditivo - C\u00e9lio Marques Pereira<\/a><\/td>\n<\/tr>\n<tr class=\"row-59 odd\">\n\t<td class=\"column-1\">024\/2023<\/td><td class=\"column-2\">Dispensa 020<\/td><td class=\"column-3\">Contrata\u00e7\u00e3o de empresa para presta\u00e7\u00e3o de servi\u00e7os de transporte escolar dos alunos da Rede Municipal e Estadual da Educa\u00e7\u00e3o B\u00e1sica do Munic\u00edpio de Dom Vi\u00e7oso e dos alunos que fazem faculdade e curso t\u00e9cnico profissionalizante fora do Munic\u00edpio, para o m\u00eas de fevereiro de 2023, em car\u00e1ter emergencial.<\/td><td class=\"column-4\">----------<\/td><td class=\"column-5\">----------<\/td><td class=\"column-6\">R$ 37.958,40<\/td><td class=\"column-7\"><a href=\"https:\/\/domvicoso.mg.gov.br\/v1\/wp-content\/uploads\/2023\/02\/12-VENCEDORES.pdf\" rel=\"noopener\" target=\"_blank\">Vencedores<\/a><\/td><td class=\"column-8\"><a href=\"https:\/\/domvicoso.mg.gov.br\/v1\/wp-content\/uploads\/2023\/02\/6-Termo-de-Ratificacao-2.pdf\" rel=\"noopener\" target=\"_blank\">Termo de Ratifica\u00e7\u00e3o<\/a><\/td><td class=\"column-9\"><a href=\"https:\/\/domvicoso.mg.gov.br\/v1\/wp-content\/uploads\/2023\/02\/Contrato-023-2023-Antonio-Jose.pdf\" rel=\"noopener\" target=\"_blank\">Contrato - 023 - Ant\u00f4nio Jos\u00e9<\/a><br><br \/>\n<a href=\"https:\/\/domvicoso.mg.gov.br\/v1\/wp-content\/uploads\/2023\/02\/Contrato-024-2023-Celio-Marques-Pereira.pdf\" rel=\"noopener\" target=\"_blank\">Contrato - 024 - C\u00e9lio Marques<\/a><br><br \/>\n<a href=\"https:\/\/domvicoso.mg.gov.br\/v1\/wp-content\/uploads\/2023\/02\/Contrato-025-2023-Cleiton-Luiz-da-Silva.pdf\" rel=\"noopener\" target=\"_blank\">Contrato - 025 - Cleiton Luiz<\/a><br><br \/>\n<a href=\"https:\/\/domvicoso.mg.gov.br\/v1\/wp-content\/uploads\/2023\/02\/Contrato-026-2023-Edna-Maria-Campos-Moreira.pdf\" rel=\"noopener\" target=\"_blank\">Contrato - 026 - Edna Maria<\/a><br><br \/>\n<a href=\"https:\/\/domvicoso.mg.gov.br\/v1\/wp-content\/uploads\/2023\/02\/Contrato-027-2023-Jose-Carlos-Martins.pdf\" rel=\"noopener\" target=\"_blank\">Contrato - 027 - Jos\u00e9 Carlos<\/a><br><br \/>\n<a href=\"https:\/\/domvicoso.mg.gov.br\/v1\/wp-content\/uploads\/2023\/02\/Contrato-028-2023-Roadstour-Fretamento.pdf\" rel=\"noopener\" target=\"_blank\">Contrato - 028 - Roadstur Fretamento<\/a><br><br \/>\n<a href=\"https:\/\/domvicoso.mg.gov.br\/v1\/wp-content\/uploads\/2023\/02\/Contrato-029-2023-Michele-Ap.-Gomes-Divino.pdf\" rel=\"noopener\" target=\"_blank\">Contrato - 029 - Michele Ap. Gomes<\/a><\/td>\n<\/tr>\n<tr class=\"row-60 even\">\n\t<td class=\"column-1\">023\/2023<\/td><td class=\"column-2\">Dispensa 019<\/td><td class=\"column-3\">Contrata\u00e7\u00e3o de empresa para presta\u00e7\u00e3o de servi\u00e7os mec\u00e2nicos na manuten\u00e7\u00e3o preventiva e corretiva dos ve\u00edculos e maquin\u00e1rios da Frota Municipal e Conveniados. <\/td><td class=\"column-4\">----------<\/td><td class=\"column-5\">----------<\/td><td class=\"column-6\">R$42.000,00<\/td><td class=\"column-7\">----------<\/td><td class=\"column-8\"><a href=\"https:\/\/domvicoso.mg.gov.br\/v1\/wp-content\/uploads\/2023\/02\/6-Termo-de-Ratificacao-1.pdf\" rel=\"noopener\" target=\"_blank\">Termo de Ratifica\u00e7\u00e3o<\/a><\/td><td class=\"column-9\"><a href=\"https:\/\/domvicoso.mg.gov.br\/v1\/wp-content\/uploads\/2023\/02\/8-Contrato-019-2023.pdf\" rel=\"noopener\" target=\"_blank\">Contrato 019 - Ricardo<\/a><br><br \/>\n<a href=\"https:\/\/domvicoso.mg.gov.br\/v1\/wp-content\/uploads\/2024\/03\/1o-Termo-Aditivo-Vigencia-2024-2.pdf\" rel=\"noopener\" target=\"_blank\">1\u00ba Termo Aditivo<\/a><\/td>\n<\/tr>\n<tr class=\"row-61 odd\">\n\t<td class=\"column-1\">022\/2023<\/td><td class=\"column-2\">Dispensa 018<\/td><td class=\"column-3\">Contrata\u00e7\u00e3o de empresa para presta\u00e7\u00e3o de servi\u00e7os de atualiza\u00e7\u00e3o e manuten\u00e7\u00e3o de p\u00e1ginas em m\u00eddias sociais do Munic\u00edpio de Dom Vi\u00e7oso, como Facebook e Instagram com publica\u00e7\u00f5es necess\u00e1rias no atendimento ao Departamento de Turismo.<\/td><td class=\"column-4\">----------<\/td><td class=\"column-5\">----------<\/td><td class=\"column-6\">R$32.160,00<\/td><td class=\"column-7\">----------<\/td><td class=\"column-8\"><a href=\"https:\/\/domvicoso.mg.gov.br\/v1\/wp-content\/uploads\/2023\/02\/6-Termo-de-Ratificacao.pdf\" rel=\"noopener\" target=\"_blank\">Termo de Ratifica\u00e7\u00e3o<\/a><\/td><td class=\"column-9\"><a href=\"https:\/\/domvicoso.mg.gov.br\/v1\/wp-content\/uploads\/2023\/02\/8-Contrato-018-2023.pdf\" rel=\"noopener\" target=\"_blank\">Contrato 018 - Blenda<\/a><br><br \/>\n<a href=\"https:\/\/domvicoso.mg.gov.br\/v1\/wp-content\/uploads\/2024\/03\/1o-Termo-Aditivo-Vigencia-2024-1.pdf\" rel=\"noopener\" target=\"_blank\">1\u00ba Termo Aditivo<\/a><\/td>\n<\/tr>\n<tr class=\"row-62 even\">\n\t<td class=\"column-1\">021\/2023<\/td><td class=\"column-2\">Preg\u00e3o Presencial 002<\/td><td class=\"column-3\">Registro de Pre\u00e7os para futura e eventual Aquisi\u00e7\u00e3o de Materiais de Constru\u00e7\u00e3o para Obras em geral para atender as necessidades da Administra\u00e7\u00e3o Municipal.<\/td><td class=\"column-4\"><a href=\"https:\/\/domvicoso.mg.gov.br\/v1\/wp-content\/uploads\/2023\/02\/4-Edital.pdf\" rel=\"noopener\" target=\"_blank\">Edital<\/a><\/td><td class=\"column-5\">15\/02\/2023, \u00e0s 09:00 horas<\/td><td class=\"column-6\">R$4.582.533,92<\/td><td class=\"column-7\"><a href=\"https:\/\/domvicoso.mg.gov.br\/v1\/wp-content\/uploads\/2023\/02\/Lotes-Ganhos-Daniele-FAP.pdf\" rel=\"noopener\" target=\"_blank\">Lotes Ganhos - Daniele<\/a><br><a href=\"https:\/\/domvicoso.mg.gov.br\/v1\/wp-content\/uploads\/2023\/02\/Lotes-Ganhos-Helio-Jose.pdf\" rel=\"noopener\" target=\"_blank\">Lotes Ganhos - H\u00e9lio Jos\u00e9<\/a><br><a href=\"https:\/\/domvicoso.mg.gov.br\/v1\/wp-content\/uploads\/2023\/02\/Lotes-Ganhos-Sao-Lucas.pdf\" rel=\"noopener\" target=\"_blank\">Lotes Ganhos - S\u00e3o Lucas<\/a><br><a href=\"https:\/\/domvicoso.mg.gov.br\/v1\/wp-content\/uploads\/2023\/02\/Lotes-Fracassados.pdf\" rel=\"noopener\" target=\"_blank\">Lotes Fracassados<\/a><\/td><td class=\"column-8\"><a href=\"https:\/\/domvicoso.mg.gov.br\/v1\/wp-content\/uploads\/2023\/02\/10-Termo-de-Adjudicacao-e-Homologacao.pdf\" rel=\"noopener\" target=\"_blank\">Termo de Adjudica\u00e7\u00e3o e Homologa\u00e7\u00e3o<\/a><\/td><td class=\"column-9\"><a href=\"https:\/\/domvicoso.mg.gov.br\/v1\/wp-content\/uploads\/2023\/02\/ARP-001-Todas-Empresas.pdf\" rel=\"noopener\" target=\"_blank\">ARP - 001 - Todas as Empresas<\/a><\/td>\n<\/tr>\n<tr class=\"row-63 odd\">\n\t<td class=\"column-1\">020\/2023<\/td><td class=\"column-2\">Dispensa 017<\/td><td class=\"column-3\">Contrata\u00e7\u00e3o de empresa especializada em servi\u00e7os de consultoria e assessoria para a participa\u00e7\u00e3o do munic\u00edpio no repasse de ICMS Cultural, conforme exig\u00eancias da Delibera\u00e7\u00e3o Normativa do CONEP\/MG n\u00ba 01\/2016, vigente para o ICMS Cultural, para o ano de 2023.<\/td><td class=\"column-4\">---------<\/td><td class=\"column-5\">------------<\/td><td class=\"column-6\">R$10.800,00<\/td><td class=\"column-7\">---------<\/td><td class=\"column-8\"><a href=\"https:\/\/domvicoso.mg.gov.br\/v1\/wp-content\/uploads\/2023\/01\/6-Termo-de-Ratificacao-4.pdf\" rel=\"noopener\" target=\"_blank\">Termo de Ratifica\u00e7\u00e3o<\/a><\/td><td class=\"column-9\"><a href=\"https:\/\/domvicoso.mg.gov.br\/v1\/wp-content\/uploads\/2023\/01\/8-Contrato-016-2023-RCD-RAMOS.pdf\" rel=\"noopener\" target=\"_blank\">Contrato 016 - RCD Ramos<\/a><\/td>\n<\/tr>\n<tr class=\"row-64 even\">\n\t<td class=\"column-1\">019\/2023<\/td><td class=\"column-2\">Dispensa 016<\/td><td class=\"column-3\">Contrata\u00e7\u00e3o de empresa para presta\u00e7\u00e3o de servi\u00e7os de pesquisa e remessa de publica\u00e7\u00f5es dos atos processuais de interesse da Prefeitura Municipal de Dom Vi\u00e7oso \/MG, publicados nos Di\u00e1rios Eletr\u00f4nicos Oficiais do Estado de Minas Gerais, dos Tribunais Superiores e da Uni\u00e3o.<\/td><td class=\"column-4\">--------<\/td><td class=\"column-5\">------------<\/td><td class=\"column-6\">R$3.864,00<\/td><td class=\"column-7\">---------<\/td><td class=\"column-8\"><a href=\"https:\/\/domvicoso.mg.gov.br\/v1\/wp-content\/uploads\/2023\/01\/5-Termo-de-Ratificacao-9.pdf\" rel=\"noopener\" target=\"_blank\">Termo de Ratifica\u00e7\u00e3o<\/a><\/td><td class=\"column-9\"><a href=\"https:\/\/domvicoso.mg.gov.br\/v1\/wp-content\/uploads\/2023\/01\/7-Contrato-015-2023-Prius.pdf\" rel=\"noopener\" target=\"_blank\">Contrato 015 - Prius<\/a><\/td>\n<\/tr>\n<tr class=\"row-65 odd\">\n\t<td class=\"column-1\">018\/2023<\/td><td class=\"column-2\">Tomada de Pre\u00e7os 002<\/td><td class=\"column-3\">Contrata\u00e7\u00e3o de empresa para as obras de constru\u00e7\u00e3o de sistema de abastecimento de \u00e1gua no Bairro da Serrinha, \u00e1rea rural do Munic\u00edpio de Dom Vi\u00e7oso, conforme Conv\u00eanio n\u00ba 857620\/2017, n\u00ba interno 1650\/2017, celebrado com a Funda\u00e7\u00e3o Nacional de Sa\u00fade \u2013 FUNASA.<\/td><td class=\"column-4\"><a href=\"https:\/\/domvicoso.mg.gov.br\/v1\/wp-content\/uploads\/2023\/01\/4-EDITAL.pdf\" rel=\"noopener\" target=\"_blank\">Edital<\/a><\/td><td class=\"column-5\">08\/02\/2023. \u00e0s 13:00 horas<\/td><td class=\"column-6\">R$356.479,81<\/td><td class=\"column-7\"><a href=\"https:\/\/domvicoso.mg.gov.br\/v1\/wp-content\/uploads\/2023\/02\/Vencedor.pdf\" rel=\"noopener\" target=\"_blank\">Vencedor<\/a><\/td><td class=\"column-8\"><a href=\"https:\/\/domvicoso.mg.gov.br\/v1\/wp-content\/uploads\/2023\/02\/19.1-Termo-de-Adjudicacao-e-Homologacao.pdf\" rel=\"noopener\" target=\"_blank\">Termo de Adjudica\u00e7\u00e3o e Homologa\u00e7\u00e3o<\/a><\/td><td class=\"column-9\"><a href=\"https:\/\/domvicoso.mg.gov.br\/v1\/wp-content\/uploads\/2023\/02\/CONTRATO-No-030-2023.pdf\" rel=\"noopener\" target=\"_blank\">Contrato 030 - D\u00ednamus<\/a><\/td>\n<\/tr>\n<tr class=\"row-66 even\">\n\t<td class=\"column-1\">017\/2023<\/td><td class=\"column-2\">Dispensa 015<\/td><td class=\"column-3\">Contrata\u00e7\u00e3o de empresa para presta\u00e7\u00e3o de servi\u00e7os de assessoria e consultoria t\u00e9cnica em turismo para atendimento ao Setor de Turismo do Munic\u00edpio de Dom Vi\u00e7oso.<\/td><td class=\"column-4\">----------<\/td><td class=\"column-5\">----------<\/td><td class=\"column-6\">R$36.000,00<\/td><td class=\"column-7\">----------<\/td><td class=\"column-8\"><a href=\"https:\/\/domvicoso.mg.gov.br\/v1\/wp-content\/uploads\/2023\/01\/6-Termo-de-Ratificacao-3.pdf\" rel=\"noopener\" target=\"_blank\">Termo de Ratifica\u00e7\u00e3o<\/a><\/td><td class=\"column-9\"><a href=\"https:\/\/domvicoso.mg.gov.br\/v1\/wp-content\/uploads\/2023\/01\/8-Contrato-014-2023.pdf\" rel=\"noopener\" target=\"_blank\">Contrato 014 - Degislaine<\/a><\/td>\n<\/tr>\n<tr class=\"row-67 odd\">\n\t<td class=\"column-1\">016\/2023<\/td><td class=\"column-2\">Dispensa 014<\/td><td class=\"column-3\">Contrata\u00e7\u00e3o de empresa especializada na presta\u00e7\u00e3o de servi\u00e7os na manuten\u00e7\u00e3o preventiva e corretiva de computadores e da rede de internet, para atender as necessidades dos diversos Setores da Administra\u00e7\u00e3o Municipal de Dom Vi\u00e7oso.<\/td><td class=\"column-4\">----------<\/td><td class=\"column-5\">----------<\/td><td class=\"column-6\">R$17.520,00<\/td><td class=\"column-7\">----------<\/td><td class=\"column-8\"><a href=\"https:\/\/domvicoso.mg.gov.br\/v1\/wp-content\/uploads\/2023\/01\/5-Termo-de-Ratificacao-8.pdf\" rel=\"noopener\" target=\"_blank\">Termo de Ratifica\u00e7\u00e3o<\/a><\/td><td class=\"column-9\"><a href=\"https:\/\/domvicoso.mg.gov.br\/v1\/wp-content\/uploads\/2023\/01\/6-Contrato-013-2023.pdf\" rel=\"noopener\" target=\"_blank\">Contrato 013 - Marcos Di\u00f3rio<\/a><\/td>\n<\/tr>\n<tr class=\"row-68 even\">\n\t<td class=\"column-1\">015\/2023<\/td><td class=\"column-2\">Dispensa 013<\/td><td class=\"column-3\">Contrata\u00e7\u00e3o de empresa para presta\u00e7\u00e3o de servi\u00e7os de consultoria e assessoria t\u00e9cnica na \u00e1rea de seguran\u00e7a do trabalho para atendimento ao Munic\u00edpio de Dom Vi\u00e7oso quanto a legisla\u00e7\u00e3o trabalhista.<\/td><td class=\"column-4\">----------<\/td><td class=\"column-5\">----------<\/td><td class=\"column-6\">R$25.500,00<\/td><td class=\"column-7\">----------<\/td><td class=\"column-8\"><a href=\"https:\/\/domvicoso.mg.gov.br\/v1\/wp-content\/uploads\/2023\/01\/6-Termo-de-Ratificacao-2.pdf\" rel=\"noopener\" target=\"_blank\">Termo de Ratifica\u00e7\u00e3o<\/a><\/td><td class=\"column-9\"><a href=\"https:\/\/domvicoso.mg.gov.br\/v1\/wp-content\/uploads\/2023\/01\/6-Contrato-012-2023-Factus.pdf\" rel=\"noopener\" target=\"_blank\">Contrato 012 - Factus<\/a><\/td>\n<\/tr>\n<tr class=\"row-69 odd\">\n\t<td class=\"column-1\">014\/2023<\/td><td class=\"column-2\">Dispensa 012<\/td><td class=\"column-3\">Contrata\u00e7\u00e3o de empresa para a cess\u00e3o de direito de uso de software, 100% acess\u00edvel via web, para realiza\u00e7\u00e3o da gest\u00e3o, monitoramento e auditoria da apura\u00e7\u00e3o do valor adicionado municipal \u2013 VAF do Munic\u00edpio de Dom Vi\u00e7oso.<\/td><td class=\"column-4\">---------<\/td><td class=\"column-5\">----------<\/td><td class=\"column-6\">R$24.000,00<\/td><td class=\"column-7\">----------<\/td><td class=\"column-8\"><a href=\"https:\/\/domvicoso.mg.gov.br\/v1\/wp-content\/uploads\/2023\/01\/6-Termo-de-Ratificacao-1.pdf\" rel=\"noopener\" target=\"_blank\">Termo de Ratifica\u00e7\u00e3o<\/a><\/td><td class=\"column-9\"><a href=\"https:\/\/domvicoso.mg.gov.br\/v1\/wp-content\/uploads\/2023\/01\/8-Contrato-011-2023.pdf\" rel=\"noopener\" target=\"_blank\">Contrato 011 - Inspect<\/a><\/td>\n<\/tr>\n<tr class=\"row-70 even\">\n\t<td class=\"column-1\">013\/2023<\/td><td class=\"column-2\">Disp\u00e9nsa 011<\/td><td class=\"column-3\">Contrata\u00e7\u00e3o de empresa para presta\u00e7\u00e3o de servi\u00e7os em manuten\u00e7\u00e3o preventiva e corretiva de impressoras\/copiadoras, incluindo fornecimento de pe\u00e7as e toners para atender as necessidades de v\u00e1rios setores da Administra\u00e7\u00e3o Municipal de Dom Vi\u00e7oso<\/td><td class=\"column-4\">----<\/td><td class=\"column-5\">--------<\/td><td class=\"column-6\">R$39.360,00<\/td><td class=\"column-7\">----------<\/td><td class=\"column-8\"><a href=\"https:\/\/domvicoso.mg.gov.br\/v1\/wp-content\/uploads\/2023\/01\/6-Termo-de-Ratificacao.pdf\" rel=\"noopener\" target=\"_blank\">Termo de Ratifica\u00e7\u00e3o<\/a><\/td><td class=\"column-9\"><a href=\"https:\/\/domvicoso.mg.gov.br\/v1\/wp-content\/uploads\/2023\/01\/8-Contrato-010-2023.pdf\" rel=\"noopener\" target=\"_blank\">Contrato 010 - Megam\u00e1quinas<\/a><\/td>\n<\/tr>\n<tr class=\"row-71 odd\">\n\t<td class=\"column-1\">012\/2023<\/td><td class=\"column-2\">Dispensa 010<\/td><td class=\"column-3\">Loca\u00e7\u00e3o de uma \u00e1rea de 10.000 m\u00b2 (dez mil metros quadrados), que se destinar\u00e1 exclusivamente para abrigar o aterro sanit\u00e1rio e dep\u00f3sito da coleta de lixo dom\u00e9stico e urbano do Munic\u00edpio.<\/td><td class=\"column-4\">--------<\/td><td class=\"column-5\">----------<\/td><td class=\"column-6\">R$12.000,00<\/td><td class=\"column-7\">----------<\/td><td class=\"column-8\"><a href=\"https:\/\/domvicoso.mg.gov.br\/v1\/wp-content\/uploads\/2023\/01\/5-Termo-de-Ratificacao-1.pdf\" rel=\"noopener\" target=\"_blank\">Termo de Ratifica\u00e7\u00e3o<\/a><\/td><td class=\"column-9\"><a href=\"https:\/\/domvicoso.mg.gov.br\/v1\/wp-content\/uploads\/2023\/01\/7-Contrato-009-2023.pdf\" rel=\"noopener\" target=\"_blank\">Contrato 009 - Maria das Gra\u00e7as Silv\u00e9rio<\/a><\/td>\n<\/tr>\n<tr class=\"row-72 even\">\n\t<td class=\"column-1\">011\/2023<\/td><td class=\"column-2\">Dispensa 009<\/td><td class=\"column-3\">Chamada P\u00fablica n.\u00ba 001\/2023, para Aquisi\u00e7\u00e3o de G\u00eaneros Aliment\u00edcios diretamente da Agricultura Familiar e do Empreendedor Familiar Rural.<\/td><td class=\"column-4\"><a href=\"https:\/\/domvicoso.mg.gov.br\/v1\/wp-content\/uploads\/2023\/01\/7-Edital.pdf\" rel=\"noopener\" target=\"_blank\">Edital<\/a><\/td><td class=\"column-5\">31\/01\/2023, \u00e0s 09:15  horas<\/td><td class=\"column-6\">R$45.828,90<\/td><td class=\"column-7\"><a href=\"https:\/\/domvicoso.mg.gov.br\/v1\/wp-content\/uploads\/2023\/02\/12-Publicacao-da-Selecao.pdf\" rel=\"noopener\" target=\"_blank\">Resultado <\/a><\/td><td class=\"column-8\"><a href=\"https:\/\/domvicoso.mg.gov.br\/v1\/wp-content\/uploads\/2023\/02\/13-Termo-de-Ratificacao.pdf\" rel=\"noopener\" target=\"_blank\">Termo de Ratifica\u00e7\u00e3o<\/a><\/td><td class=\"column-9\"><a href=\"https:\/\/domvicoso.mg.gov.br\/v1\/wp-content\/uploads\/2023\/02\/1-Contrato-021-2023-Carlinho.pdf\" rel=\"noopener\" target=\"_blank\">Contrato 021 - Carlinho<\/a><br><a href=\"https:\/\/domvicoso.mg.gov.br\/v1\/wp-content\/uploads\/2023\/02\/2-Contrato-022-2023-Neuza.pdf\" rel=\"noopener\" target=\"_blank\">Contrato 022 - Neuza<\/a><\/td>\n<\/tr>\n<tr class=\"row-73 odd\">\n\t<td class=\"column-1\">010\/2023<\/td><td class=\"column-2\">Preg\u00e3o Presencial 001<\/td><td class=\"column-3\">Contrata\u00e7\u00e3o de empresa para presta\u00e7\u00e3o de servi\u00e7os de apoio administrativo com foco em controle, informa\u00e7\u00e3o e gerenciamento em telecomunica\u00e7\u00f5es.<\/td><td class=\"column-4\"><a href=\"https:\/\/domvicoso.mg.gov.br\/v1\/wp-content\/uploads\/2023\/01\/5-Edital.pdf\" rel=\"noopener\" target=\"_blank\">Edital<\/a><\/td><td class=\"column-5\">24\/01\/2023, \u00e0s 10:00 horas<\/td><td class=\"column-6\">R$14.316,00<\/td><td class=\"column-7\"><a href=\"https:\/\/domvicoso.mg.gov.br\/v1\/wp-content\/uploads\/2023\/01\/Vencedor.pdf\" rel=\"noopener\" target=\"_blank\">Vencedor<\/a><\/td><td class=\"column-8\"><a href=\"https:\/\/domvicoso.mg.gov.br\/v1\/wp-content\/uploads\/2023\/01\/14-Extratos-Adjudicacao-e-Homologacao.pdf\" rel=\"noopener\" target=\"_blank\">Termo de Adjudica\u00e7\u00e3o e Homologa\u00e7\u00e3o<\/a><\/td><td class=\"column-9\"><a href=\"https:\/\/domvicoso.mg.gov.br\/v1\/wp-content\/uploads\/2023\/01\/13-Contrato-017-2023.pdf\" rel=\"noopener\" target=\"_blank\">Contrato 017 - Equilibrio<\/a><br><br \/>\n<a href=\"https:\/\/domvicoso.mg.gov.br\/v1\/wp-content\/uploads\/2024\/03\/1o-Termo-Aditivo-Vigencia-2024.pdf\" rel=\"noopener\" target=\"_blank\">1\u00ba Termo Aditivo<\/a><\/td>\n<\/tr>\n<tr class=\"row-74 even\">\n\t<td class=\"column-1\">009\/2023<\/td><td class=\"column-2\">Dispensa 008<\/td><td class=\"column-3\">Loca\u00e7\u00e3o de Sistema de Alarme Monitorado 24 Horas para as Escolas Municipais.<\/td><td class=\"column-4\">---------<\/td><td class=\"column-5\">----------<\/td><td class=\"column-6\">R$3.450,00<\/td><td class=\"column-7\">----------<\/td><td class=\"column-8\"><a href=\"https:\/\/domvicoso.mg.gov.br\/v1\/wp-content\/uploads\/2023\/01\/5-Termo-de-Ratificacao-10.pdf\" rel=\"noopener\" target=\"_blank\">Termo de Ratifica\u00e7\u00e3o<\/a><\/td><td class=\"column-9\"><a href=\"https:\/\/domvicoso.mg.gov.br\/v1\/wp-content\/uploads\/2023\/01\/6-Contrato-008-2023.pdf\" rel=\"noopener\" target=\"_blank\">Contrato 008 - Vigilarme<\/a><\/td>\n<\/tr>\n<tr class=\"row-75 odd\">\n\t<td class=\"column-1\">008\/2023<\/td><td class=\"column-2\">Dispensa 007<\/td><td class=\"column-3\">Contrata\u00e7\u00e3o de empresa para atualiza\u00e7\u00e3o e manuten\u00e7\u00e3o do site oficial do Munic\u00edpio de Dom Vi\u00e7oso com CMS capaz de gerenciar documentos, p\u00e1ginas e usu\u00e1rios.<\/td><td class=\"column-4\">---------<\/td><td class=\"column-5\">----------<\/td><td class=\"column-6\">R$4.470,00<\/td><td class=\"column-7\">----------<\/td><td class=\"column-8\"><a href=\"https:\/\/domvicoso.mg.gov.br\/v1\/wp-content\/uploads\/2023\/01\/5-Termo-de-Ratificacao-7.pdf\" rel=\"noopener\" target=\"_blank\">Termo de Ratifica\u00e7\u00e3o<\/a><\/td><td class=\"column-9\"><a href=\"https:\/\/domvicoso.mg.gov.br\/v1\/wp-content\/uploads\/2023\/01\/6-Contrato-007-2023.pdf\" rel=\"noopener\" target=\"_blank\">Contrato 007 - BR Automa\u00e7\u00e3o<\/a><\/td>\n<\/tr>\n<tr class=\"row-76 even\">\n\t<td class=\"column-1\">007\/2023<\/td><td class=\"column-2\">Dispensa 006<\/td><td class=\"column-3\">Contrata\u00e7\u00e3o de empresa para a Loca\u00e7\u00e3o de Software para tratamento de ponto e gerenciamento dos rel\u00f3gios de ponto eletr\u00f4nico.<\/td><td class=\"column-4\">---------<\/td><td class=\"column-5\">----------<\/td><td class=\"column-6\">R$3.000,00<\/td><td class=\"column-7\">----------<\/td><td class=\"column-8\"><a href=\"https:\/\/domvicoso.mg.gov.br\/v1\/wp-content\/uploads\/2023\/01\/5-Termo-de-Ratificacao-6.pdf\" rel=\"noopener\" target=\"_blank\">Termo de Ratifica\u00e7\u00e3o<\/a><\/td><td class=\"column-9\"><a href=\"https:\/\/domvicoso.mg.gov.br\/v1\/wp-content\/uploads\/2023\/01\/6-Contrato-006-2023.pdf\" rel=\"noopener\" target=\"_blank\">Contrato - 006 - Sisponto Sistemas  Inteligentes LTDA<\/a><\/td>\n<\/tr>\n<tr class=\"row-77 odd\">\n\t<td class=\"column-1\">006\/2023<\/td><td class=\"column-2\">Dispensa 005<\/td><td class=\"column-3\">Contrata\u00e7\u00e3o de empresa para Loca\u00e7\u00e3o com Suporte e Manuten\u00e7\u00e3o do Sistema de Gest\u00e3o Comercial para o DMAE.<\/td><td class=\"column-4\">---------<\/td><td class=\"column-5\">----------<\/td><td class=\"column-6\">R$17.614,20<\/td><td class=\"column-7\">----------<br \/>\n<\/td><td class=\"column-8\"><a href=\"https:\/\/domvicoso.mg.gov.br\/v1\/wp-content\/uploads\/2023\/01\/5-Termo-de-Ratificacao-5.pdf\" rel=\"noopener\" target=\"_blank\">Termo de Ratifica\u00e7\u00e3o<\/a><\/td><td class=\"column-9\"><a href=\"https:\/\/domvicoso.mg.gov.br\/v1\/wp-content\/uploads\/2023\/01\/6-Contrato-005-2023.pdf\" rel=\"noopener\" target=\"_blank\">Contrato - 005 - Gestcom Inform\u00e1tica LTDA <\/a><\/td>\n<\/tr>\n<tr class=\"row-78 even\">\n\t<td class=\"column-1\">005\/2023<\/td><td class=\"column-2\">Dispensa 004 <\/td><td class=\"column-3\">Loca\u00e7\u00e3o de equipamentos para uma Central de PABX para o Pr\u00e9dio da Prefeitura Municipal, composta de 01 PABX Leucotron Sctive IP I00 com 08 linhas e 32 Ramais, 01 KS-HB Executive e 01 Software Atendimento TGCO.<\/td><td class=\"column-4\">----------<\/td><td class=\"column-5\">----------<\/td><td class=\"column-6\">R$7.020,00<\/td><td class=\"column-7\">----------<\/td><td class=\"column-8\"><a href=\"https:\/\/domvicoso.mg.gov.br\/v1\/wp-content\/uploads\/2023\/01\/5-Termo-de-Ratificacao-4.pdf\" rel=\"noopener\" target=\"_blank\">Termo de Ratifica\u00e7\u00e3o<\/a><\/td><td class=\"column-9\"><a href=\"https:\/\/domvicoso.mg.gov.br\/v1\/wp-content\/uploads\/2023\/01\/6-Contrato-005-2023.pdf\" rel=\"noopener\" target=\"_blank\">Contrato - 004 - Primtel Telecomunica\u00e7\u00f5es<\/a><\/td>\n<\/tr>\n<tr class=\"row-79 odd\">\n\t<td class=\"column-1\">004\/2023<\/td><td class=\"column-2\">Dispensa 003<\/td><td class=\"column-3\">Contrata\u00e7\u00e3o de empresa para a loca\u00e7\u00e3o e manuten\u00e7\u00e3o de software para a emiss\u00e3o de nota fiscal eletr\u00f4nica, em atendimento ao Setor de Tributos.<\/td><td class=\"column-4\">----------<\/td><td class=\"column-5\">----------<\/td><td class=\"column-6\">R$4.800,00<\/td><td class=\"column-7\">----------<\/td><td class=\"column-8\"><a href=\"https:\/\/domvicoso.mg.gov.br\/v1\/wp-content\/uploads\/2023\/01\/5-Termo-de-Ratificacao-3.pdf\" rel=\"noopener\" target=\"_blank\">Termo de Ratifica\u00e7\u00e3o<\/a><\/td><td class=\"column-9\"><a href=\"https:\/\/domvicoso.mg.gov.br\/v1\/wp-content\/uploads\/2023\/01\/6-Contrato-003-2023.pdf\" rel=\"noopener\" target=\"_blank\">Contrato 003 - Futurize<\/a><\/td>\n<\/tr>\n<tr class=\"row-80 even\">\n\t<td class=\"column-1\">003\/2023<\/td><td class=\"column-2\">Dispensa 002<\/td><td class=\"column-3\">Contrata\u00e7\u00e3o de Empresa para coleta, transporte, tratamento t\u00e9rmico atrav\u00e9s de incinera\u00e7\u00e3o e destina\u00e7\u00e3o final dos res\u00edduos s\u00f3lidos dos Servi\u00e7os de Sa\u00fade do Munic\u00edpio.<\/td><td class=\"column-4\">----------<\/td><td class=\"column-5\">----------<\/td><td class=\"column-6\">R$12.000,00<\/td><td class=\"column-7\">----------<\/td><td class=\"column-8\"><a href=\"https:\/\/domvicoso.mg.gov.br\/v1\/wp-content\/uploads\/2023\/01\/5-Termo-de-Ratificacao-2.pdf\" rel=\"noopener\" target=\"_blank\">Termo de Ratifica\u00e7\u00e3o<\/a><\/td><td class=\"column-9\"><a href=\"https:\/\/domvicoso.mg.gov.br\/v1\/wp-content\/uploads\/2023\/01\/6-Contrato-002-2022.pdf\" rel=\"noopener\" target=\"_blank\">Contrato  002 - Agit<\/a><\/td>\n<\/tr>\n<tr class=\"row-81 odd\">\n\t<td class=\"column-1\">002\/2023<\/td><td class=\"column-2\">Tomada de Pre\u00e7os 001<\/td><td class=\"column-3\">Contrata\u00e7\u00e3o de empresa especializada em presta\u00e7\u00e3o de servi\u00e7os t\u00e9cnicos de Assessoria em Gest\u00e3o Tribut\u00e1ria.<\/td><td class=\"column-4\"><a href=\"https:\/\/domvicoso.mg.gov.br\/v1\/wp-content\/uploads\/2023\/01\/4-Edital-TP-Assessoria-em-tributos.pdf\" rel=\"noopener\" target=\"_blank\">Edital<\/a><\/td><td class=\"column-5\">23\/01\/2023, \u00e0s 13:00 horas<\/td><td class=\"column-6\">R$93.600,00<\/td><td class=\"column-7\"><a href=\"https:\/\/domvicoso.mg.gov.br\/v1\/wp-content\/uploads\/2023\/01\/Vencedor-1.pdf\" rel=\"noopener\" target=\"_blank\">Vencedor<\/a><\/td><td class=\"column-8\"><a href=\"https:\/\/domvicoso.mg.gov.br\/v1\/wp-content\/uploads\/2023\/01\/11-Extratos-Adjudicacao-e-Homologacao.pdf\" rel=\"noopener\" target=\"_blank\">Termo de Adjudica\u00e7\u00e3o e Homologa\u00e7\u00e3o<\/a><\/td><td class=\"column-9\"><a href=\"https:\/\/domvicoso.mg.gov.br\/v1\/wp-content\/uploads\/2023\/02\/14-Contrato-020-2023.pdf\" rel=\"noopener\" target=\"_blank\">Contrato 020 - File Auditores<\/a><br><br \/>\n<a href=\"https:\/\/domvicoso.mg.gov.br\/v1\/wp-content\/uploads\/2024\/03\/1o-Termo-Aditivo-Vigencia-2024-3.pdf\" rel=\"noopener\" target=\"_blank\">1\u00ba Termo Aditivo<\/a><\/td>\n<\/tr>\n<tr class=\"row-82 even\">\n\t<td class=\"column-1\">001\/2023<\/td><td class=\"column-2\">Dispensa 001<\/td><td class=\"column-3\">Contrata\u00e7\u00e3o de empresa especializada para presta\u00e7\u00e3o de servi\u00e7os de publica\u00e7\u00e3o de atos oficiais e institucional da Administra\u00e7\u00e3o Municipal, em jornal di\u00e1rio de grande circula\u00e7\u00e3o.<\/td><td class=\"column-4\">----------<\/td><td class=\"column-5\">----------<\/td><td class=\"column-6\">R$ 16.080,00 <\/td><td class=\"column-7\">----------<\/td><td class=\"column-8\"><a href=\"https:\/\/domvicoso.mg.gov.br\/v1\/wp-content\/uploads\/2023\/01\/5-Termo-de-Ratificacao.pdf\" rel=\"noopener\" target=\"_blank\">Termo de Ratifica\u00e7\u00e3o<\/a><\/td><td class=\"column-9\"><a href=\"https:\/\/domvicoso.mg.gov.br\/v1\/wp-content\/uploads\/2023\/01\/6-Contrato-001-2023.pdf\" rel=\"noopener\" target=\"_blank\">Contrato - 001 - Jornal Panorama<\/a><\/td>\n<\/tr>\n<\/tbody>\n<\/table>\n<!-- #tablepress-16 from cache -->\n","protected":false},"excerpt":{"rendered":"","protected":false},"author":1,"featured_media":0,"parent":0,"menu_order":0,"comment_status":"closed","ping_status":"closed","template":"","meta":{"footnotes":""},"class_list":["post-4478","page","type-page","status-publish","hentry"],"_links":{"self":[{"href":"https:\/\/domvicoso.mg.gov.br\/v1\/wp-json\/wp\/v2\/pages\/4478","targetHints":{"allow":["GET"]}}],"collection":[{"href":"https:\/\/domvicoso.mg.gov.br\/v1\/wp-json\/wp\/v2\/pages"}],"about":[{"href":"https:\/\/domvicoso.mg.gov.br\/v1\/wp-json\/wp\/v2\/types\/page"}],"author":[{"embeddable":true,"href":"https:\/\/domvicoso.mg.gov.br\/v1\/wp-json\/wp\/v2\/users\/1"}],"replies":[{"embeddable":true,"href":"https:\/\/domvicoso.mg.gov.br\/v1\/wp-json\/wp\/v2\/comments?post=4478"}],"version-history":[{"count":2,"href":"https:\/\/domvicoso.mg.gov.br\/v1\/wp-json\/wp\/v2\/pages\/4478\/revisions"}],"predecessor-version":[{"id":7150,"href":"https:\/\/domvicoso.mg.gov.br\/v1\/wp-json\/wp\/v2\/pages\/4478\/revisions\/7150"}],"wp:attachment":[{"href":"https:\/\/domvicoso.mg.gov.br\/v1\/wp-json\/wp\/v2\/media?parent=4478"}],"curies":[{"name":"wp","href":"https:\/\/api.w.org\/{rel}","templated":true}]}}