{"id":6486,"date":"2023-12-16T20:24:57","date_gmt":"2023-12-16T20:24:57","guid":{"rendered":"https:\/\/domvicoso.mg.gov.br\/v1\/?page_id=6486"},"modified":"2024-01-04T22:28:40","modified_gmt":"2024-01-04T22:28:40","slug":"assistencia-social","status":"publish","type":"page","link":"https:\/\/domvicoso.mg.gov.br\/v1\/assistencia-social\/","title":{"rendered":"Assist\u00eancia Social"},"content":{"rendered":"<div class=\"fusion-fullwidth fullwidth-box fusion-builder-row-1 fusion-flex-container nonhundred-percent-fullwidth non-hundred-percent-height-scrolling\" style=\"background-color: rgba(255,255,255,0);background-position: center center;background-repeat: no-repeat;border-width: 0px 0px 0px 0px;border-color:#eae9e9;border-style:solid;\" ><div class=\"fusion-builder-row fusion-row fusion-flex-align-items-flex-start\" style=\"max-width:1185.6px;margin-left: calc(-4% \/ 2 );margin-right: calc(-4% \/ 2 );\"><div class=\"fusion-layout-column fusion_builder_column fusion-builder-column-0 fusion_builder_column_2_3 2_3 fusion-flex-column\"><div class=\"fusion-column-wrapper fusion-flex-justify-content-flex-start fusion-content-layout-column\" style=\"background-position:left top;background-repeat:no-repeat;-webkit-background-size:cover;-moz-background-size:cover;-o-background-size:cover;background-size:cover;padding: 0px 0px 0px 0px;\"><div class=\"fusion-text fusion-text-1\"><p style=\"text-align: justify;\">Conforme\u00a0<strong>LEI ORG\u00c2NICA DE 21 DE ABRIL DE 1990. <\/strong>Disp\u00f5e sobre os princ\u00edpios b\u00e1sicos, a organiza\u00e7\u00e3o e a estrutura da Prefeitura do Munic\u00edpio de Dom Vi\u00e7oso,\u00a0temos:<\/p>\n<p style=\"text-align: justify;\">Ao Departamento Municipal de Assist\u00eancia Social compete:<\/p>\n<p style=\"text-align: justify;\"><strong><u>Assist\u00eancia Social:<\/u><\/strong><\/p>\n<p style=\"text-align: justify;\">I- Realizar ou orientar estudos e pesquisas no campo da Assist\u00eancia Social;<\/p>\n<p style=\"text-align: justify;\">II- Preparar programas de trabalho referentes ao Servi\u00e7o Social;<\/p>\n<p style=\"text-align: justify;\">III- Realizar e interpretar pesquisas sociais;<\/p>\n<p style=\"text-align: justify;\">IV- Orientar e coordenar os trabalhos nos casos de reabilita\u00e7\u00e3o profissional;<\/p>\n<p style=\"text-align: justify;\">V- Encaminhar pacientes a dispens\u00e1rios e hospitais, acompanhando o tratamento e a recupera\u00e7\u00e3o destes, assistindo aos familiares;<\/p>\n<p style=\"text-align: justify;\">VI- Realizar agendamento para pacientes no \u00e2mbito municipal, estadual e nacional;<\/p>\n<p style=\"text-align: justify;\">\u00a0VII- Executar servi\u00e7os junto ao Tratamento Fora de Domic\u00edlio (TFD) para locomo\u00e7\u00e3o do paciente dentro e fora do Estado, visando \u00e1 continuidade do tratamento;<\/p>\n<p style=\"text-align: justify;\">VIII- Planejar e promover inqu\u00e9ritos sobre a situa\u00e7\u00e3o social de escolares e suas fam\u00edlias;<\/p>\n<p style=\"text-align: justify;\">IX- Fazer triagem dos casos apresentados para estudos ou encaminhamentos;<\/p>\n<p style=\"text-align: justify;\">X- Estudar os antecedentes da fam\u00edlia, participar de estudo e diagn\u00f3stico dos casos e orientar os pais em grupo ou individualmente, sobre o tratamento adequado;<\/p>\n<p style=\"text-align: justify;\">XI- Supervisionar o servi\u00e7o social atrav\u00e9s das ag\u00eancias;<\/p>\n<p style=\"text-align: justify;\">XII- Orientar nas sele\u00e7\u00f5es socioecon\u00f4micas para concess\u00e3o de aux\u00edlios ou amparos pelos servi\u00e7os de assist\u00eancia \u00e1 velhice, a inf\u00e2ncia abandonada, e demais casos de defici\u00eancia a serem assistida e de obriga\u00e7\u00e3o do Munic\u00edpio;<\/p>\n<p style=\"text-align: justify;\">XIII- Fazer levantamento socioecon\u00f4mico com finalidade de planejamento habitacional nas comunidades;<\/p>\n<p style=\"text-align: justify;\">XIV- Executar outras atividades compat\u00edveis com as especificadas, conforme necessidade do munic\u00edpio;<\/p>\n<p style=\"text-align: justify;\">XV- Executar servi\u00e7os de \u00e2mbito social a pessoas, individualmente ou em grupos, identificando e analisando seus problemas e necessidades materiais, sociais e de outra ordem, aplicando os processos b\u00e1sicos da Assist\u00eancia Social, para facilitar a recupera\u00e7\u00e3o de indiv\u00edduos ou grupos e promover a sua reintegra\u00e7\u00e3o no meio social, familiar e de trabalho;<\/p>\n<p style=\"text-align: justify;\">XVI- Desenvolver atividades de educa\u00e7\u00e3o e vigil\u00e2ncia em sa\u00fade e executar o Servi\u00e7o Social aplicando seus m\u00e9todos e t\u00e9cnicas espec\u00edficas;<\/p>\n<p style=\"text-align: justify;\">XVII- Assessor e prestar suporte t\u00e9cnico de gest\u00e3o em sa\u00fade no \u00e2mbito de Sistema \u00danico de Sa\u00fade do Munic\u00edpio;<\/p>\n<p style=\"text-align: justify;\">XVIII- Planejar, executar, coordenar e avaliar Programas, Projetos e Servi\u00e7os na \u00e1rea de Assist\u00eancia Social;<\/p>\n<p style=\"text-align: justify;\">XIX- Propor e realizar estudos socioecon\u00f4micos que possam contribuir para identificar as demandas e potencialidades para atendimento defesas dos direitos dos usu\u00e1rios;<\/p>\n<p style=\"text-align: justify;\">XX- Realizar orienta\u00e7\u00e3o social e encaminhamento de pessoas e familiares \u00e1 Rede de Prote\u00e7\u00e3o Social e ao mercado de Trabalho;<\/p>\n<p style=\"text-align: justify;\">XXI- Realizar visitas e emitir pareceres e relat\u00f3rios sociais;<\/p>\n<p style=\"text-align: justify;\">XXII- Assessorar e prestar apoio t\u00e9cnico;<\/p>\n<p style=\"text-align: justify;\">XXIII- De gest\u00e3o no \u00e2mbito do Sistema \u00danico de Assist\u00eancia Social;<\/p>\n<p style=\"text-align: justify;\">XXIV- Coordenar a\u00e7\u00f5es sociais respondendo como profissional qualificado inclusive no programa de sa\u00fade da fam\u00edlia (domiciliar);<\/p>\n<p style=\"text-align: justify;\">XXV- Executar outras tarefas correlatas ao cargo.<\/p>\n<\/div><\/div><style type=\"text\/css\">.fusion-body .fusion-builder-column-0{width:66.666666666667% !important;margin-top : 0px;margin-bottom : 20px;}.fusion-builder-column-0 > .fusion-column-wrapper {padding-top : 0px !important;padding-right : 0px !important;margin-right : 2.88%;padding-bottom : 0px !important;padding-left : 0px !important;margin-left : 2.88%;}@media only screen and (max-width:1024px) {.fusion-body .fusion-builder-column-0{width:100% !important;order : 0;}.fusion-builder-column-0 > .fusion-column-wrapper {margin-right : 1.92%;margin-left : 1.92%;}}@media only screen and (max-width:640px) {.fusion-body .fusion-builder-column-0{width:100% !important;order : 0;}.fusion-builder-column-0 > .fusion-column-wrapper {margin-right : 1.92%;margin-left : 1.92%;}}<\/style><\/div><div class=\"fusion-layout-column fusion_builder_column fusion-builder-column-1 fusion_builder_column_1_3 1_3 fusion-flex-column\"><div class=\"fusion-column-wrapper fusion-flex-justify-content-flex-start fusion-content-layout-column\" style=\"background-position:left top;background-repeat:no-repeat;-webkit-background-size:cover;-moz-background-size:cover;-o-background-size:cover;background-size:cover;padding: 0px 0px 0px 0px;\"><style type=\"text\/css\">.fusion-search-element-1 .searchform .fusion-search-form-content .fusion-search-field input,.fusion-search-element-1 .searchform .fusion-search-form-content .fusion-search-button input[type=submit] {height: 60px;}.fusion-search-element-1 .searchform .fusion-search-form-content .fusion-search-button input[type=submit] {line-height: 60px;}.fusion-search-element-1.fusion-search-form-clean .searchform .fusion-search-form-content .fusion-search-field input {padding-left: 60px;}.fusion-search-element-1 .searchform .fusion-search-form-content .fusion-search-button input[type=submit] {width: 60px;}.fusion-search-element-1 .searchform .fusion-search-form-content .fusion-search-field input,.fusion-search-element-1 .searchform .fusion-search-form-content .fusion-search-field input::placeholder,.fusion-search-element-1.fusion-search-form-clean .searchform .fusion-search-form-content .fusion-search-button input[type=submit] {color: #9a9a9a;}.fusion-search-element-1 .searchform .fusion-search-form-content .fusion-search-field input:focus {border-color: #d2d2d2;}.fusion-search-element-1 .searchform .fusion-search-form-content .fusion-search-field input,.fusion-search-element-1.fusion-search-form-clean .searchform .fusion-search-form-content .fusion-search-button input[type=submit] {font-size: 13px;}.fusion-search-element-1 .searchform .fusion-search-form-content .fusion-search-field input {background-color: #ffffff;border-color: #d2d2d2;}.fusion-search-element-1 .searchform.fusion-search-form-classic .fusion-search-form-content, .fusion-search-form-classic .searchform:not(.fusion-search-form-clean) .fusion-search-form-content {border-radius: 0px;overflow: hidden;}.fusion-search-element-1 .fusion-search-form-content input.s {border-radius: 0px;}<\/style><div class=\"fusion-search-element fusion-search-element-1 fusion-search-form-classic\">\t\t<form role=\"search\" class=\"searchform fusion-search-form  fusion-search-form-classic\" method=\"get\" action=\"https:\/\/domvicoso.mg.gov.br\/v1\/\">\n\t\t\t<div class=\"fusion-search-form-content\">\n\n\t\t\t\t\n\t\t\t\t<div class=\"fusion-search-field search-field\">\n\t\t\t\t\t<label><span class=\"screen-reader-text\">Search for:<\/span>\n\t\t\t\t\t\t\t\t\t\t\t\t\t<input type=\"search\" value=\"\" name=\"s\" class=\"s\" placeholder=\"Digite a sua busca aqui...\" required aria-required=\"true\" aria-label=\"Digite a sua busca aqui...\"\/>\n\t\t\t\t\t\t\t\t\t\t\t<\/label>\n\t\t\t\t<\/div>\n\t\t\t\t<div class=\"fusion-search-button search-button\">\n\t\t\t\t\t<input type=\"submit\" class=\"fusion-search-submit searchsubmit\" aria-label=\"Search\" value=\"&#xf002;\" \/>\n\t\t\t\t\t\t\t\t\t<\/div>\n\n\t\t\t\t<input type=\"hidden\" name=\"post_type[]\" value=\"any\" \/><input type=\"hidden\" name=\"search_limit_to_post_titles\" value=\"0\" \/><input type=\"hidden\" name=\"fs\" value=\"1\" \/>\n\t\t\t<\/div>\n\n\n\t\t\t\n\t\t<\/form>\n\t\t<\/div><div class=\"fusion-separator fusion-full-width-sep\" style=\"align-self: center;margin-left: auto;margin-right: auto;margin-bottom:30px;width:100%;\"><\/div><div ><div class=\"imageframe-liftup\"><span class=\" fusion-imageframe imageframe-none imageframe-1 fusion-animated\" data-animationType=\"fadeInRight\" data-animationDuration=\"1.0\" data-animationOffset=\"100%\"><a class=\"fusion-no-lightbox\" href=\"https:\/\/www.facebook.com\/prefeituramunicipalDV\/\" target=\"_self\" aria-label=\"facebook\"><img decoding=\"async\" width=\"350\" height=\"92\" src=\"https:\/\/domvicoso.mg.gov.br\/v1\/wp-content\/uploads\/2022\/01\/facebook.jpg\" data-orig-src=\"https:\/\/domvicoso.mg.gov.br\/v1\/wp-content\/uploads\/2022\/01\/facebook.jpg\" class=\"lazyload img-responsive wp-image-1979\" srcset=\"data:image\/svg+xml,%3Csvg%20xmlns%3D%27http%3A%2F%2Fwww.w3.org%2F2000%2Fsvg%27%20width%3D%27350%27%20height%3D%2792%27%20viewBox%3D%270%200%20350%2092%27%3E%3Crect%20width%3D%27350%27%20height%3D%2792%27%20fill-opacity%3D%220%22%2F%3E%3C%2Fsvg%3E\" data-srcset=\"https:\/\/domvicoso.mg.gov.br\/v1\/wp-content\/uploads\/2022\/01\/facebook-200x53.jpg 200w, https:\/\/domvicoso.mg.gov.br\/v1\/wp-content\/uploads\/2022\/01\/facebook.jpg 350w\" data-sizes=\"auto\" data-orig-sizes=\"(max-width: 1024px) 100vw, (max-width: 640px) 100vw, 350px\" \/><\/a><\/span><\/div><\/div><div class=\"fusion-separator fusion-full-width-sep\" style=\"align-self: center;margin-left: auto;margin-right: auto;margin-bottom:30px;width:100%;\"><\/div><div ><div class=\"imageframe-liftup\"><span class=\" fusion-imageframe imageframe-none imageframe-2 fusion-animated\" data-animationType=\"fadeInRight\" data-animationDuration=\"1.0\" data-animationOffset=\"100%\"><a class=\"fusion-no-lightbox\" href=\"https:\/\/domvicoso.mg.gov.br\/v1\/perguntas-frequentes-faq\/\" target=\"_self\" aria-label=\"perguntasfrequentes\"><img decoding=\"async\" width=\"350\" height=\"92\" src=\"https:\/\/domvicoso.mg.gov.br\/v1\/wp-content\/uploads\/2023\/12\/perguntasfrequentes.png\" data-orig-src=\"https:\/\/domvicoso.mg.gov.br\/v1\/wp-content\/uploads\/2023\/12\/perguntasfrequentes.png\" class=\"lazyload img-responsive wp-image-6426\" srcset=\"data:image\/svg+xml,%3Csvg%20xmlns%3D%27http%3A%2F%2Fwww.w3.org%2F2000%2Fsvg%27%20width%3D%27350%27%20height%3D%2792%27%20viewBox%3D%270%200%20350%2092%27%3E%3Crect%20width%3D%27350%27%20height%3D%2792%27%20fill-opacity%3D%220%22%2F%3E%3C%2Fsvg%3E\" data-srcset=\"https:\/\/domvicoso.mg.gov.br\/v1\/wp-content\/uploads\/2023\/12\/perguntasfrequentes-200x53.png 200w, https:\/\/domvicoso.mg.gov.br\/v1\/wp-content\/uploads\/2023\/12\/perguntasfrequentes.png 350w\" data-sizes=\"auto\" data-orig-sizes=\"(max-width: 1024px) 100vw, (max-width: 640px) 100vw, 350px\" \/><\/a><\/span><\/div><\/div><div class=\"fusion-separator fusion-full-width-sep\" style=\"align-self: center;margin-left: auto;margin-right: auto;margin-bottom:30px;width:100%;\"><\/div><div ><div class=\"imageframe-liftup\"><span class=\" fusion-imageframe imageframe-none imageframe-3 fusion-animated\" data-animationType=\"fadeInRight\" data-animationDuration=\"1.0\" data-animationOffset=\"100%\"><a class=\"fusion-no-lightbox\" href=\"https:\/\/sistemasgerenciais.com.br\/holerites_domvicoso\/\" target=\"_self\" aria-label=\"Your paragraph text (1)\"><img decoding=\"async\" width=\"350\" height=\"92\" src=\"https:\/\/domvicoso.mg.gov.br\/v1\/wp-content\/uploads\/2023\/12\/Your-paragraph-text-1.png\" data-orig-src=\"https:\/\/domvicoso.mg.gov.br\/v1\/wp-content\/uploads\/2023\/12\/Your-paragraph-text-1.png\" class=\"lazyload img-responsive wp-image-6355\" srcset=\"data:image\/svg+xml,%3Csvg%20xmlns%3D%27http%3A%2F%2Fwww.w3.org%2F2000%2Fsvg%27%20width%3D%27350%27%20height%3D%2792%27%20viewBox%3D%270%200%20350%2092%27%3E%3Crect%20width%3D%27350%27%20height%3D%2792%27%20fill-opacity%3D%220%22%2F%3E%3C%2Fsvg%3E\" data-srcset=\"https:\/\/domvicoso.mg.gov.br\/v1\/wp-content\/uploads\/2023\/12\/Your-paragraph-text-1-200x53.png 200w, https:\/\/domvicoso.mg.gov.br\/v1\/wp-content\/uploads\/2023\/12\/Your-paragraph-text-1.png 350w\" data-sizes=\"auto\" data-orig-sizes=\"(max-width: 1024px) 100vw, (max-width: 640px) 100vw, 350px\" \/><\/a><\/span><\/div><\/div><div class=\"fusion-separator fusion-full-width-sep\" style=\"align-self: center;margin-left: auto;margin-right: auto;margin-bottom:30px;width:100%;\"><\/div><div class=\"fusion-widget fusion-widget-element fusion-widget-area fusion-content-widget-area wpWidget-1\" style=\"border-width:0px;border-style:solid;\"><div class=\"widget widget_rss\"><div class=\"heading\"><h4 class=\"widget-title\"><a class=\"rsswidget rss-widget-feed\" href=\"https:\/\/g1.globo.com\/rss\/g1\/mg\/sul-de-minas\/\"><img decoding=\"async\" class=\"lazyload rss-widget-icon\" style=\"border:0\" width=\"14\" height=\"14\" src=\"data:image\/svg+xml,%3Csvg%20xmlns%3D%27http%3A%2F%2Fwww.w3.org%2F2000%2Fsvg%27%20width%3D%2714%27%20height%3D%2714%27%20viewBox%3D%270%200%2014%2014%27%3E%3Crect%20width%3D%2714%27%20height%3D%2714%27%20fill-opacity%3D%220%22%2F%3E%3C%2Fsvg%3E\" data-orig-src=\"https:\/\/domvicoso.mg.gov.br\/v1\/wp-includes\/images\/rss.png\" alt=\"RSS\" \/><\/a> <a class=\"rsswidget rss-widget-title\" href=\"https:\/\/g1.globo.com\/mg\/sul-de-minas\/\">g1 &gt; Sul de Minas<\/a><\/h4><\/div><ul><li><a class='rsswidget' href='https:\/\/g1.globo.com\/mg\/sul-de-minas\/noticia\/2026\/04\/25\/galinha-bota-ovo-gigante-com-outro-dentro-em-mg-e-caso-chama-a-atencao-nas-redes-sociais.ghtml'>Galinha bota ovo gigante com outro dentro em MG e caso chama a aten\u00e7\u00e3o nas redes sociais<\/a><\/li><li><a class='rsswidget' href='https:\/\/g1.globo.com\/mg\/sul-de-minas\/edicao\/2026\/04\/24\/videos-eptv-2-sul-de-minas-de-sexta-feira-24-de-abril-de-2026.ghtml'>V\u00cdDEOS: EPTV 2 Sul de Minas de sexta-feira, 24 de abril de 2026<\/a><\/li><li><a class='rsswidget' href='https:\/\/g1.globo.com\/mg\/sul-de-minas\/noticia\/2026\/04\/24\/acusado-de-matar-homem-com-taco-de-sinuca-e-condenado-a-mais-de-21-anos-de-prisao-em-mg.ghtml'>Acusado de matar homem com taco de sinuca \u00e9 condenado a mais de 21 anos de pris\u00e3o em MG<\/a><\/li><li><a class='rsswidget' href='https:\/\/g1.globo.com\/mg\/sul-de-minas\/edicao\/2026\/04\/24\/videos-eptv-1-sul-de-minas-de-sexta-feira-24-de-abril-de-2026.ghtml'>V\u00cdDEOS: EPTV 1 Sul de Minas de sexta-feira, 24 de abril de 2026<\/a><\/li><li><a class='rsswidget' href='https:\/\/g1.globo.com\/mg\/grande-minas\/noticia\/2026\/04\/24\/foragido-condenado-por-tentativa-de-homicidio-em-montes-claros-e-preso-no-sul-de-minas.ghtml'>Foragido condenado por tentativa de homic\u00eddio em Montes Claros \u00e9 preso no Sul de Minas<\/a><\/li><li><a class='rsswidget' href='https:\/\/g1.globo.com\/mg\/sul-de-minas\/noticia\/2026\/04\/24\/criancas-ficam-feridas-apos-atropelamento-e-carro-e-incendiado-por-moradores-em-pouso-alegre-mg.ghtml'>V\u00cdDEO: Crian\u00e7as s\u00e3o atropeladas a caminho da escola em Pouso Alegre; moradores incendeiam carro<\/a><\/li><li><a class='rsswidget' href='https:\/\/g1.globo.com\/mg\/sul-de-minas\/edicao\/2026\/04\/24\/videos-bom-dia-cidade-sul-de-minas-de-sexta-feira-24-de-abril-de-2026.ghtml'>V\u00cdDEOS: Bom Dia Cidade Sul de Minas de sexta-feira, 24 de abril de 2026<\/a><\/li><li><a class='rsswidget' href='https:\/\/g1.globo.com\/mg\/sul-de-minas\/noticia\/2026\/04\/24\/flipocos-stand-up-e-shows-sertanejos-veja-o-que-fazer-no-fim-de-semana-no-sul-de-minas.ghtml'>Flipo\u00e7os, stand up e shows sertanejos: veja o que fazer no fim de semana no Sul de Minas<\/a><\/li><li><a class='rsswidget' href='https:\/\/g1.globo.com\/sp\/campinas-regiao\/e-pra-cantar\/noticia\/2026\/04\/24\/do-epra-cantar-ao-palco-de-barretos-veja-como-vai-funcionar-o-reality-sertanejo-da-eptv.ghtml'>Do &#039;\u00c9Pra Cantar&#039; ao palco de Barretos: veja como vai funcionar o reality sertanejo da EPTV<\/a><\/li><li><a class='rsswidget' href='https:\/\/g1.globo.com\/mg\/sul-de-minas\/noticia\/2026\/04\/24\/golpe-com-uso-de-inteligencia-artificial-causa-prejuizo-de-r-1-milhao-a-vitima-no-sul-de-minas.ghtml'>Golpe com uso de intelig\u00eancia artificial causa preju\u00edzo de R$ 1 milh\u00e3o a v\u00edtima no Sul de Minas<\/a><\/li><\/ul><\/div><\/div><div class=\"fusion-separator fusion-full-width-sep\" style=\"align-self: center;margin-left: auto;margin-right: auto;margin-bottom:30px;width:100%;\"><\/div><div class=\"fusion-separator fusion-full-width-sep\" style=\"align-self: center;margin-left: auto;margin-right: auto;margin-bottom:30px;width:100%;\"><\/div><\/div><style type=\"text\/css\">.fusion-body .fusion-builder-column-1{width:33.333333333333% !important;margin-top : 0px;margin-bottom : 20px;}.fusion-builder-column-1 > .fusion-column-wrapper {padding-top : 0px !important;padding-right : 0px !important;margin-right : 5.76%;padding-bottom : 0px !important;padding-left : 0px !important;margin-left : 5.76%;}@media only screen and (max-width:1024px) {.fusion-body .fusion-builder-column-1{width:100% !important;}.fusion-builder-column-1 > .fusion-column-wrapper {margin-right : 1.92%;margin-left : 1.92%;}}@media only screen and (max-width:640px) {.fusion-body .fusion-builder-column-1{width:100% !important;}.fusion-builder-column-1 > .fusion-column-wrapper {margin-right : 1.92%;margin-left : 1.92%;}}<\/style><\/div>\n<\/div><style type=\"text\/css\">.fusion-body .fusion-flex-container.fusion-builder-row-1{ padding-top : 0px;margin-top : 0px;padding-right : 0px;padding-bottom : 0px;margin-bottom : 0px;padding-left : 0px;}<\/style><\/div>\n","protected":false},"excerpt":{"rendered":"","protected":false},"author":1,"featured_media":0,"parent":0,"menu_order":0,"comment_status":"closed","ping_status":"closed","template":"","meta":{"footnotes":""},"class_list":["post-6486","page","type-page","status-publish","hentry"],"_links":{"self":[{"href":"https:\/\/domvicoso.mg.gov.br\/v1\/wp-json\/wp\/v2\/pages\/6486","targetHints":{"allow":["GET"]}}],"collection":[{"href":"https:\/\/domvicoso.mg.gov.br\/v1\/wp-json\/wp\/v2\/pages"}],"about":[{"href":"https:\/\/domvicoso.mg.gov.br\/v1\/wp-json\/wp\/v2\/types\/page"}],"author":[{"embeddable":true,"href":"https:\/\/domvicoso.mg.gov.br\/v1\/wp-json\/wp\/v2\/users\/1"}],"replies":[{"embeddable":true,"href":"https:\/\/domvicoso.mg.gov.br\/v1\/wp-json\/wp\/v2\/comments?post=6486"}],"version-history":[{"count":3,"href":"https:\/\/domvicoso.mg.gov.br\/v1\/wp-json\/wp\/v2\/pages\/6486\/revisions"}],"predecessor-version":[{"id":6592,"href":"https:\/\/domvicoso.mg.gov.br\/v1\/wp-json\/wp\/v2\/pages\/6486\/revisions\/6592"}],"wp:attachment":[{"href":"https:\/\/domvicoso.mg.gov.br\/v1\/wp-json\/wp\/v2\/media?parent=6486"}],"curies":[{"name":"wp","href":"https:\/\/api.w.org\/{rel}","templated":true}]}}