{"id":6550,"date":"2023-12-30T14:43:34","date_gmt":"2023-12-30T14:43:34","guid":{"rendered":"https:\/\/domvicoso.mg.gov.br\/v1\/?page_id=6550"},"modified":"2023-12-30T14:43:34","modified_gmt":"2023-12-30T14:43:34","slug":"licitacoes-e-contratos-2024","status":"publish","type":"page","link":"https:\/\/domvicoso.mg.gov.br\/v1\/licitacoes-e-contratos-2024\/","title":{"rendered":"Licita\u00e7\u00f5es e Contratos \u2013 2024"},"content":{"rendered":"\n<table id=\"tablepress-18\" class=\"tablepress tablepress-id-18\">\n<thead>\n<tr class=\"row-1 odd\">\n\t<th class=\"column-1\">PROCESSO<\/th><th class=\"column-2\">MODALIDADE<\/th><th class=\"column-3\">OBJETO<\/th><th class=\"column-4\">ABERTURA<\/th><th class=\"column-5\">VALOR ESTIMADO<\/th><th class=\"column-6\">ANEXOS<\/th>\n<\/tr>\n<\/thead>\n<tbody class=\"row-hover\">\n<tr class=\"row-2 even\">\n\t<td class=\"column-1\"><\/td><td class=\"column-2\"><\/td><td class=\"column-3\"><\/td><td class=\"column-4\"><\/td><td class=\"column-5\"><\/td><td class=\"column-6\"><\/td>\n<\/tr>\n<tr class=\"row-3 odd\">\n\t<td class=\"column-1\">042<\/td><td class=\"column-2\">Preg\u00e3o Eletr\u00f4nico 010<\/td><td class=\"column-3\">Contrata\u00e7\u00e3o de Institui\u00e7\u00e3o Financeira, P\u00fablica ou Privada, inclusive sob a forma de Cooperativa de Cr\u00e9dito, autorizada pelo Banco Central, para a presta\u00e7\u00e3o de servi\u00e7os de processamento e gerenciamento de cr\u00e9ditos provenientes de 100% da Folha de Pagamento dos agentes p\u00fablicos e servidores ativos e inativos, abrangendo os servidores atuais e os admitidos durante o prazo de execu\u00e7\u00e3o contratual, da Prefeitura Municipal de Dom Vi\u00e7oso, MG, sem \u00f4nus para o contratante.<\/td><td class=\"column-4\">20\/12\/2024, \u00e1s 10:00 horas<\/td><td class=\"column-5\">R$ 5.380,00<\/td><td class=\"column-6\"><a href=\"https:\/\/domvicoso.mg.gov.br\/v1\/wp-content\/uploads\/2024\/12\/6-EDITAL-PE-GERENCIAMENTO-FOLHA-DE-PAGAMENTO.pdf\" target=\"_blank\" rel=\"noopener\">Edital<\/a><br><br \/>\n<a href=\"https:\/\/domvicoso.mg.gov.br\/v1\/wp-content\/uploads\/2024\/12\/9-Termo-de-Adjudicacao-e-Homologacao.pdf\" target=\"_blank\" rel=\"noopener\">Termo de Adjudica\u00e7\u00e3o e Homologa\u00e7\u00e3o<\/a><br><br \/>\n<a href=\"https:\/\/domvicoso.mg.gov.br\/v1\/wp-content\/uploads\/2024\/12\/Contrato-058-2024.pdf\" target=\"_blank\" rel=\"noopener\">Contrato - 058 - Cooperativa de Cr\u00e9dito, Poupan\u00e7a e Investimento Conex\u00e3o<\/a><\/td>\n<\/tr>\n<tr class=\"row-4 even\">\n\t<td class=\"column-1\">041<\/td><td class=\"column-2\">Dispensa 014<\/td><td class=\"column-3\">Aquisi\u00e7\u00e3o de instrumento musical (Teclado Roland XPS-30) destinado ao Coro Paroquial Nossa Senhora do Ros\u00e1rio, atrav\u00e9s de recursos financeiros oriundos da Lei Aldir Blanc.<\/td><td class=\"column-4\">IN\u00cdCIO:<br \/>\n28\/11\/2024<br \/>\nFIM:<br \/>\n02\/12\/2024,<br \/>\nAT\u00c9 \u00c0S 16:00 HORAS<\/td><td class=\"column-5\">R$ 6.083,00<\/td><td class=\"column-6\"><a href=\"https:\/\/domvicoso.mg.gov.br\/v1\/wp-content\/uploads\/2024\/11\/2-Aviso-012-Aquisicao-Teclado-Roland-XPS-30-para-o-Coro-Paroquial.pdf\" target=\"_blank\" rel=\"noopener\">Aviso<\/a><br><br \/>\n<a href=\"https:\/\/domvicoso.mg.gov.br\/v1\/wp-content\/uploads\/2024\/12\/6-Termo-de-Ratificacao-1.pdf\" target=\"_blank\" rel=\"noopener\">Termo de Ratifica\u00e7\u00e3o<\/a><br><br \/>\n<a href=\"https:\/\/domvicoso.mg.gov.br\/v1\/wp-content\/uploads\/2024\/12\/CONTRATO-No-056-2024-CONVICSOM-PRODUTOS-E-SERVICOS-LTDA.pdf\" target=\"_blank\" rel=\"noopener\">Contrato - 056 - Convicsom Produtos e Servi\u00e7os Ltda<\/a><\/td>\n<\/tr>\n<tr class=\"row-5 odd\">\n\t<td class=\"column-1\">040<\/td><td class=\"column-2\">Dispensa 013<\/td><td class=\"column-3\">Aquisi\u00e7\u00e3o de instrumento musical (\u00d3rg\u00e3o Eletr\u00f4nico) destinado ao Coro Paroquial Nossa Senhora do Ros\u00e1rio, atrav\u00e9s de recursos financeiros oriundos da Lei Aldir Blanc.<\/td><td class=\"column-4\">IN\u00cdCIO:<br \/>\n18\/11\/2024<br \/>\nFIM:<br \/>\n20\/11\/2024,<br \/>\nAT\u00c9 \u00c0S 16:00 HORAS<\/td><td class=\"column-5\">R$ 30.735,97<\/td><td class=\"column-6\"><a href=\"https:\/\/domvicoso.mg.gov.br\/v1\/wp-content\/uploads\/2024\/11\/2-Aviso-011-Aquisicao-Orgao-Eletronivo-para-o-Coro-Paroquial.pdf\" target=\"_blank\" rel=\"noopener\">Aviso<\/a><br><br \/>\n<a href=\"https:\/\/domvicoso.mg.gov.br\/v1\/wp-content\/uploads\/2024\/11\/2.1-Aviso-011-Alteracao.pdf\" target=\"_blank\" rel=\"noopener\">Altera\u00e7\u00e3o<\/a><br><br \/>\n<a href=\"https:\/\/domvicoso.mg.gov.br\/v1\/wp-content\/uploads\/2024\/12\/6-Termo-de-Ratificacao.pdf\" target=\"_blank\" rel=\"noopener\">Termo de Ratifica\u00e7\u00e3o<\/a><br><br \/>\n<a href=\"https:\/\/domvicoso.mg.gov.br\/v1\/wp-content\/uploads\/2024\/12\/CONTRATO-No-055-2024-BEATRIZ-COMERCIO.pdf\" target=\"_blank\" rel=\"noopener\">Contrato - 055 - Beatriz Com\u00e9rcio de Instrumentos Musicais Ltda<\/a><\/td>\n<\/tr>\n<tr class=\"row-6 even\">\n\t<td class=\"column-1\">039<\/td><td class=\"column-2\">Preg\u00e3o Eletr\u00f4nico 009<\/td><td class=\"column-3\">Contrata\u00e7\u00e3o de empresa para execu\u00e7\u00e3o de pavimenta\u00e7\u00e3o de vias p\u00fablicas rurais com bloquetes sextavados, em um trecho da estrada vicinal que liga o Bairro Vi\u00e7oso Velho ao Bairro Serrinha, no Munic\u00edpio de Dom Vi\u00e7oso\u2013MG, com recursos do Contrato de Repasse N\u00ba 1086945-3\/942752\/2023\/MIDR\/CAIXA \u2013 junto ao Minist\u00e9rio da Integra\u00e7\u00e3o e do Desenvolvimento Regional \u2013 MDR.<\/td><td class=\"column-4\">11\/11\/2024 \u00e0s 10:00 horas<\/td><td class=\"column-5\">R$ 389.776,05 <\/td><td class=\"column-6\"><a href=\"https:\/\/domvicoso.mg.gov.br\/v1\/wp-content\/uploads\/2024\/10\/4.1-EDITAL-1.pdf\" rel=\"noopener\" target=\"_blank\">Edital<\/a><br><br \/>\n<a href=\"https:\/\/domvicoso.mg.gov.br\/v1\/wp-content\/uploads\/2024\/11\/9-Termo-de-Adjudicacao-e-Homologacao.pdf\">Termo de Adjudica\u00e7\u00e3o e Homologa\u00e7\u00e3o<\/a><br><br \/>\n<a href=\"https:\/\/domvicoso.mg.gov.br\/v1\/wp-content\/uploads\/2024\/11\/Contrato-054-2024.pdf\" target=\"_blank\" rel=\"noopener\">Contrato - 054 - Pavimenta\u00e7\u00e3o e Saneamento Oliveira Ltda<\/a><\/td>\n<\/tr>\n<tr class=\"row-7 odd\">\n\t<td class=\"column-1\">038<\/td><td class=\"column-2\">Inexigibilidade 006<\/td><td class=\"column-3\">Contrata\u00e7\u00e3o da empresa 35.471.178 Eduardo Camilo Ferraz, para presta\u00e7\u00e3o de servi\u00e7os art\u00edsticos, na realiza\u00e7\u00e3o de um Show Musical com a \u201cApollo6 Banda Show\u201d, na Tradicional Festa do Bairro da Bocaina, no dia 12 de outubro de 2024.  <\/td><td class=\"column-4\">----------<\/td><td class=\"column-5\">R$ R$ 3.800,00 <\/td><td class=\"column-6\"><a href=\"https:\/\/domvicoso.mg.gov.br\/v1\/wp-content\/uploads\/2024\/09\/11-Termo-de-Ratificacao.pdf\">Termo de Ratifica\u00e7\u00e3o<\/a><br><br \/>\n<a href=\"https:\/\/domvicoso.mg.gov.br\/v1\/wp-content\/uploads\/2024\/09\/11-CONTRATO-046-2024-Banda-Apollo6.pdf\">Contrato - 046 - 35.471.178 EDUARDO CAMILO FERRAZ<\/a><\/td>\n<\/tr>\n<tr class=\"row-8 even\">\n\t<td class=\"column-1\">037<\/td><td class=\"column-2\">Preg\u00e3o Eletr\u00f4nico 008<\/td><td class=\"column-3\">Contrata\u00e7\u00e3o de empresa para a presta\u00e7\u00e3o de servi\u00e7os de transporte escolar de alunos dos Cursos Superiores e alunos dos Cursos T\u00e9cnicos Profissionalizantes matriculados em institui\u00e7\u00f5es de ensino fora do Munic\u00edpio de Dom Vi\u00e7oso\/MG.<\/td><td class=\"column-4\">03\/10\/2024 \u00e0s 10:00 horas<\/td><td class=\"column-5\">R$ 62.900,00<\/td><td class=\"column-6\"><a href=\"https:\/\/domvicoso.mg.gov.br\/v1\/wp-content\/uploads\/2024\/09\/6-EDITAL.pdf\">Edital<\/a><br><br \/>\n<a href=\"https:\/\/domvicoso.mg.gov.br\/v1\/wp-content\/uploads\/2024\/10\/11-Extrato-do-Termo-de-Adjudicacao-e-Homologacao.pdf\" rel=\"noopener\" target=\"_blank\">Termo de Adjudica\u00e7\u00e3o e Homologa\u00e7\u00e3o<\/a><br><br \/>\n<a href=\"https:\/\/domvicoso.mg.gov.br\/v1\/wp-content\/uploads\/2024\/10\/CONTRATO-051-2024-ROADSTOUR.pdf\" rel=\"noopener\" target=\"_blank\">Contrato - 051 - Roadstour Fretamento e Turismo Ltda<\/a><\/td>\n<\/tr>\n<tr class=\"row-9 odd\">\n\t<td class=\"column-1\">036<\/td><td class=\"column-2\">Preg\u00e3o Presencial 006<\/td><td class=\"column-3\">Contrata\u00e7\u00e3o de empresa de eventos para Sonoriza\u00e7\u00e3o\/Ilumina\u00e7\u00e3o, loca\u00e7\u00e3o de tendas, barracas, banheiros qu\u00edmico, apresenta\u00e7\u00e3o de 02 (dois) shows de bandas regional, estilo sertanejo e equipe de apoio para a Tradicional Festa do Bairro da Bocaina, nos dias 11,12 e 13, de outubro de 2024, em incentivo as atividades da ASMOB (Associa\u00e7\u00e3o dos Moradores do Bairro da Bocaina de Dom Vi\u00e7oso).<\/td><td class=\"column-4\">27\/09\/2024, \u00e1s 13:00 horas<\/td><td class=\"column-5\">R$ 37.050,00<\/td><td class=\"column-6\"><a href=\"https:\/\/domvicoso.mg.gov.br\/v1\/wp-content\/uploads\/2024\/09\/5-.1-EDITAL-FESTA-DA-BOCAINA.pdf\" rel=\"noopener\" target=\"_blank\">Edital<\/a><br><br \/>\n<a href=\"https:\/\/domvicoso.mg.gov.br\/v1\/wp-content\/uploads\/2024\/09\/EMENDA-ADITIVA-AO-EDITAL.pdf\" rel=\"noopener\" target=\"_blank\">EMENDA ADITIVA<\/a><br><br \/>\n<a href=\"https:\/\/domvicoso.mg.gov.br\/v1\/wp-content\/uploads\/2024\/10\/12.1-Termo-de-Adjudicacao-e-Homologacao.pdf\" rel=\"noopener\" target=\"_blank\">Termo de Adjudica\u00e7\u00e3o e Homologa\u00e7\u00e3o<\/a><br><br \/>\n<a href=\"https:\/\/domvicoso.mg.gov.br\/v1\/wp-content\/uploads\/2024\/10\/CONTRATO-049-2024-LILIAN-1.pdf\" rel=\"noopener\" target=\"_blank\">Contrato - 049 - Lilian Arantes Maximiano<\/a><br><br \/>\n<a href=\"https:\/\/domvicoso.mg.gov.br\/v1\/wp-content\/uploads\/2024\/10\/CONTRATO-050-2024-Daniele_241002_081150-assinad_241002_082216-1.pdf\" rel=\"noopener\" target=\"_blank\">Contrato - 050 - Danielle Cristina Canela Rabelo<\/a><\/td>\n<\/tr>\n<tr class=\"row-10 even\">\n\t<td class=\"column-1\">035<\/td><td class=\"column-2\">Preg\u00e3o Presencial 005<\/td><td class=\"column-3\">Registro de Pre\u00e7os para aquisi\u00e7\u00e3o de material escolar, material de expediente e outros materiais, para atender as necessidades dos diversos setores da Administra\u00e7\u00e3o Municipal.<\/td><td class=\"column-4\">09\/09\/2024, \u00e1s 09:00 horas<\/td><td class=\"column-5\">R$ 296.038,37<\/td><td class=\"column-6\"><a href=\"https:\/\/domvicoso.mg.gov.br\/v1\/wp-content\/uploads\/2024\/08\/7-Edital-P-Presencial.pdf\" rel=\"noopener\" target=\"_blank\">Edital<\/a> <br \/>\n<br> <a href=\"https:\/\/domvicoso.mg.gov.br\/v1\/wp-content\/uploads\/2024\/09\/12-Termo-de-Adjudicacao-e-Homologacao.pdf\">Termo de Adjudica\u00e7\u00e3o e Homologa\u00e7\u00e3o<\/a><br><br \/>\n<a href=\"https:\/\/domvicoso.mg.gov.br\/v1\/wp-content\/uploads\/2024\/09\/ARP-007-2024-MULTIPLA-COMERCIO-ATACADISTA-VAREJISTA-E-SERVICOS-LTDA.pdf\" rel=\"noopener\" target=\"_blank\">ARP 007 - M\u00daLTIPLA COM\u00c9RCIO ATACADISTA, VAREJISTA E SERVI\u00c7OS LTDA<\/a><br><br \/>\n<a href=\"https:\/\/domvicoso.mg.gov.br\/v1\/wp-content\/uploads\/2024\/09\/ARP-007-2024-ATUAL-PAPELARIA-E-INFORMATICA-LTDA.pdf\" rel=\"noopener\" target=\"_blank\">ARP 007 - ATUAL PAPELARIA E INFORM\u00c1TICA LTDA<\/a><br><br \/>\n<a href=\"https:\/\/domvicoso.mg.gov.br\/v1\/wp-content\/uploads\/2024\/09\/ARP-007-2024-SEVEN-COPY-COMERCIAL-LTDA.pdf\" rel=\"noopener\" target=\"_blank\">ARP 007 - SEVEN COPY COMERCIAL LTDA<\/a><br><br \/>\n<a href=\"https:\/\/domvicoso.mg.gov.br\/v1\/wp-content\/uploads\/2024\/09\/ARP-007-2024-MOEMA-COMERCIAL-LTDA.pdf\" rel=\"noopener\" target=\"_blank\">ARP 007 - MOEMA COMERCIAL LTDA<\/a><\/td>\n<\/tr>\n<tr class=\"row-11 odd\">\n\t<td class=\"column-1\">034<\/td><td class=\"column-2\">Inexigibilidade 005<\/td><td class=\"column-3\">Contrata\u00e7\u00e3o da empresa 44.137.536 Gustavo Pereira Costa, para presta\u00e7\u00e3o de servi\u00e7os art\u00edsticos, na realiza\u00e7\u00e3o de um Show Musical com a Orquestra de Violeiros de S\u00e3o Louren\u00e7o, no evento \u201c3\u00ba Encontro de Violeiros e Festival da M\u00fasica Sertaneja de Dom Vi\u00e7oso\u201d na Pra\u00e7a da Matriz nos dias 16, 17 e 18 de agosto de 2024. <\/td><td class=\"column-4\">---------<\/td><td class=\"column-5\">R$ 4.900,00<\/td><td class=\"column-6\"><a href=\"https:\/\/domvicoso.mg.gov.br\/v1\/wp-content\/uploads\/2024\/07\/11-Termo-de-Ratificacao.pdf\">Termo de Ratifica\u00e7\u00e3o<\/a><br \/>\n<br \/>\n<br><a href=\"https:\/\/domvicoso.mg.gov.br\/v1\/wp-content\/uploads\/2024\/08\/11-CONTRATO-0219-2024-ORQUESTRA.pdf\">Contrato - 036 - 44.137.536 Gustavo Pereira Costa<\/a><\/td>\n<\/tr>\n<tr class=\"row-12 even\">\n\t<td class=\"column-1\">033<\/td><td class=\"column-2\">Preg\u00e3o Presencial 004<\/td><td class=\"column-3\">Contrata\u00e7\u00e3o de empresas para Sonoriza\u00e7\u00e3o,  Ilumina\u00e7\u00e3o e Loca\u00e7\u00e3o de Estruturas (Tendas) para a realiza\u00e7\u00e3o do \u201c3\u00ba Encontro de Violeiros e Festival da M\u00fasica Sertaneja de Dom Vi\u00e7oso\u201d na Pra\u00e7a da Matriz nos dias 16, 17 e 18 de agosto de 2024.<\/td><td class=\"column-4\">13\/08\/2024 \u00e0s 09:00 horas<\/td><td class=\"column-5\">R$ 18.022,21<\/td><td class=\"column-6\"><a href=\"https:\/\/domvicoso.mg.gov.br\/v1\/wp-content\/uploads\/2024\/07\/5-EDITAL.pdf\">Edital<\/a><br><br \/>\n<a href=\"https:\/\/domvicoso.mg.gov.br\/v1\/wp-content\/uploads\/2024\/08\/EMENDA-MODIFICATIVA.pdf\" rel=\"noopener\" target=\"_blank\">EMENDA MODIFICATIVA<\/a><br><br \/>\n<a href=\"https:\/\/domvicoso.mg.gov.br\/v1\/wp-content\/uploads\/2024\/08\/EMENDA-ADITIVA.pdf\" rel=\"noopener\" target=\"_blank\">EMENDA ADITIVA<\/a><br><br \/>\n<a href=\"https:\/\/domvicoso.mg.gov.br\/v1\/wp-content\/uploads\/2024\/08\/12.1-Termo-de-Adjudicacao-e-Homologacao.pdf\" rel=\"noopener\" target=\"_blank\">Termo de Adjudica\u00e7\u00e3o e Homologa\u00e7\u00e3o<\/a><br><br \/>\n<a href=\"https:\/\/domvicoso.mg.gov.br\/v1\/wp-content\/uploads\/2024\/08\/CONTRATO-037-2024.pdf\" rel=\"noopener\" target=\"_blank\">Contrato - 037 - M M Valim Castilho - ME<\/a><\/td>\n<\/tr>\n<tr class=\"row-13 odd\">\n\t<td class=\"column-1\">032<\/td><td class=\"column-2\">Chamamento P\u00fablico 003<\/td><td class=\"column-3\">Chamamento p\u00fablico para a sele\u00e7\u00e3o de institui\u00e7\u00e3o banc\u00e1ria, interessada em instalar uma ag\u00eancia no munic\u00edpio de dom vi\u00e7oso.<\/td><td class=\"column-4\">15\/08\/2024 at\u00e9 \u00e0s 13:00 horas<\/td><td class=\"column-5\"><\/td><td class=\"column-6\"><a href=\"https:\/\/domvicoso.mg.gov.br\/v1\/wp-content\/uploads\/2024\/07\/6-EDITAL-CHAMADA-PUBLICA-BANCO.pdf\">Edital<\/a><br><br \/>\n<a href=\"https:\/\/domvicoso.mg.gov.br\/v1\/wp-content\/uploads\/2024\/08\/ATA-CHAMADA-PUBLICA-No-003.pdf\" rel=\"noopener\" target=\"_blank\">Ata da Chamada P\u00fablica<\/a><br><br \/>\n<a href=\"https:\/\/domvicoso.mg.gov.br\/v1\/wp-content\/uploads\/2024\/08\/11-Termo-de-Ratificacao.pdf\" rel=\"noopener\" target=\"_blank\">Termo de Ratifica\u00e7\u00e3o<\/a><br><br \/>\n<a href=\"https:\/\/domvicoso.mg.gov.br\/v1\/wp-content\/uploads\/2024\/09\/TERMO-DE-CONCESSAO-CONTRATO.pdf\" rel=\"noopener\" target=\"_blank\">Contrato - 042 - COOPERATIVA DE CR\u00c9DITO, POUPAN\u00c7A E INVESTIMENTO CONEX\u00c3O - SICREDI CONEX\u00c3O<\/a><\/td>\n<\/tr>\n<tr class=\"row-14 even\">\n\t<td class=\"column-1\">031<\/td><td class=\"column-2\">Dispensa 012<\/td><td class=\"column-3\">Chamada P\u00fablica, que tem por finalidade a Aquisi\u00e7\u00e3o de G\u00eaneros Aliment\u00edcios da Agricultura Familiar e do Empreendedor Familiar Rural, para o atendimento ao Programa Nacional de Alimenta\u00e7\u00e3o Escolar - PNAE.<br \/>\n<\/td><td class=\"column-4\">Per\u00edodo:<br \/>\nDE 20\/07\/2024 \u00c1 09\/08\/2024<\/td><td class=\"column-5\">R$ 63.574,90<\/td><td class=\"column-6\"><a href=\"https:\/\/domvicoso.mg.gov.br\/v1\/wp-content\/uploads\/2024\/07\/6-Edital-CORRETO.pdf\" rel=\"noopener\" target=\"_blank\">Edital<\/a><br><br \/>\n<a href=\"https:\/\/domvicoso.mg.gov.br\/v1\/wp-content\/uploads\/2024\/08\/12-Publicacao-da-Selecao.pdf\" rel=\"noopener\" target=\"_blank\">Publica\u00e7\u00e3o da Sele\u00e7\u00e3o<\/a><br><br \/>\n<a href=\"https:\/\/domvicoso.mg.gov.br\/v1\/wp-content\/uploads\/2024\/08\/13-Termo-de-Ratificacao.pdf\" rel=\"noopener\" target=\"_blank\">Termo de Ratifica\u00e7\u00e3o<\/a><br><br \/>\n<a href=\"https:\/\/domvicoso.mg.gov.br\/v1\/wp-content\/uploads\/2024\/08\/1-Contrato-040-2024-Carlinho.pdf\" rel=\"noopener\" target=\"_blank\">Contrato - 040 - Carlos Jos\u00e9 da Silva<\/a><br><br \/>\n<a href=\"https:\/\/domvicoso.mg.gov.br\/v1\/wp-content\/uploads\/2024\/08\/2-Contrato-041-2024-Neuza.pdf\" rel=\"noopener\" target=\"_blank\">Contrato 041 - Neuza Maria de Melo<\/a><\/td>\n<\/tr>\n<tr class=\"row-15 odd\">\n\t<td class=\"column-1\">030<\/td><td class=\"column-2\">Credenciamento 003<\/td><td class=\"column-3\">Credenciamento de Microempreendedores Individuais (MEI) para presta\u00e7\u00e3o de servi\u00e7os de Pedreiro com Ajudante, Pedreiro sem Ajudante e Eletricista, para atender as demandas do Munic\u00edpio de Dom Vi\u00e7oso, MG.<\/td><td class=\"column-4\"><\/td><td class=\"column-5\">R$ 150.000,00<\/td><td class=\"column-6\"><a href=\"https:\/\/domvicoso.mg.gov.br\/v1\/wp-content\/uploads\/2024\/07\/6-Edital-Cred.-Pedreiro-Eletricista.pdf\" rel=\"noopener\" target=\"_blank\">Edital<\/a><br \/>\n<br><a href=\"https:\/\/domvicoso.mg.gov.br\/v1\/wp-content\/uploads\/2024\/08\/CERTIDAO-DE-CREDENCIAMENTO-JOSE-ANTONIO-DOS-SANTOS.pdf\">Termo de Credenciamento - Jos\u00e9 Ant\u00f4nio dos Santos<\/a><br \/>\n<br><a href=\"https:\/\/domvicoso.mg.gov.br\/v1\/wp-content\/uploads\/2024\/08\/CERTIDAO-DE-CREDENCIAMENTO-ANTONIO-JOSE-JUNIOR.pdf\">Termo de Credenciamento - Ant\u00f4nio Jos\u00e9 Junior<\/a><br><br \/>\n<a href=\"https:\/\/domvicoso.mg.gov.br\/v1\/wp-content\/uploads\/2024\/08\/CERTIDAO-DE-CREDENCIAMENTO-MACIEL-CLARET-CLEMENTE-DE-ANDRADE.pdf\" rel=\"noopener\" target=\"_blank\">Termo de Credenciamento - Maciel Claret Clemente de Andrade<\/a><br><br \/>\n<a href=\"https:\/\/domvicoso.mg.gov.br\/v1\/wp-content\/uploads\/2024\/09\/CONTRATO-043-2024-ANTONIO-JOSE-JUNIOR.pdf\" rel=\"noopener\" target=\"_blank\">Contrato - 043 - Ant\u00f4nio Jos\u00e9 J\u00fanior<\/a><br><br \/>\n<a href=\"https:\/\/domvicoso.mg.gov.br\/v1\/wp-content\/uploads\/2024\/09\/CONTRATO-044-2024-JOSE-ANTONIO-DOS-SANTOS.pdf\" rel=\"noopener\" target=\"_blank\">Contrato - 044 - Jos\u00e9 Ant\u00f4nio dos Santos<\/a><br><br \/>\n<a href=\"https:\/\/domvicoso.mg.gov.br\/v1\/wp-content\/uploads\/2024\/09\/CONTRATO-045-2024-MACIEL-CLARET-CLEMENTE-DE-ANDRADE-1.pdf\" rel=\"noopener\" target=\"_blank\">Contrato - 045 - Maciel Claret Clemente de Andrade<\/a><br><br \/>\n<a href=\"https:\/\/domvicoso.mg.gov.br\/v1\/wp-content\/uploads\/2024\/12\/CONTRATO-057-2024-ANTONIO-JOSE-JUNIOR.pdf\" target=\"_blank\" rel=\"noopener\">Contrato - 057 - Ant\u00f4nio Jos\u00e9 J\u00fanior<\/a><br><br \/>\n<a href=\"https:\/\/domvicoso.mg.gov.br\/v1\/wp-content\/uploads\/2024\/10\/CONTRATO-048-2024-JOSE-ANTONIO-DOS-SANTOS.pdf\" rel=\"noopener\" target=\"_blank\">Contrato - 048 - Jos\u00e9 Ant\u00f4nio dos Santos<\/a><\/td>\n<\/tr>\n<tr class=\"row-16 even\">\n\t<td class=\"column-1\">029<\/td><td class=\"column-2\">Credenciamento 002<\/td><td class=\"column-3\">Credenciamento de empresas especializadas para presta\u00e7\u00e3o de servi\u00e7os na elabora\u00e7\u00e3o de projetos de engenharia e arquitetura para unidades habitacionais novas e de melhorias, acompanhamento e fiscaliza\u00e7\u00e3o das obras, e  para a elabora\u00e7\u00e3o de projeto de trabalho social e sua execu\u00e7\u00e3o, para indica\u00e7\u00e3o \u00e0 Caixa Econ\u00f4mica Federal (Gestor Operacional), em atendimento ao Programa Minha Casa Minha Vida Rural do Governo Federal, conforme Portaria MCID n\u00ba 741\/2023.<br \/>\n<br \/>\n<\/td><td class=\"column-4\"><\/td><td class=\"column-5\">R$ 117.900,00<\/td><td class=\"column-6\"><a href=\"https:\/\/domvicoso.mg.gov.br\/v1\/wp-content\/uploads\/2024\/07\/6-Edital-PRONTO.pdf\" rel=\"noopener\" target=\"_blank\">Edital<\/a><br><br \/>\n<a href=\"https:\/\/domvicoso.mg.gov.br\/v1\/wp-content\/uploads\/2024\/07\/TERMO-DE-CREDENCIAMENTO-AFAM-ENGENHARIA-CIVIL.pdf\" rel=\"noopener\" target=\"_blank\">Termo de Credenciamento - AFAM Engenharia Civil e Seguran\u00e7a do Trabalho Ltda<\/a><br><br \/>\n<a href=\"https:\/\/domvicoso.mg.gov.br\/v1\/wp-content\/uploads\/2024\/07\/TERMO-DE-CREDENCIAMENTO-FENICE-FUNDACAO.pdf\" rel=\"noopener\" target=\"_blank\">Termo de Credenciamento - Fenice Funda\u00e7\u00e3o<\/a> <br><br> <a href=\"https:\/\/domvicoso.mg.gov.br\/v1\/wp-content\/uploads\/2024\/07\/Contrato-no-034-2024-AFAM.pdf\">Contatro - 034 - AFAM Engenharia Civil e Seguran\u00e7a do Trabalho LTDA.<\/a><br \/>\n<br><a href=\"https:\/\/domvicoso.mg.gov.br\/v1\/wp-content\/uploads\/2024\/07\/Contrato-no-035-2024-FENIX.pdf\">Contrato - 035 - Fenice Funda\u00e7\u00e3o<\/a><\/td>\n<\/tr>\n<tr class=\"row-17 odd\">\n\t<td class=\"column-1\">028<\/td><td class=\"column-2\">Dispensa 011<\/td><td class=\"column-3\">Contrata\u00e7\u00e3o de empresa para Obra de ilumina\u00e7\u00e3o p\u00fablica do Campo de Futebol do Bairro da Serrinha, com recursos oriundos da Transfer\u00eancia Especial n\u00ba 142591, da Secretaria de Estado de Governo de Minas Gerais - SEGOV, conforme as especifica\u00e7\u00f5es contidas na planilha or\u00e7ament\u00e1ria parte integrante deste Aviso.<br \/>\n<br \/>\n<\/td><td class=\"column-4\">IN\u00cdCIO:<br \/>\n03\/07\/2024<br \/>\nFIM:<br \/>\n08\/07\/2024,<br \/>\nAT\u00c9 \u00c0S 15:00 HORAS<\/td><td class=\"column-5\">R$ 112.094,01<\/td><td class=\"column-6\"><a href=\"https:\/\/domvicoso.mg.gov.br\/v1\/wp-content\/uploads\/2024\/07\/2-Aviso-011-Iluminacao-Campo-Futebol-Serrinha-2-1.pdf\" rel=\"noopener\" target=\"_blank\">Aviso<\/a><br><br \/>\n<a href=\"https:\/\/domvicoso.mg.gov.br\/v1\/wp-content\/uploads\/2024\/07\/2.1-Aviso-010-Alteracao.pdf\" rel=\"noopener\" target=\"_blank\">Altera\u00e7\u00e3o<\/a><br><br \/>\n<a href=\"https:\/\/domvicoso.mg.gov.br\/v1\/wp-content\/uploads\/2024\/07\/6-Termo-de-Ratificacao-1.pdf\" rel=\"noopener\" target=\"_blank\">Termo de Ratifica\u00e7\u00e3o<\/a><br><br \/>\n<a href=\"https:\/\/domvicoso.mg.gov.br\/v1\/wp-content\/uploads\/2024\/07\/CONTRATO-033-2024.pdf\" rel=\"noopener\" target=\"_blank\">Contrato - 033 - Vagalume Ilumina\u00e7\u00e3o P\u00fablica Ltda<\/a><\/td>\n<\/tr>\n<tr class=\"row-18 even\">\n\t<td class=\"column-1\">027<\/td><td class=\"column-2\">Dispensa 010<\/td><td class=\"column-3\">Contrata\u00e7\u00e3o de empresa para presta\u00e7\u00e3o de servi\u00e7o de apoio administrativo, na execu\u00e7\u00e3o de programas e a\u00e7\u00f5es relacionados ao setor habitacional com vistas na inclus\u00e3o do Programa Minha Casa Minha Vida Rural.<\/td><td class=\"column-4\">IN\u00cdCIO:<br \/>\n26\/06\/2024<br \/>\nFIM:<br \/>\n28\/06\/2024,<br \/>\nAT\u00c9 \u00c0S 16:00 HORAS<\/td><td class=\"column-5\">R$ 54.500,00<\/td><td class=\"column-6\"><a href=\"https:\/\/domvicoso.mg.gov.br\/v1\/wp-content\/uploads\/2024\/06\/2-Aviso-009-Apoio-Administrativo-Minha-Casa-Minha-Vida-Rural-1.doc\" rel=\"noopener\" target=\"_blank\">Aviso<\/a><br><br \/>\n<a href=\"https:\/\/domvicoso.mg.gov.br\/v1\/wp-content\/uploads\/2024\/07\/6-Termo-de-Ratificacao.pdf\" rel=\"noopener\" target=\"_blank\">Termo de Ratifica\u00e7\u00e3o<\/a><br><br \/>\n<a href=\"https:\/\/domvicoso.mg.gov.br\/v1\/wp-content\/uploads\/2024\/07\/CONTRATO-No-032-2024.pdf\" rel=\"noopener\" target=\"_blank\">Contrato - 032 - Barbara Rafaela Marques Rosa<\/a><\/td>\n<\/tr>\n<tr class=\"row-19 odd\">\n\t<td class=\"column-1\">026<\/td><td class=\"column-2\">Dispensa 009<\/td><td class=\"column-3\">Contrata\u00e7\u00e3o de empresa para presta\u00e7\u00e3o de servi\u00e7os de Sonoriza\u00e7\u00e3o, Ilumina\u00e7\u00e3o e DJ\/Locutor durante a realiza\u00e7\u00e3o do \u201cArrai\u00e1 do Ros\u00e1rio\u201d na Pra\u00e7a da Matriz de Dom Vi\u00e7oso nos dias 14 e 15 de junho de 2024.<\/td><td class=\"column-4\">07\/06\/2024<br \/>\nFIM:<br \/>\n11\/06\/2024,<br \/>\nAT\u00c9 \u00c0S 16:00 HORAS<\/td><td class=\"column-5\">R$ 16.400,00<\/td><td class=\"column-6\"><a href=\"https:\/\/domvicoso.mg.gov.br\/v1\/wp-content\/uploads\/2024\/06\/2-Aviso-008-Sonorizacao-Iluminacao-e-DJ-Arraia-do-Rosario.pdf\" rel=\"noopener\" target=\"_blank\">Aviso<\/a><br><br \/>\n<a href=\"https:\/\/domvicoso.mg.gov.br\/v1\/wp-content\/uploads\/2024\/06\/6-Termo-de-Ratificacao.pdf\" rel=\"noopener\" target=\"_blank\">Termo de Ratifica\u00e7\u00e3o<\/a><br><br \/>\n<a href=\"https:\/\/domvicoso.mg.gov.br\/v1\/wp-content\/uploads\/2024\/06\/Contrato-030-2024.pdf\" rel=\"noopener\" target=\"_blank\">Contrato - 030 - Cleomar Ribeiro<\/a><br \/>\n<\/td>\n<\/tr>\n<tr class=\"row-20 even\">\n\t<td class=\"column-1\">025<\/td><td class=\"column-2\">Inexigibilidade 004<\/td><td class=\"column-3\">Contrata\u00e7\u00e3o da Empresa Fabio Satim Promo\u00e7\u00f5es Ltda, para presta\u00e7\u00e3o de servi\u00e7os art\u00edsticos, na realiza\u00e7\u00e3o de um Show Musical com o Cantor Fabio Satim, no evento \u201cArrai\u00e1 do Ros\u00e1rio\u201d, em Dom Vi\u00e7oso, no dia 15 de junho de 2024, na Pra\u00e7a da Matriz<\/td><td class=\"column-4\">---------<\/td><td class=\"column-5\">R$ 13.500,00<\/td><td class=\"column-6\"><a href=\"https:\/\/domvicoso.mg.gov.br\/v1\/wp-content\/uploads\/2024\/05\/11-Termo-de-Ratificacao.pdf\" rel=\"noopener\" target=\"_blank\">Termo de Ratifica\u00e7\u00e3o<\/a><br><br \/>\n<a href=\"https:\/\/domvicoso.mg.gov.br\/v1\/wp-content\/uploads\/2024\/05\/11-CONTRATO-0219-2024-Fabio-Satim.pdf\" rel=\"noopener\" target=\"_blank\">Contrato - 029 - F\u00e1bio Satim Promo\u00e7\u00f5es Ltda<\/a><\/td>\n<\/tr>\n<tr class=\"row-21 odd\">\n\t<td class=\"column-1\">024<\/td><td class=\"column-2\">Preg\u00e3o Eletr\u00f4nico 007<\/td><td class=\"column-3\">Contrata\u00e7\u00e3o de empresa para obras de implanta\u00e7\u00e3o de sinaliza\u00e7\u00e3o vi\u00e1ria, faixa elevada, mobili\u00e1rio, demoli\u00e7\u00e3o e pavimenta\u00e7\u00e3o de trechos de duas ruas da cidade de Dom Vi\u00e7oso, com recursos do Contrato de Repasse N\u00ba 1082.772-13\/929141\/2022\/MDR\/CAIXA \u2013 junto ao Minist\u00e9rio do Desenvolvimento Regional \u2013 MDR<\/td><td class=\"column-4\">11\/06\/2024 ,\u00e1s 10:00 horas<\/td><td class=\"column-5\">R$ 480.890,87<\/td><td class=\"column-6\"><a href=\"https:\/\/domvicoso.mg.gov.br\/v1\/wp-content\/uploads\/2024\/05\/4.1-EDITAL-1.pdf\" rel=\"noopener\" target=\"_blank\">Edital<\/a><br><br \/>\n<a href=\"https:\/\/domvicoso.mg.gov.br\/v1\/wp-content\/uploads\/2024\/05\/ORcAMENTO.pdf\" rel=\"noopener\" target=\"_blank\">Planilha Or\u00e7ament\u00e1ria<\/a><br><br \/>\n<a href=\"https:\/\/domvicoso.mg.gov.br\/v1\/wp-content\/uploads\/2024\/05\/CRONOGRAMA.pdf\" rel=\"noopener\" target=\"_blank\">Cronograma F\u00edsico Financeiro<\/a><br><br \/>\n<a href=\"https:\/\/domvicoso.mg.gov.br\/v1\/wp-content\/uploads\/2024\/05\/BDI.pdf\" rel=\"noopener\" target=\"_blank\">BDI<\/a><br><br \/>\n<a href=\"https:\/\/domvicoso.mg.gov.br\/v1\/wp-content\/uploads\/2024\/05\/MEMORIAL_DESCRITIVO.pdf\" rel=\"noopener\" target=\"_blank\">Memorial Descritivo<\/a><br><br \/>\n<a href=\"https:\/\/domvicoso.mg.gov.br\/v1\/wp-content\/uploads\/2024\/05\/AS-BUILT-SISTEMA-DE-DRENAGEM-SUPERFICIAL.pdf\" rel=\"noopener\" target=\"_blank\">As Built - Sistema de Drenagem Superficial <\/a><br><br \/>\n<a href=\"https:\/\/domvicoso.mg.gov.br\/v1\/wp-content\/uploads\/2024\/05\/PLANTA-DE-INTERVENCAO-EM-VIAS.pdf\" rel=\"noopener\" target=\"_blank\">Planta de Interven\u00e7\u00e3o em Vias<\/a><br><br \/>\n<a href=\"https:\/\/domvicoso.mg.gov.br\/v1\/wp-content\/uploads\/2024\/05\/PLANTA-DE-MOBILIARIO.pdf\" rel=\"noopener\" target=\"_blank\">Planta de Mobili\u00e1rio<\/a><br><br \/>\n<a href=\"https:\/\/domvicoso.mg.gov.br\/v1\/wp-content\/uploads\/2024\/05\/PLANTA-DE-LOCALIZACAO-PAVIMENTACAO.pdf\" rel=\"noopener\" target=\"_blank\">Planta de Localiza\u00e7\u00e3o - Pavimenta\u00e7\u00e3o<\/a><br><br \/>\n<a href=\"https:\/\/domvicoso.mg.gov.br\/v1\/wp-content\/uploads\/2024\/05\/PROJETO-DE-PAVIMENTACAO.pdf\" rel=\"noopener\" target=\"_blank\">Projeto de Pavimenta\u00e7\u00e3o<\/a><br><br \/>\n<a href=\"https:\/\/domvicoso.mg.gov.br\/v1\/wp-content\/uploads\/2024\/05\/PROJETO-DE-DEMOLICAO.pdf\" rel=\"noopener\" target=\"_blank\">Projeto de Demoli\u00e7\u00e3o<\/a><br><br \/>\n<a href=\"https:\/\/domvicoso.mg.gov.br\/v1\/wp-content\/uploads\/2024\/05\/PROJETO-DE-SINALIZACAO-VIARIA-01.pdf\" rel=\"noopener\" target=\"_blank\">Projeto de Sinaliza\u00e7\u00e3o Vi\u00e1ria 1\/3<\/a><br><br \/>\n<a href=\"https:\/\/domvicoso.mg.gov.br\/v1\/wp-content\/uploads\/2024\/05\/PROJETO-DE-SINALIZACAO-VIARIA-02.pdf\" rel=\"noopener\" target=\"_blank\">Projeto de Sinaliza\u00e7\u00e3o Vi\u00e1ria 2\/3<\/a><br><br \/>\n<a href=\"https:\/\/domvicoso.mg.gov.br\/v1\/wp-content\/uploads\/2024\/05\/PROJETO-DE-SINALIZACAO-VIARIA-03-1.pdf\" rel=\"noopener\" target=\"_blank\">Projeto de Sinaliza\u00e7\u00e3o Vi\u00e1ria 3\/3<\/a><br><br \/>\n<a href=\"https:\/\/domvicoso.mg.gov.br\/v1\/wp-content\/uploads\/2024\/06\/19.1-Extrato-do-Termo-de-Adjudicacao-e-Homologacao.pdf\" rel=\"noopener\" target=\"_blank\">Termo de Adjudica\u00e7\u00e3o e Homologa\u00e7\u00e3o<\/a><br><br \/>\n<a href=\"https:\/\/domvicoso.mg.gov.br\/v1\/wp-content\/uploads\/2024\/06\/Contrato-031-2024-Monte-Verde.pdf\" rel=\"noopener\" target=\"_blank\">Contrato - 031 - Monte Verde Ind\u00fastria, Extra\u00e7\u00e3o e Com\u00e9rcio Ltda - ME<\/a><\/td>\n<\/tr>\n<tr class=\"row-22 even\">\n\t<td class=\"column-1\">023<\/td><td class=\"column-2\">Preg\u00e3o Presencial 003<\/td><td class=\"column-3\">Registro de Pre\u00e7os para futura e eventual aquisi\u00e7\u00e3o de g\u00eaneros aliment\u00edcios para merenda escolar, para o CRAS e demais setores da Administra\u00e7\u00e3o.<\/td><td class=\"column-4\">05\/06\/2024, \u00e1s 09:00 horas<\/td><td class=\"column-5\">R$ 324.440,40<\/td><td class=\"column-6\"><a href=\"https:\/\/domvicoso.mg.gov.br\/v1\/wp-content\/uploads\/2024\/05\/7-Edital-Generos-Alimenticios.pdf\" rel=\"noopener\" target=\"_blank\">Edital<\/a><br><br \/>\n<a href=\"https:\/\/domvicoso.mg.gov.br\/v1\/wp-content\/uploads\/2024\/06\/11-Termo-de-Adjudicacao-e-Homologacao.pdf\" rel=\"noopener\" target=\"_blank\">Termo de Adjudica\u00e7\u00e3o e Homologa\u00e7\u00e3o<\/a><br><br \/>\n<a href=\"https:\/\/domvicoso.mg.gov.br\/v1\/wp-content\/uploads\/2024\/06\/ARP-005-2024-MOEMA-COMERCIAL-LTDA.pdf\" rel=\"noopener\" target=\"_blank\">ARP 005 - Moema Comercial Ltda<\/a><br><br \/>\n<a href=\"https:\/\/domvicoso.mg.gov.br\/v1\/wp-content\/uploads\/2024\/06\/ARP-005-2024-MIGUEL-CARVALHO-DA-SILVA.pdf\" rel=\"noopener\" target=\"_blank\">ARP 005 - Miguel Carvalho da Silva<\/a><br><br \/>\n<a href=\"https:\/\/domvicoso.mg.gov.br\/v1\/wp-content\/uploads\/2024\/06\/ARP-005-LEONEL-SOARES-PINTO.pdf\" rel=\"noopener\" target=\"_blank\">ARP 005 - Leonel Soares Pinto<\/a><br><br \/>\n<a href=\"https:\/\/domvicoso.mg.gov.br\/v1\/wp-content\/uploads\/2024\/06\/ARP-005-2024-MERCADO-DE-CARNES-BRASILIA-LTDA.pdf\" rel=\"noopener\" target=\"_blank\">ARP 005 - Mercado de Carnes Bras\u00edlia Ltda<\/a><br><br \/>\n<a href=\"https:\/\/domvicoso.mg.gov.br\/v1\/wp-content\/uploads\/2024\/06\/ARP-005-2024-LUCILIA-SILVERIO-FERRER.pdf\" rel=\"noopener\" target=\"_blank\">ARP 005 - Luc\u00edlia Silv\u00e9rio Ferrer<\/a><\/td>\n<\/tr>\n<tr class=\"row-23 odd\">\n\t<td class=\"column-1\">022<\/td><td class=\"column-2\">Preg\u00e3o Eletr\u00f4nico 006<\/td><td class=\"column-3\">Registro de Pre\u00e7os para presta\u00e7\u00e3o de servi\u00e7os de Recauchutagem e Recapagem de Pneus, para manuten\u00e7\u00e3o dos ve\u00edculos da Frota Municipal e Conveniados.<\/td><td class=\"column-4\">14\/06\/2024, \u00e1s 10:00 horas<\/td><td class=\"column-5\">R$ 277.922,00<\/td><td class=\"column-6\"><a href=\"https:\/\/domvicoso.mg.gov.br\/v1\/wp-content\/uploads\/2024\/06\/6-EDITAL-RECAUCHUTAGEM.pdf\" rel=\"noopener\" target=\"_blank\">Edital<\/a><br><br \/>\n<a href=\"https:\/\/domvicoso.mg.gov.br\/v1\/wp-content\/uploads\/2024\/06\/EMENDA-ADITIVA-AO-EDITAL.pdf\" rel=\"noopener\" target=\"_blank\">Emenda Aditiva ao Edital<\/a><br><br \/>\n<a href=\"https:\/\/domvicoso.mg.gov.br\/v1\/wp-content\/uploads\/2024\/06\/Atos-do-Pregoeiro.pdf\" rel=\"noopener\" target=\"_blank\">Atos do Pregoeiro<\/a><br><br \/>\n<a href=\"https:\/\/domvicoso.mg.gov.br\/v1\/wp-content\/uploads\/2024\/06\/12-Extratos-Adjudicacao-e-Homolgacao.pdf\" rel=\"noopener\" target=\"_blank\">Termo de Adjudica\u00e7\u00e3o e Homologa\u00e7\u00e3o<\/a><br><br \/>\n<a href=\"https:\/\/domvicoso.mg.gov.br\/v1\/wp-content\/uploads\/2024\/06\/ATA-006-2024-DENIPOTTI-E-DENIPOTTI-COMERCIO-E-RECAUCHUTAGEM-DE-PNEUS.pdf\" rel=\"noopener\" target=\"_blank\">ARP 006 - Denipotti &amp; Denipotti Comercio e Recauchutagem de Pneus<\/a><br><br \/>\n<a href=\"https:\/\/domvicoso.mg.gov.br\/v1\/wp-content\/uploads\/2024\/06\/ATA-006-2024-INDUSTRIA-E-COMERCIO-MIU-PNEUS-LTDA-EPP.pdf\" rel=\"noopener\" target=\"_blank\">ARP 006 - Industria e Comercio Mut Pneus Ltda - EPP<\/a><br><br \/>\n<a href=\"https:\/\/domvicoso.mg.gov.br\/v1\/wp-content\/uploads\/2024\/06\/ATA-006-2024-J-P-BELEZE.pdf\" rel=\"noopener\" target=\"_blank\">ARP 006 - J P Beleze<\/a><br><br \/>\n<a href=\"https:\/\/domvicoso.mg.gov.br\/v1\/wp-content\/uploads\/2024\/06\/ATA-006-2024-RECAPAGEM-FELIPE-FONTES-EIRELI.pdf\" rel=\"noopener\" target=\"_blank\">ARP 006 - Recapagem Felipe Fontes Eireli<\/a><\/td>\n<\/tr>\n<tr class=\"row-24 even\">\n\t<td class=\"column-1\">021<\/td><td class=\"column-2\">Concorr\u00eancia Eletr\u00f4nica 002<\/td><td class=\"column-3\">Contrata\u00e7\u00e3o de empresa para as obras de constru\u00e7\u00e3o da rede de distribui\u00e7\u00e3o de \u00e1gua no Bairro da Serrinha, \u00e1rea rural do Munic\u00edpio de Dom Vi\u00e7oso, com recursos da Emenda Parlamentar n\u00ba 202341400005 junto ao Minist\u00e9rio da Economia - ME.<br \/>\n<br \/>\n<\/td><td class=\"column-4\">03\/06\/2024, \u00e1s 10:00 horas<\/td><td class=\"column-5\">R$ 307.329,00<\/td><td class=\"column-6\"><a href=\"https:\/\/domvicoso.mg.gov.br\/v1\/wp-content\/uploads\/2024\/05\/4.1-EDITAL.pdf\" rel=\"noopener\" target=\"_blank\">Edital<\/a><br \/>\n<br \/>\nDESERTA<br \/>\n<br \/>\n<a href=\"https:\/\/domvicoso.mg.gov.br\/v1\/wp-content\/uploads\/2024\/06\/7-DECLARACAO-DE-DESERTA.pdf\" rel=\"noopener\" target=\"_blank\">Declara\u00e7\u00e3o<\/a><br \/>\n<\/td>\n<\/tr>\n<tr class=\"row-25 odd\">\n\t<td class=\"column-1\">020<\/td><td class=\"column-2\">Preg\u00e3o Eletr\u00f4nico 005<\/td><td class=\"column-3\">Registro de pre\u00e7os para futura e eventual aquisi\u00e7\u00e3o de tanques de polietileno para armazenamento de \u00e1gua para a melhoria da rede de distribui\u00e7\u00e3o de \u00e1gua do munic\u00edpio.<\/td><td class=\"column-4\">17\/05\/2024, \u00e1s 10:00 horas<\/td><td class=\"column-5\">R$ 135.983,30<\/td><td class=\"column-6\"><a href=\"https:\/\/domvicoso.mg.gov.br\/v1\/wp-content\/uploads\/2024\/05\/6-EDITAL.pdf\" rel=\"noopener\" target=\"_blank\">Edital<\/a><br><br \/>\n<a href=\"https:\/\/domvicoso.mg.gov.br\/v1\/wp-content\/uploads\/2024\/05\/12-Extratos-Adjudicacao-e-Homolgacao.pdf\" rel=\"noopener\" target=\"_blank\">Termo de Adjudica\u00e7\u00e3o e Homologa\u00e7\u00e3o<\/a><br><br \/>\n<a href=\"https:\/\/domvicoso.mg.gov.br\/v1\/wp-content\/uploads\/2024\/05\/Ata-004-Daniele-Abanca.pdf\" rel=\"noopener\" target=\"_blank\">ARP 004 - Daniele Abanca<\/a><br><br \/>\n<a href=\"https:\/\/domvicoso.mg.gov.br\/v1\/wp-content\/uploads\/2024\/05\/Ata-004-Sao-Lucas-Agropecuaria-Ltda.pdf\" rel=\"noopener\" target=\"_blank\">ARP 004 - S\u00e3o Lucas Agropecu\u00e1ria Ltda<\/a><\/td>\n<\/tr>\n<tr class=\"row-26 even\">\n\t<td class=\"column-1\">019<\/td><td class=\"column-2\">Dispensa 008<\/td><td class=\"column-3\">Contrata\u00e7\u00e3o de Orientador Social, pessoa jur\u00eddica, para a presta\u00e7\u00e3o de servi\u00e7os em Oficinas de Artesanato para atendimento ao Centro de Refer\u00eancia de Assist\u00eancia Social \u2013 CRAS, do Munic\u00edpio de Dom Vi\u00e7oso.<\/td><td class=\"column-4\">10\/04\/2024<br \/>\nFIM:<br \/>\n15\/04\/2024,<br \/>\nAT\u00c9 \u00c0S 16:00 HORAS<\/td><td class=\"column-5\">R$ 35.000,00<\/td><td class=\"column-6\"><a href=\"https:\/\/domvicoso.mg.gov.br\/v1\/wp-content\/uploads\/2024\/04\/2-Aviso-007-Oficinas-do-CRAS.pdf\" rel=\"noopener\" target=\"_blank\">Aviso<\/a><br><br \/>\n<a href=\"https:\/\/domvicoso.mg.gov.br\/v1\/wp-content\/uploads\/2024\/04\/6-Termo-de-Ratificacao-1.pdf\" rel=\"noopener\" target=\"_blank\">Termo de Ratifica\u00e7\u00e3o<\/a><br><br \/>\n<a href=\"https:\/\/domvicoso.mg.gov.br\/v1\/wp-content\/uploads\/2024\/04\/CONTRATO-026-2024-YARA-MARIA.pdf\" rel=\"noopener\" target=\"_blank\">Contrato - 026 - Yara Maria de Paula Campos Torres<\/a><br><br \/>\n<a href=\"https:\/\/domvicoso.mg.gov.br\/v1\/wp-content\/uploads\/2024\/04\/CONTRATO-027-2024-MARIZA-MORAES.pdf\" rel=\"noopener\" target=\"_blank\">Contrato - 027 - Mariza Moraes da Silva<\/a><br><br \/>\n<a href=\"https:\/\/domvicoso.mg.gov.br\/v1\/wp-content\/uploads\/2024\/04\/Termo-de-rescisao-de-Contrato-Yara.pdf\" rel=\"noopener\" target=\"_blank\">Termo de Rescis\u00e3o - Yara Maria de Paula Campos Torres<\/a><br><br \/>\n<a href=\"https:\/\/domvicoso.mg.gov.br\/v1\/wp-content\/uploads\/2024\/04\/Termo-de-rescisao-de-Contrato-Mariza.pdf\" rel=\"noopener\" target=\"_blank\">Termo de Rescis\u00e3o - Mariza Moraes da Silva<\/a><\/td>\n<\/tr>\n<tr class=\"row-27 odd\">\n\t<td class=\"column-1\">018<\/td><td class=\"column-2\">Inexigibilidade 003<\/td><td class=\"column-3\">Contrata\u00e7\u00e3o da Empresa T&amp;W Produ\u00e7\u00f5es Art\u00edsticas Ltda, para presta\u00e7\u00e3o de servi\u00e7os art\u00edsticos, na realiza\u00e7\u00e3o de um Show Musical com a Dupla Talis e Welinton, no II Torneio Leiteiro de Dom Vi\u00e7oso - EXPODOM, no dia 04 de maio de 2024, no espa\u00e7o de eventos, localizado na Rua Jos\u00e9 Olavo Pereira.  <\/td><td class=\"column-4\">------------<\/td><td class=\"column-5\">R$ 25.000,00<\/td><td class=\"column-6\"><a href=\"https:\/\/domvicoso.mg.gov.br\/v1\/wp-content\/uploads\/2024\/04\/11-Termo-de-Ratificacao.pdf\" rel=\"noopener\" target=\"_blank\">Termo de Ratifica\u00e7\u00e3o<\/a><br><br \/>\n<a href=\"https:\/\/domvicoso.mg.gov.br\/v1\/wp-content\/uploads\/2024\/04\/11-CONTRATO-021-2024-Talis-e-Welinton.pdf\" rel=\"noopener\" target=\"_blank\">Contrato - 021 - T&amp;W Produ\u00e7\u00f5es Art\u00edsticas Ltda<\/a><\/td>\n<\/tr>\n<tr class=\"row-28 even\">\n\t<td class=\"column-1\">017<\/td><td class=\"column-2\">Preg\u00e3o Eletr\u00f4nico 004<\/td><td class=\"column-3\">Contrata\u00e7\u00e3o de empresa para presta\u00e7\u00e3o de servi\u00e7os de transporte escolar dos alunos dos bairros da \u00e1rea rural que est\u00e3o matriculados no curso t\u00e9cnico profissionalizante de administra\u00e7\u00e3o na Escola Estadual C\u00f4nego Jos\u00e9 Divino, no per\u00edodo noturno, durante o ano letivo de 2024.<\/td><td class=\"column-4\">17\/04\/2024 \u00e0s 10:00 horas<\/td><td class=\"column-5\">R$ 116.964,00            <\/td><td class=\"column-6\"><a href=\"https:\/\/domvicoso.mg.gov.br\/v1\/wp-content\/uploads\/2024\/04\/6-EDITAL-1.pdf\" rel=\"noopener\" target=\"_blank\">Edital<\/a><br \/>\n<br><br \/>\n<a href=\"https:\/\/domvicoso.mg.gov.br\/v1\/wp-content\/uploads\/2024\/04\/09-Termo-de-Adjudicacao-e-Homolagacao.pdf\" rel=\"noopener\" target=\"_blank\">Termo de Adjudica\u00e7\u00e3o e Homologa\u00e7\u00e3o<\/a><br> <br \/>\n<a href=\"https:\/\/domvicoso.mg.gov.br\/v1\/wp-content\/uploads\/2024\/04\/CONTRATO-023-2024-JOSE-ROBERTO-MOREIRA-JUNIOR.pdf\" rel=\"noopener\" target=\"_blank\">Contrato - 023 - Jos\u00e9 Roberto Moreira J\u00fanior<\/a><br><br \/>\n<a href=\"https:\/\/domvicoso.mg.gov.br\/v1\/wp-content\/uploads\/2024\/04\/CONTRATO-024-2024-MICHELE-APARECIDA-DIVINO-GOMES.pdf\" rel=\"noopener\" target=\"_blank\">Contrato - 024 - Michele Aparecida Divino Gomes<\/a><br><br \/>\n<a href=\"https:\/\/domvicoso.mg.gov.br\/v1\/wp-content\/uploads\/2024\/04\/CONTRATO-025-2024-AURELIO-MARQUES-PEREIRA.pdf\" rel=\"noopener\" target=\"_blank\">Contrato - 025 - Aur\u00e9lio Marques Pereira<\/a><\/td>\n<\/tr>\n<tr class=\"row-29 odd\">\n\t<td class=\"column-1\">016<\/td><td class=\"column-2\">Preg\u00e3o Presencial 002<\/td><td class=\"column-3\">Contrata\u00e7\u00e3o de empresa de eventos, especializada, para realiza\u00e7\u00e3o do II TORNEIO LEITEIRO DE DOM VI\u00c7OSO - EXPODOM, a realizar-se nos dias 01, 02,03,04 e 05 de maio de 2024, no espa\u00e7o de eventos, localizado na Rua Jos\u00e9 Olavo Pereira.<\/td><td class=\"column-4\">16\/04\/2024 \u00e1s 09:00 horas<\/td><td class=\"column-5\">R$ 86.333,00 <\/td><td class=\"column-6\"><a href=\"https:\/\/domvicoso.mg.gov.br\/v1\/wp-content\/uploads\/2024\/04\/5-EDITAL-TORNEIO-LEITEIRO-2024.pdf\" rel=\"noopener\" target=\"_blank\">Edital<\/a><br \/>\n<br><a href=\"https:\/\/domvicoso.mg.gov.br\/v1\/wp-content\/uploads\/2024\/04\/12.1-Termo-de-Adjudicacao-e-Homologacao.pdf\">Termo de Adjudica\u00e7\u00e3o e Homologa\u00e7\u00e3o<\/a><br><br \/>\n<a href=\"https:\/\/domvicoso.mg.gov.br\/v1\/wp-content\/uploads\/2024\/04\/Contrato-028-2024.pdf\" rel=\"noopener\" target=\"_blank\">Contrato - 028 - H Studio Promo\u00e7\u00f5es e Eventos Ltda<\/a><\/td>\n<\/tr>\n<tr class=\"row-30 even\">\n\t<td class=\"column-1\">015<\/td><td class=\"column-2\">Dispensa 007<\/td><td class=\"column-3\">Contrata\u00e7\u00e3o de empresa para a presta\u00e7\u00e3o de servi\u00e7os para a organiza\u00e7\u00e3o e coordena\u00e7\u00e3o da 2\u00aa Copa de Marcha e Poeir\u00e3o de Dom Vi\u00e7oso-MG. <\/td><td class=\"column-4\">18\/03\/2024<br \/>\nFIM:<br \/>\n20\/03\/2024,<br \/>\nAT\u00c9 \u00c0S 16:00 HORAS<\/td><td class=\"column-5\">R$ 34.000,00<\/td><td class=\"column-6\"><a href=\"https:\/\/domvicoso.mg.gov.br\/v1\/wp-content\/uploads\/2024\/03\/2-Aviso-006-Copa-Marcha-e-Poeirao-1.pdf\" rel=\"noopener\" target=\"_blank\">Aviso<\/a><br><br \/>\n<a href=\"https:\/\/domvicoso.mg.gov.br\/v1\/wp-content\/uploads\/2024\/03\/6-Termo-de-Ratificacao.pdf\" rel=\"noopener\" target=\"_blank\">Termo de Ratifica\u00e7\u00e3o<\/a><br><br \/>\n<a href=\"https:\/\/domvicoso.mg.gov.br\/v1\/wp-content\/uploads\/2024\/03\/8-Contrato-019-2024.pdf\" rel=\"noopener\" target=\"_blank\">Contrato - 019 - Rodrigo Bittencourt Ferreira<\/a><\/td>\n<\/tr>\n<tr class=\"row-31 odd\">\n\t<td class=\"column-1\">014<\/td><td class=\"column-2\">Credenciamento 001<\/td><td class=\"column-3\">Credenciamento de farm\u00e1cias e\/ou drogarias para o fornecimento de medicamentos aos residentes no Munic\u00edpio de Dom Vi\u00e7oso cadastrados no Sistema \u00danico de Sa\u00fade \u2013 SUS que demonstrem a necessidade de uso do medicamento, atrav\u00e9s de receita m\u00e9dica.<\/td><td class=\"column-4\"><\/td><td class=\"column-5\">R$ 220.000,00<\/td><td class=\"column-6\"><a href=\"https:\/\/domvicoso.mg.gov.br\/v1\/wp-content\/uploads\/2024\/03\/6-Edital-PRONTO.pdf\" rel=\"noopener\" target=\"_blank\">Edital<\/a><br><br \/>\n<a href=\"https:\/\/domvicoso.mg.gov.br\/v1\/wp-content\/uploads\/2024\/04\/ATA-DE-CREDENCIAMENTO-1a-ATA.pdf\" rel=\"noopener\" target=\"_blank\">Ata de Credenciamento - 1\u00aa Ata<\/a><br><br \/>\n<a href=\"https:\/\/domvicoso.mg.gov.br\/v1\/wp-content\/uploads\/2024\/04\/ATA-DE-CREDENCIAMENTO-2a-ATA.pdf\" rel=\"noopener\" target=\"_blank\">Ata de Credenciamento - 2\u00aa Ata<\/a><br \/>\n<br><a href=\"https:\/\/domvicoso.mg.gov.br\/v1\/wp-content\/uploads\/2024\/06\/3a-Ata-de-habilitacao-17-06-2024.pdf\" rel=\"noopener\" target=\"_blank\">Ata de Credenciamento - 3\u00aa Ata <\/a> <br><br \/>\n<a href=\"https:\/\/domvicoso.mg.gov.br\/v1\/wp-content\/uploads\/2024\/04\/11-Termo-de-Ratificacao-1.pdf\">Termo de Adjudica\u00e7\u00e3o e Homologa\u00e7\u00e3o<\/a><\/td>\n<\/tr>\n<tr class=\"row-32 even\">\n\t<td class=\"column-1\">013<\/td><td class=\"column-2\">Preg\u00e3o Eletr\u00f4nico 003<\/td><td class=\"column-3\">Aquisi\u00e7\u00e3o de ve\u00edculo, autom\u00f3vel novo, zero quil\u00f4metro, passageiro 05 (cinco) lugares, Hatch, Ano\/Modelo: 2024\/2024, para transporte escolar, conforme Primeiro Termo Aditivo do Conv\u00eanio de Sa\u00edda n\u00ba 1261000619\/2022\/SEE \u2013 Programa de Fortalecimento das Escolas Municipais.<\/td><td class=\"column-4\">03\/04\/2023 , \u00e1s 10:00 horas<\/td><td class=\"column-5\">R$ 80.970,00<\/td><td class=\"column-6\"><a href=\"https:\/\/domvicoso.mg.gov.br\/v1\/wp-content\/uploads\/2024\/03\/6-EDITAL-1.pdf\" rel=\"noopener\" target=\"_blank\">Edital<\/a><br \/>\n<br> <a href=\"https:\/\/domvicoso.mg.gov.br\/v1\/wp-content\/uploads\/2024\/04\/10-Adjudicacao-e-Homolagacao-1.pdf\" rel=\"noopener\" target=\"_blank\">Termo de Adjudica\u00e7\u00e3o e Homologa\u00e7\u00e3o<\/a><br><br \/>\n <a href=\"https:\/\/domvicoso.mg.gov.br\/v1\/wp-content\/uploads\/2024\/04\/CONTRATO-022-2024-1.pdf\" rel=\"noopener\" target=\"_blank\">Contrato 022 - Ideal Com\u00e9rcio de Ve\u00edculos e Pe\u00e7as Ltda<\/a><\/td>\n<\/tr>\n<tr class=\"row-33 odd\">\n\t<td class=\"column-1\">012<\/td><td class=\"column-2\">Inexigibilidade 002<\/td><td class=\"column-3\">Contrata\u00e7\u00e3o da empresa Swingado Produ\u00e7\u00f5es Art\u00edsticas Ltda., para presta\u00e7\u00e3o de servi\u00e7os art\u00edsticos, na realiza\u00e7\u00e3o de um Show com a BANDA SWINGADO, no S\u00e1bado de Aleluia de 2024, na Pra\u00e7a da Matriz, em Dom Vi\u00e7oso.<br \/>\n<br \/>\n<\/td><td class=\"column-4\">--------<\/td><td class=\"column-5\">R$ 25.000,00<\/td><td class=\"column-6\"><a href=\"https:\/\/domvicoso.mg.gov.br\/v1\/wp-content\/uploads\/2024\/03\/11-Termo-de-Ratificacao.pdf\" rel=\"noopener\" target=\"_blank\">Termo de Ratifica\u00e7\u00e3o<\/a><br><br \/>\n<a href=\"https:\/\/domvicoso.mg.gov.br\/v1\/wp-content\/uploads\/2024\/03\/11-CONTRATO-018-2024-B.-Swingado.pdf\" rel=\"noopener\" target=\"_blank\">Contrato - 018 - Swingado Produ\u00e7\u00f5es Art\u00edsticas Ltda<\/a><\/td>\n<\/tr>\n<tr class=\"row-34 even\">\n\t<td class=\"column-1\">011<\/td><td class=\"column-2\">Concorr\u00eancia Eletr\u00f4nica 001<\/td><td class=\"column-3\">Contrata\u00e7\u00e3o de empresa para as obras de constru\u00e7\u00e3o de um galp\u00e3o \u00e0 margem da Rodovia LMG 883 (Dom Vi\u00e7oso \u2013 Carmo de Minas), altura do Bairro Vi\u00e7oso Velho, com recursos do Contrato de Repasse 1076.511-15\/910662\/2021\/MAPA\/CAIXA \u2013 junto ao Minist\u00e9rio da Agricultura, Pecu\u00e1ria e Abastecimento \u2013 MAPA<\/td><td class=\"column-4\">27\/03\/2024, \u00e0s 10:00 horas<\/td><td class=\"column-5\">R$ 487.729,76<\/td><td class=\"column-6\"><a href=\"https:\/\/domvicoso.mg.gov.br\/v1\/wp-content\/uploads\/2024\/03\/24179_af07ceae-0efb-41c0-ba7d-ee3cb028ec20.pdf\" rel=\"noopener\" target=\"_blank\">Edital<\/a><br><br \/>\n<a href=\"https:\/\/domvicoso.mg.gov.br\/v1\/wp-content\/uploads\/2024\/03\/ARQUITETONICO_-_GALPAO_DE_CAFE_DOM_VICOSO-Model_assinado.pdf\" rel=\"noopener\" target=\"_blank\">Projeto Arquitet\u00f4nico<\/a><br><br \/>\n<a href=\"https:\/\/domvicoso.mg.gov.br\/v1\/wp-content\/uploads\/2024\/03\/ESTRUTURAL-MECANICO-GALPAO-300m\u00b2-REVISAO-2-ESTRUTURAL.pdf\" rel=\"noopener\" target=\"_blank\">Projeto Estrutural Mec\u00e2nico<\/a><br><br \/>\n<a href=\"https:\/\/domvicoso.mg.gov.br\/v1\/wp-content\/uploads\/2024\/03\/PROJ.-DRENAGEM-assinado.pdf\" rel=\"noopener\" target=\"_blank\">Projeto Drenagem<\/a><br><br \/>\n<a href=\"https:\/\/domvicoso.mg.gov.br\/v1\/wp-content\/uploads\/2024\/03\/Projeto-Eletrico.pdf\" rel=\"noopener\" target=\"_blank\">Projeto El\u00e9trico<\/a><br \/>\n<br> <a href=\"https:\/\/domvicoso.mg.gov.br\/v1\/wp-content\/uploads\/2024\/03\/Detalhamento-das-descidas_Proj-eletrico.pdf\" rel=\"noopener\" target=\"_blank\">Detalhamento das descidas - Projeto El\u00e9trico<\/a><br><br \/>\n<a href=\"https:\/\/domvicoso.mg.gov.br\/v1\/wp-content\/uploads\/2024\/03\/PROJ.-SPDA-01.pdf\" rel=\"noopener\" target=\"_blank\">Projeto SPDA 01<\/a><br><br \/>\n<a href=\"https:\/\/domvicoso.mg.gov.br\/v1\/wp-content\/uploads\/2024\/03\/PROJ.-SPDA-02.pdf\" rel=\"noopener\" target=\"_blank\">Projeto SPDA 02<\/a><br><br \/>\n<a href=\"https:\/\/domvicoso.mg.gov.br\/v1\/wp-content\/uploads\/2024\/03\/Projeto-Drenagem-Pluvial_01_01_A1.pdf\" rel=\"noopener\" target=\"_blank\">Projeto Drenagem Pluvial<\/a><br><br \/>\n<a href=\"https:\/\/domvicoso.mg.gov.br\/v1\/wp-content\/uploads\/2024\/03\/Projeto-Estrutural-E01_REV01.pdf\" rel=\"noopener\" target=\"_blank\">Projeto Estrutural 01<\/a><br><br \/>\n<a href=\"https:\/\/domvicoso.mg.gov.br\/v1\/wp-content\/uploads\/2024\/03\/Projeto-Estrutural-E02_REV01.pdf\" rel=\"noopener\" target=\"_blank\">Projeto Estrutural 02<\/a><br><br \/>\n<a href=\"https:\/\/domvicoso.mg.gov.br\/v1\/wp-content\/uploads\/2024\/03\/Projeto_Incendio_-_folha_1_de_2_assinado.pdf\" rel=\"noopener\" target=\"_blank\">Projeto Inc\u00eandio 01<\/a><br><br \/>\n<a href=\"https:\/\/domvicoso.mg.gov.br\/v1\/wp-content\/uploads\/2024\/03\/Projeto_Incendio_-_folha_2_de_2_assinado.pdf\" rel=\"noopener\" target=\"_blank\">Projeto Inc\u00eandio 02<\/a><br><br \/>\n<a href=\"https:\/\/domvicoso.mg.gov.br\/v1\/wp-content\/uploads\/2024\/03\/CROQUI_PROJETO_ACESSIBILIDADE_-_ACESSOS_EXTERNOS_assinado.pdf\" rel=\"noopener\" target=\"_blank\">Projeto Acessibilidade<\/a><br><br \/>\n<a href=\"https:\/\/domvicoso.mg.gov.br\/v1\/wp-content\/uploads\/2024\/03\/Planta_Croqui_da_area_de_Intervencao_assinado.pdf\" rel=\"noopener\" target=\"_blank\">Croqui - \u00c1rea da Interven\u00e7\u00e3o<\/a><br><br \/>\n<a href=\"https:\/\/domvicoso.mg.gov.br\/v1\/wp-content\/uploads\/2024\/03\/QM1_24112023.pdf\" rel=\"noopener\" target=\"_blank\">QMI<\/a><br><br \/>\n<a href=\"https:\/\/domvicoso.mg.gov.br\/v1\/wp-content\/uploads\/2024\/03\/PO.pdf\" rel=\"noopener\" target=\"_blank\">Planilha Or\u00e7ament\u00e1ria<\/a><br><br \/>\n<a href=\"https:\/\/domvicoso.mg.gov.br\/v1\/wp-content\/uploads\/2024\/03\/PLQ_1_assinado.pdf\" rel=\"noopener\" target=\"_blank\">PLQ<\/a><br><br \/>\n<a href=\"https:\/\/domvicoso.mg.gov.br\/v1\/wp-content\/uploads\/2024\/03\/BDI_1_assinado.pdf\" rel=\"noopener\" target=\"_blank\">BDI<\/a><br><br \/>\n<a href=\"https:\/\/domvicoso.mg.gov.br\/v1\/wp-content\/uploads\/2024\/03\/ATUAL_Memorial_Descritivo_GALPAO_DE_CAFE_assinado-3.pdf\" rel=\"noopener\" target=\"_blank\">Memorial Descritivo<\/a><br \/>\n<br> <br \/>\n<a href=\"https:\/\/domvicoso.mg.gov.br\/v1\/wp-content\/uploads\/2024\/04\/19.1-Extrato-do-Termo-de-Adjudicacao-e-Homologacao.pdf\" rel=\"noopener\" target=\"_blank\">Termo de Adjudica\u00e7\u00e3o e Homologa\u00e7\u00e3o<\/a><br \/>\n<br><a href=\"https:\/\/domvicoso.mg.gov.br\/v1\/wp-content\/uploads\/2024\/04\/Contrato-FRS-Engenharia-e-Arquitetura-Ltda.pdf\">Contrato - 020 - FRS ENGENHARIA E ARQUITETURA LTDA<\/a><\/td>\n<\/tr>\n<tr class=\"row-35 odd\">\n\t<td class=\"column-1\">010<\/td><td class=\"column-2\">Preg\u00e3o Presencial 001<\/td><td class=\"column-3\">Registro de Pre\u00e7os para futura e eventual aquisi\u00e7\u00e3o de materiais de constru\u00e7\u00e3o para obras em geral para atender as necessidades da Administra\u00e7\u00e3o Municipal.<br \/>\n<br \/>\n<br \/>\n<\/td><td class=\"column-4\">20\/03\/2024, \u00e0s 09:00 horas<\/td><td class=\"column-5\">R$ 4.671.396,27<\/td><td class=\"column-6\"><a href=\"https:\/\/domvicoso.mg.gov.br\/v1\/wp-content\/uploads\/2024\/03\/7-Edital.pdf\" rel=\"noopener\" target=\"_blank\">Edital<\/a><br><br \/>\n<a href=\"https:\/\/domvicoso.mg.gov.br\/v1\/wp-content\/uploads\/2024\/03\/10-Termo-de-Adjudicacao-e-Homologacao.pdf\" rel=\"noopener\" target=\"_blank\">Termo de Adjudica\u00e7\u00e3o e Homologa\u00e7\u00e3o<\/a><br><br \/>\n<a href=\"https:\/\/domvicoso.mg.gov.br\/v1\/wp-content\/uploads\/2024\/04\/Ata-de-Registro-de-Precos-003-Alpha.pdf\" rel=\"noopener\" target=\"_blank\">ARP 003 - Alpha Artefatos de Cimento Ltda<\/a><br><br \/>\n<a href=\"https:\/\/domvicoso.mg.gov.br\/v1\/wp-content\/uploads\/2024\/04\/Ata-de-Registro-de-Precos-003-Daniele-Abanca.pdf\" rel=\"noopener\" target=\"_blank\">ARP 003 - Daniele Abanca<\/a><br \/>\n<br><br \/>\n<a href=\"https:\/\/domvicoso.mg.gov.br\/v1\/wp-content\/uploads\/2024\/04\/Ata-de-Registro-de-Precos-003-L.F.Maciel-Construcoes.pdf\" rel=\"noopener\" target=\"_blank\">ARP 003 - L.F.Maciel Constru\u00e7\u00f5es<\/a><br><br \/>\n<a href=\"https:\/\/domvicoso.mg.gov.br\/v1\/wp-content\/uploads\/2024\/04\/Ata-de-Registro-de-Precos-003-Sao-Lucas.pdf\" rel=\"noopener\" target=\"_blank\">ARP 003 - S\u00e3o Lucas Agropecu\u00e1ria Ltda<\/a><\/td>\n<\/tr>\n<tr class=\"row-36 even\">\n\t<td class=\"column-1\">009<\/td><td class=\"column-2\">Preg\u00e3o Eletr\u00f4nico 002<\/td><td class=\"column-3\">Contrata\u00e7\u00e3o de empresa especializada para presta\u00e7\u00e3o de servi\u00e7os de fornecimento e gerenciamento de vale alimenta\u00e7\u00e3o, por meio de cart\u00e3o eletr\u00f4nico\/magn\u00e9tico com chip de seguran\u00e7a e senha individual, destinado \u00e0 aquisi\u00e7\u00e3o de g\u00eaneros aliment\u00edcios aos servidores p\u00fablicos municipais.<\/td><td class=\"column-4\">29\/02\/2024, \u00e0s 10:00 horas<\/td><td class=\"column-5\">R$ 260.400,00<\/td><td class=\"column-6\"><a href=\"https:\/\/domvicoso.mg.gov.br\/v1\/wp-content\/uploads\/2024\/02\/7-EDITAL.pdf\" rel=\"noopener\" target=\"_blank\">Edital<\/a><br><br \/>\n<a href=\"https:\/\/domvicoso.mg.gov.br\/v1\/wp-content\/uploads\/2024\/02\/Impugnacao-compactado.pdf\" rel=\"noopener\" target=\"_blank\">Impugna\u00e7\u00e3o ao edital<\/a><br><br \/>\n<a href=\"https:\/\/domvicoso.mg.gov.br\/v1\/wp-content\/uploads\/2024\/02\/Julgamento-de-impugnacao.pdf\" rel=\"noopener\" target=\"_blank\">Resposta a impugna\u00e7\u00e3o ao edital<\/a><br><br \/>\n<a href=\"https:\/\/domvicoso.mg.gov.br\/v1\/wp-content\/uploads\/2024\/02\/10-Extrato-do-Termo-de-Adjudicacao-e-Homolagacao.pdf\" rel=\"noopener\" target=\"_blank\">Termo de Adjudica\u00e7\u00e3o e Homologa\u00e7\u00e3o<\/a><br><br \/>\n<a href=\"https:\/\/domvicoso.mg.gov.br\/v1\/wp-content\/uploads\/2024\/03\/Contrato-017-2024-2-pdf-D4Sign-1.pdf\" rel=\"noopener\" target=\"_blank\">Contrato - 017 - Face Card Administradora de Cart\u00f5es Ltda<\/a><\/td>\n<\/tr>\n<tr class=\"row-37 odd\">\n\t<td class=\"column-1\">008<\/td><td class=\"column-2\">Preg\u00e3o Eletr\u00f4nico 001<\/td><td class=\"column-3\">Registro de Pre\u00e7os para Aquisi\u00e7\u00e3o de combust\u00edveis (Diesel S-10, Diesel S-500, Etanol e Gasolina) para abastecimento dos ve\u00edculos da Frota Municipal e Conveniados.<\/td><td class=\"column-4\">28\/02\/2024, \u00e0s 10:00 horas<\/td><td class=\"column-5\">R$ 1.186.500,00<\/td><td class=\"column-6\"><a href=\"https:\/\/domvicoso.mg.gov.br\/v1\/wp-content\/uploads\/2024\/02\/6-EDITAL-CORRETO-1.pdf\" rel=\"noopener\" target=\"_blank\">Edital<\/a><br><br \/>\n<a href=\"https:\/\/domvicoso.mg.gov.br\/v1\/wp-content\/uploads\/2024\/02\/12.1-Extratos-para-publicar-do-Termo-de-Adjudicacao-e-Homologacao.pdf\" rel=\"noopener\" target=\"_blank\">Termo de Adjudica\u00e7\u00e3o e Homologa\u00e7\u00e3o<\/a><br><br \/>\n<a href=\"https:\/\/domvicoso.mg.gov.br\/v1\/wp-content\/uploads\/2024\/03\/ATA-002-2024-ASSINADA.pdf\" rel=\"noopener\" target=\"_blank\">ARP 002 - Auto Posto Dom Vi\u00e7oso Ltda<\/a><\/td>\n<\/tr>\n<tr class=\"row-38 even\">\n\t<td class=\"column-1\">007<\/td><td class=\"column-2\">Dispensa 006<\/td><td class=\"column-3\">Contrata\u00e7\u00e3o de empresa especializada para presta\u00e7\u00e3o de servi\u00e7os de consultoria e assessoria no acompanhamento da apura\u00e7\u00e3o do VAF - Valor Adicionado Fiscal, com disponibiliza\u00e7\u00e3o de software, 100% (cem por cento) acess\u00edvel via WEB, que possibilite o gerenciamento eletr\u00f4nico da declara\u00e7\u00e3o de movimenta\u00e7\u00e3o econ\u00f4mica e fiscal \u2013 DAMEF e tamb\u00e9m da escritura\u00e7\u00e3o fiscal digital - EFD, bem como para monitoramento dos \u00edndices da Lei n\u00b0 18.030\/2009.<\/td><td class=\"column-4\">IN\u00cdCIO:<br \/>\n01\/02\/2024<br \/>\nFIM:<br \/>\n05\/02\/2024,<br \/>\nAT\u00c9 \u00c0S 16:00 HORAS<\/td><td class=\"column-5\">R$ 2.700,00<\/td><td class=\"column-6\"><a href=\"https:\/\/domvicoso.mg.gov.br\/v1\/wp-content\/uploads\/2024\/02\/2-Aviso-005-Gestao-e-Apuracao-do-VAF.pdf\" rel=\"noopener\" target=\"_blank\">Aviso<\/a><br><br \/>\n<a href=\"https:\/\/domvicoso.mg.gov.br\/v1\/wp-content\/uploads\/2024\/02\/6-Termo-de-Ratificacao.pdf\" rel=\"noopener\" target=\"_blank\">Termo de Ratifica\u00e7\u00e3o<\/a><br><br \/>\n<a href=\"https:\/\/domvicoso.mg.gov.br\/v1\/wp-content\/uploads\/2024\/02\/8-Contrato-014-2024.pdf\" rel=\"noopener\" target=\"_blank\">Contrato - 014 - R.D.Assessoria Fiscal Ltda<\/a><\/td>\n<\/tr>\n<tr class=\"row-39 odd\">\n\t<td class=\"column-1\">006<\/td><td class=\"column-2\">Dispensa 005<\/td><td class=\"column-3\">Contrata\u00e7\u00e3o de empresa para presta\u00e7\u00e3o de servi\u00e7os de assessoria e consultoria t\u00e9cnica em turismo para atendimento ao Setor de Turismo do Munic\u00edpio de Dom Vi\u00e7oso.<br \/>\n<br \/>\n<\/td><td class=\"column-4\">22\/01\/2024<br \/>\nFIM:<br \/>\n24\/01\/2024,<br \/>\nAT\u00c9 \u00c0S 16:00 HORAS<\/td><td class=\"column-5\">R$ 2.888,00<\/td><td class=\"column-6\"><a href=\"https:\/\/domvicoso.mg.gov.br\/v1\/wp-content\/uploads\/2024\/01\/2-Aviso-004-Assessoria-em-Turismo.pdf\" rel=\"noopener\" target=\"_blank\">Aviso<\/a><br><br \/>\n<a href=\"https:\/\/domvicoso.mg.gov.br\/v1\/wp-content\/uploads\/2024\/01\/6-Termo-de-Ratificacao-3.pdf\" rel=\"noopener\" target=\"_blank\">Termo de Ratifica\u00e7\u00e3o<\/a><br><br \/>\n<a href=\"https:\/\/domvicoso.mg.gov.br\/v1\/wp-content\/uploads\/2024\/02\/8-Contrato-013-2024.pdf\" rel=\"noopener\" target=\"_blank\">Contrato - 013 - Degislaine da Silva Souza<\/a><\/td>\n<\/tr>\n<tr class=\"row-40 even\">\n\t<td class=\"column-1\">005<\/td><td class=\"column-2\">Dispensa 004<\/td><td class=\"column-3\">Chamada P\u00fablica, que tem por finalidade a Aquisi\u00e7\u00e3o de G\u00eaneros Aliment\u00edcios da Agricultura Familiar e do Empreendedor Familiar Rural, para o atendimento ao Programa Nacional de Alimenta\u00e7\u00e3o Escolar - PNAE.<br \/>\n<br \/>\n<\/td><td class=\"column-4\">Per\u00edodo:<br \/>\nDE 16\/01\/2024 \u00c1 05\/02\/2024<\/td><td class=\"column-5\">R$ 56.738,60<\/td><td class=\"column-6\"><a href=\"https:\/\/domvicoso.mg.gov.br\/v1\/wp-content\/uploads\/2024\/01\/6-Edital-CORRETO.pdf\" rel=\"noopener\" target=\"_blank\">Edital<\/a><br><br \/>\n<a href=\"https:\/\/domvicoso.mg.gov.br\/v1\/wp-content\/uploads\/2024\/02\/13-Termo-de-Ratificacao.pdf\" rel=\"noopener\" target=\"_blank\">Termo de Ratifica\u00e7\u00e3o<\/a><br \/>\n<br><br \/>\n<a href=\"https:\/\/domvicoso.mg.gov.br\/v1\/wp-content\/uploads\/2024\/02\/1-Contrato-015-2024-Carlinho.pdf\" rel=\"noopener\" target=\"_blank\">Contrato - 015 - Carlos Jos\u00e9 da Silva<\/a><br><br \/>\n<a href=\"https:\/\/domvicoso.mg.gov.br\/v1\/wp-content\/uploads\/2024\/02\/2-Contrato-016-2024-Neuza.pdf\" rel=\"noopener\" target=\"_blank\">Contrato - 016 - Neuza Maria de Melo<\/a><\/td>\n<\/tr>\n<tr class=\"row-41 odd\">\n\t<td class=\"column-1\">004<\/td><td class=\"column-2\">Dispensa 003<\/td><td class=\"column-3\">Contrata\u00e7\u00e3o de empresa para Loca\u00e7\u00e3o de software com Suporte e Manuten\u00e7\u00e3o do Sistema de Gest\u00e3o Comercial para o DMAE-DV, compreendendo os M\u00f3dulos: Contas e Consumo; Requerimento; Atendimento ao P\u00fablico; Controle de ETA; 01 Licen\u00e7a de utiliza\u00e7\u00e3o do Reader; 01 Smartphone para campo e 01 Impressora Termina RW 420, em atendimento ao Setor de Tributos.<br \/>\n<br \/>\n<\/td><td class=\"column-4\">10\/01\/2024<br \/>\nFIM:<br \/>\n12\/01\/2024,<br \/>\nAT\u00c9 \u00c0S 16:00 HORAS<\/td><td class=\"column-5\">R$ 1.618,00<\/td><td class=\"column-6\"><a href=\"https:\/\/domvicoso.mg.gov.br\/v1\/wp-content\/uploads\/2024\/01\/2-Aviso-003-Software-DMAE.pdf\" rel=\"noopener\" target=\"_blank\">AVISO<\/a><br><br \/>\n<a href=\"https:\/\/domvicoso.mg.gov.br\/v1\/wp-content\/uploads\/2024\/01\/6-Termo-de-Ratificacao-1.pdf\" rel=\"noopener\" target=\"_blank\">Termo de Ratifica\u00e7\u00e3o<\/a><br><br \/>\n<a href=\"https:\/\/domvicoso.mg.gov.br\/v1\/wp-content\/uploads\/2024\/01\/8-Contrato-011-2024.pdf\" rel=\"noopener\" target=\"_blank\">Contrato - 011 - Gestcom Inform\u00e1tica<\/a><\/td>\n<\/tr>\n<tr class=\"row-42 even\">\n\t<td class=\"column-1\">003<\/td><td class=\"column-2\">Inexigibilidade 001<\/td><td class=\"column-3\">Contrata\u00e7\u00e3o de servi\u00e7os t\u00e9cnicos especializados de assessoria e consultoria jur\u00eddico administrativa na \u00e1rea do direito p\u00fablico e gest\u00e3o e administra\u00e7\u00e3o p\u00fablica para o departamento de licita\u00e7\u00f5es do munic\u00edpio de Dom Vi\u00e7oso-MG.<br \/>\n<br \/>\n<\/td><td class=\"column-4\">--------<\/td><td class=\"column-5\">R$ 52.800,00<\/td><td class=\"column-6\"><a href=\"https:\/\/domvicoso.mg.gov.br\/v1\/wp-content\/uploads\/2024\/01\/11-Termo-de-Ratificacao.pdf\" rel=\"noopener\" target=\"_blank\">Termo de Ratifica\u00e7\u00e3o<\/a><br><br \/>\n<a href=\"https:\/\/domvicoso.mg.gov.br\/v1\/wp-content\/uploads\/2024\/01\/CONTRATO-010-2024-Dr.-Adriano.pdf\" rel=\"noopener\" target=\"_blank\">Contrato - 010 - Adriano Jos\u00e9 Senador<\/a><\/td>\n<\/tr>\n<tr class=\"row-43 odd\">\n\t<td class=\"column-1\">002<\/td><td class=\"column-2\">Dispensa 002<\/td><td class=\"column-3\">Contrata\u00e7\u00e3o de empresa para presta\u00e7\u00e3o de servi\u00e7os de consultoria e assessoria t\u00e9cnica na \u00e1rea de seguran\u00e7a do trabalho para atendimento ao Munic\u00edpio de Dom Vi\u00e7oso quanto a legisla\u00e7\u00e3o trabalhista. <\/td><td class=\"column-4\">05\/01\/2024<br \/>\nFIM:<br \/>\n10\/01\/2024,<br \/>\nAT\u00c9 \u00c0S 16:00 HORAS<\/td><td class=\"column-5\">R$ 4.200,00<\/td><td class=\"column-6\"><a href=\"https:\/\/domvicoso.mg.gov.br\/v1\/wp-content\/uploads\/2024\/01\/2-Aviso-002-Seguranca-do-Trabalho.pdf\" rel=\"noopener\" target=\"_blank\">AVISO<\/a><br><br \/>\n<a href=\"https:\/\/domvicoso.mg.gov.br\/v1\/wp-content\/uploads\/2024\/01\/6-Termo-de-Ratificacao-2.pdf\" rel=\"noopener\" target=\"_blank\">Termo de Ratifica\u00e7\u00e3o<\/a><br><br \/>\n<a href=\"https:\/\/domvicoso.mg.gov.br\/v1\/wp-content\/uploads\/2024\/01\/8-Contrato-012-2024.pdf\" rel=\"noopener\" target=\"_blank\">Contrato - 012 - M\u00e9rito Consultoria<\/a><\/td>\n<\/tr>\n<tr class=\"row-44 even\">\n\t<td class=\"column-1\">001<\/td><td class=\"column-2\">Dispensa 001<\/td><td class=\"column-3\">Contrata\u00e7\u00e3o de empresa para presta\u00e7\u00e3o de servi\u00e7os na implanta\u00e7\u00e3o e manuten\u00e7\u00e3o do Di\u00e1rio Oficial eletr\u00f4nico e manuten\u00e7\u00e3o do site oficial do Munic\u00edpio de Dom Vi\u00e7oso com CMS (Content Management System - Sistema de Gerenciamento de Conte\u00fado) capaz de gerenciar documentos, p\u00e1ginas e usu\u00e1rios, em atendimento aos Departamentos que necessitam efetuarem as publica\u00e7\u00f5es pertinentes.<\/td><td class=\"column-4\">05\/01\/2024<br \/>\nFIM:<br \/>\n10\/01\/2024,<br \/>\nAT\u00c9 \u00c0S 15:00 HORAS<\/td><td class=\"column-5\">R$ 803,33<\/td><td class=\"column-6\"><a href=\"https:\/\/domvicoso.mg.gov.br\/v1\/wp-content\/uploads\/2024\/01\/2-Aviso-001-Manutencao-das-impressoras.pdf\" rel=\"noopener\" target=\"_blank\">AVISO<\/a><br><br \/>\n<a href=\"https:\/\/domvicoso.mg.gov.br\/v1\/wp-content\/uploads\/2024\/01\/6-Termo-de-Ratificacao.pdf\" rel=\"noopener\" target=\"_blank\">Termo de Ratifica\u00e7\u00e3o<\/a><br><br \/>\n<a href=\"https:\/\/domvicoso.mg.gov.br\/v1\/wp-content\/uploads\/2024\/01\/8-Contrato-009-2024.pdf\" rel=\"noopener\" target=\"_blank\">Contrato - 009 - Br Automa\u00e7\u00e3o <\/a><\/td>\n<\/tr>\n<tr class=\"row-45 odd\">\n\t<td class=\"column-1\"><\/td><td class=\"column-2\"><\/td><td class=\"column-3\"><\/td><td class=\"column-4\"><\/td><td class=\"column-5\"><\/td><td class=\"column-6\"><\/td>\n<\/tr>\n<tr class=\"row-46 even\">\n\t<td class=\"column-1\"><\/td><td class=\"column-2\"><\/td><td class=\"column-3\"><\/td><td class=\"column-4\"><\/td><td class=\"column-5\"><\/td><td class=\"column-6\"><\/td>\n<\/tr>\n<tr class=\"row-47 odd\">\n\t<td class=\"column-1\"><\/td><td class=\"column-2\"><\/td><td class=\"column-3\"><\/td><td class=\"column-4\"><\/td><td class=\"column-5\"><\/td><td class=\"column-6\"><\/td>\n<\/tr>\n<tr class=\"row-48 even\">\n\t<td class=\"column-1\"><\/td><td class=\"column-2\"><\/td><td class=\"column-3\"><\/td><td class=\"column-4\"><\/td><td class=\"column-5\"><\/td><td class=\"column-6\"><\/td>\n<\/tr>\n<tr class=\"row-49 odd\">\n\t<td class=\"column-1\"><\/td><td class=\"column-2\"><\/td><td class=\"column-3\"><\/td><td class=\"column-4\"><\/td><td class=\"column-5\"><\/td><td class=\"column-6\"><\/td>\n<\/tr>\n<tr class=\"row-50 even\">\n\t<td class=\"column-1\"><\/td><td class=\"column-2\"><\/td><td class=\"column-3\"><\/td><td class=\"column-4\"><\/td><td class=\"column-5\"><\/td><td class=\"column-6\"><\/td>\n<\/tr>\n<tr class=\"row-51 odd\">\n\t<td class=\"column-1\"><\/td><td class=\"column-2\"><\/td><td class=\"column-3\"><\/td><td class=\"column-4\"><\/td><td class=\"column-5\"><\/td><td class=\"column-6\"><\/td>\n<\/tr>\n<\/tbody>\n<\/table>\n<!-- #tablepress-18 from cache -->\n","protected":false},"excerpt":{"rendered":"","protected":false},"author":1,"featured_media":0,"parent":0,"menu_order":0,"comment_status":"closed","ping_status":"closed","template":"","meta":{"footnotes":""},"class_list":["post-6550","page","type-page","status-publish","hentry"],"_links":{"self":[{"href":"https:\/\/domvicoso.mg.gov.br\/v1\/wp-json\/wp\/v2\/pages\/6550","targetHints":{"allow":["GET"]}}],"collection":[{"href":"https:\/\/domvicoso.mg.gov.br\/v1\/wp-json\/wp\/v2\/pages"}],"about":[{"href":"https:\/\/domvicoso.mg.gov.br\/v1\/wp-json\/wp\/v2\/types\/page"}],"author":[{"embeddable":true,"href":"https:\/\/domvicoso.mg.gov.br\/v1\/wp-json\/wp\/v2\/users\/1"}],"replies":[{"embeddable":true,"href":"https:\/\/domvicoso.mg.gov.br\/v1\/wp-json\/wp\/v2\/comments?post=6550"}],"version-history":[{"count":1,"href":"https:\/\/domvicoso.mg.gov.br\/v1\/wp-json\/wp\/v2\/pages\/6550\/revisions"}],"predecessor-version":[{"id":6551,"href":"https:\/\/domvicoso.mg.gov.br\/v1\/wp-json\/wp\/v2\/pages\/6550\/revisions\/6551"}],"wp:attachment":[{"href":"https:\/\/domvicoso.mg.gov.br\/v1\/wp-json\/wp\/v2\/media?parent=6550"}],"curies":[{"name":"wp","href":"https:\/\/api.w.org\/{rel}","templated":true}]}}